{"id":9729,"date":"2025-09-13T15:06:32","date_gmt":"2025-09-13T14:06:32","guid":{"rendered":"https:\/\/verbumdei.org\/porto\/?page_id=9729"},"modified":"2025-11-14T00:44:38","modified_gmt":"2025-11-13T23:44:38","slug":"workshopdapalavra","status":"publish","type":"page","link":"https:\/\/verbumdei.org\/porto\/workshopdapalavra\/","title":{"rendered":"Workshop da Palavra"},"content":{"rendered":"\t\t<div data-elementor-type=\"wp-page\" data-elementor-id=\"9729\" class=\"elementor elementor-9729\">\n\t\t\t\t<div class=\"elementor-element elementor-element-525f6bb e-flex e-con-boxed e-con e-parent\" data-id=\"525f6bb\" data-element_type=\"container\" data-e-type=\"container\">\n\t\t\t\t\t<div class=\"e-con-inner\">\n\t\t<div class=\"elementor-element elementor-element-e629c39 e-con-full e-flex e-con e-child\" data-id=\"e629c39\" data-element_type=\"container\" data-e-type=\"container\">\n\t\t\t\t<div class=\"elementor-element elementor-element-8e60da6 elementor-widget elementor-widget-image\" data-id=\"8e60da6\" data-element_type=\"widget\" data-e-type=\"widget\" data-widget_type=\"image.default\">\n\t\t\t\t\t\t\t\t\t\t\t\t\t\t\t<img fetchpriority=\"high\" decoding=\"async\" width=\"1536\" height=\"1024\" src=\"https:\/\/verbumdei.org\/porto\/wp-content\/uploads\/2025\/09\/ChatGPT-Image-13_09_2025-21_45_39.jpg\" class=\"attachment-full size-full wp-image-9758\" alt=\"\" srcset=\"https:\/\/verbumdei.org\/porto\/wp-content\/uploads\/2025\/09\/ChatGPT-Image-13_09_2025-21_45_39.jpg 1536w, https:\/\/verbumdei.org\/porto\/wp-content\/uploads\/2025\/09\/ChatGPT-Image-13_09_2025-21_45_39-300x200.jpg 300w, https:\/\/verbumdei.org\/porto\/wp-content\/uploads\/2025\/09\/ChatGPT-Image-13_09_2025-21_45_39-1024x683.jpg 1024w, https:\/\/verbumdei.org\/porto\/wp-content\/uploads\/2025\/09\/ChatGPT-Image-13_09_2025-21_45_39-768x512.jpg 768w, https:\/\/verbumdei.org\/porto\/wp-content\/uploads\/2025\/09\/ChatGPT-Image-13_09_2025-21_45_39-600x400.jpg 600w, https:\/\/verbumdei.org\/porto\/wp-content\/uploads\/2025\/09\/ChatGPT-Image-13_09_2025-21_45_39-930x620.jpg 930w\" sizes=\"(max-width: 1536px) 100vw, 1536px\" \/>\t\t\t\t\t\t\t\t\t\t\t\t\t\t\t<\/div>\n\t\t\t\t<\/div>\n\t\t<div class=\"elementor-element elementor-element-d9e872d e-con-full e-flex e-con e-child\" data-id=\"d9e872d\" data-element_type=\"container\" data-e-type=\"container\">\n\t\t\t\t<div class=\"elementor-element elementor-element-6a80c8f elementor-widget elementor-widget-video\" data-id=\"6a80c8f\" data-element_type=\"widget\" data-e-type=\"widget\" data-settings=\"{&quot;video_type&quot;:&quot;hosted&quot;,&quot;controls&quot;:&quot;yes&quot;}\" data-widget_type=\"video.default\">\n\t\t\t\t\t\t\t<div class=\"e-hosted-video elementor-wrapper elementor-open-inline\">\n\t\t\t\t\t<video class=\"elementor-video\" src=\"https:\/\/verbumdei.org\/porto\/wp-content\/uploads\/2025\/11\/Escola_da_Palavra__Um_Plano_para_a_Fe.mp4\" controls=\"\" preload=\"metadata\" controlsList=\"nodownload\"><\/video>\n\t\t\t\t<\/div>\n\t\t\t\t\t\t<\/div>\n\t\t\t\t<\/div>\n\t\t\t\t\t<\/div>\n\t\t\t\t<\/div>\n\t\t<div class=\"elementor-element elementor-element-e903742 e-flex e-con-boxed e-con e-parent\" data-id=\"e903742\" data-element_type=\"container\" data-e-type=\"container\">\n\t\t\t\t\t<div class=\"e-con-inner\">\n\t\t\t\t<div class=\"elementor-element elementor-element-e0f63cc elementor-widget elementor-widget-text-editor\" data-id=\"e0f63cc\" data-element_type=\"widget\" data-e-type=\"widget\" data-widget_type=\"text-editor.default\">\n\t\t\t\t\t\t\t\t\t<p><span style=\"font-size: 14pt; color: #000000;\"><strong>A Escola da Palavra Verbum Dei: Um Encontro Transformador<\/strong><\/span><\/p><p><span style=\"color: #000000;\">A Escola da Palavra Verbum Dei (EP) \u00e9 um convite a aprofundar a tua rela\u00e7\u00e3o pessoal com Jesus Cristo atrav\u00e9s da Sua Palavra. Mais do que um estudo b\u00edblico, propomos um caminho pr\u00e1tico e vivencial que te permitir\u00e1 descobrir como a voz de Deus pode iluminar o teu dia a dia e transformar a tua vida. Queremos criar um ambiente onde cada pessoa possa aprender a orar, a escutar e a dialogar com Jesus, deixando que a Sua mensagem se torne o centro da sua exist\u00eancia.<\/span><\/p><p><span style=\"color: #000000;\"><strong><span style=\"font-size: 14pt;\">Como Funciona a Nossa Escola<\/span><\/strong><\/span><\/p><p><span style=\"color: #000000;\">As sess\u00f5es da Escola da Palavra s\u00e3o desenhadas como workshops ativos e pedag\u00f3gicos, onde o protagonismo \u00e9 dado \u00e0 pr\u00f3pria Palavra de Deus. Ir\u00e1s ser guiado(a) atrav\u00e9s de um dinamismo que te levar\u00e1 a preparar o cora\u00e7\u00e3o, a ouvir atentamente, a assimilar a mensagem, a viv\u00ea-la no teu quotidiano e a sentir o desejo de a anunciar. Cada encontro inclui momentos de ora\u00e7\u00e3o pessoal em sil\u00eancio com passagens b\u00edblicas, reflex\u00f5es que te ajudar\u00e3o a aplicar a Palavra \u00e0 tua realidade, e a partilha em pequenos grupos, enriquecendo a experi\u00eancia comunit\u00e1ria.<\/span><\/p><p><span style=\"font-size: 14pt; color: #000000;\"><strong>O que Podes Esperar<\/strong><\/span><\/p><p><span style=\"color: #000000;\">Ao participares na Escola da Palavra, vais experimentar a B\u00edblia n\u00e3o apenas como um livro antigo, mas como a presen\u00e7a viva de Jesus a falar-te hoje. Este percurso visa construir uma rela\u00e7\u00e3o de amizade profunda com Ele, encontrar cura para as tuas inquieta\u00e7\u00f5es, e testemunhar os frutos da ora\u00e7\u00e3o na tua vida. O objetivo \u00e9 que, pela tua pr\u00f3pria experi\u00eancia com a Palavra, te sintas chamado(a) a viver e a anunciar a Boa Nova, tornando-te um(a) verdadeiro(a) disc\u00edpulo(a) mission\u00e1rio(a) no teu ambiente.<\/span><\/p><p>Podes inscrever-te desde j\u00e1 para come\u00e7ar a receber mais informa\u00e7\u00f5es.<\/p><p><a title=\"Inscri\u00e7\u00e3o\" href=\"https:\/\/docs.google.com\/forms\/d\/e\/1FAIpQLScMG7YUtZbYADvUQGBFQN9AdHdb_hWD06tgykwfAdYKtw5jmg\/viewform?usp=dialog\">Inscri\u00e7\u00e3o para receber mais informa\u00e7\u00e3o<\/a><\/p>\t\t\t\t\t\t\t\t<\/div>\n\t\t\t\t\t<\/div>\n\t\t\t\t<\/div>\n\t\t\t\t<\/div>\n\t\t","protected":false},"excerpt":{"rendered":"<p>https:\/\/verbumdei.org\/porto\/wp-content\/uploads\/2025\/11\/Escola_da_Palavra__Um_Plano_para_a_Fe.mp4 A Escola da Palavra Verbum Dei: Um Encontro Transformador A Escola da Palavra Verbum Dei (EP) \u00e9 um convite a aprofundar a tua rela\u00e7\u00e3o pessoal com Jesus Cristo atrav\u00e9s<a href=\"https:\/\/verbumdei.org\/porto\/workshopdapalavra\/\" rel=\"bookmark\"><span class=\"screen-reader-text\">Workshop da Palavra<\/span><\/a><\/p>\n","protected":false},"author":8,"featured_media":0,"parent":0,"menu_order":0,"comment_status":"closed","ping_status":"closed","template":"page-templates\/template-pagebuilder-full-width.php","meta":{"rop_custom_images_group":[],"rop_custom_messages_group":[],"rop_publish_now":"initial","rop_publish_now_accounts":[],"rop_publish_now_history":[],"rop_publish_now_status":"pending","neve_meta_sidebar":"","neve_meta_container":"","neve_meta_enable_content_width":"off","neve_meta_content_width":100,"neve_meta_title_alignment":"","neve_meta_author_avatar":"","neve_post_elements_order":"","neve_meta_disable_header":"","neve_meta_disable_footer":"","neve_meta_disable_title":"","_themeisle_gutenberg_block_has_review":false,"footnotes":""},"class_list":["post-9729","page","type-page","status-publish","hentry"],"yoast_head":"<!-- This site is optimized with the Yoast SEO plugin v27.5 - https:\/\/yoast.com\/product\/yoast-seo-wordpress\/ -->\n<title>Workshop da Palavra - Verbum Dei Norte<\/title>\n<meta name=\"robots\" content=\"index, follow, max-snippet:-1, max-image-preview:large, max-video-preview:-1\" \/>\n<link rel=\"canonical\" href=\"https:\/\/verbumdei.org\/porto\/workshopdapalavra\/\" \/>\n<meta property=\"og:locale\" content=\"pt_PT\" \/>\n<meta property=\"og:type\" content=\"article\" \/>\n<meta property=\"og:title\" content=\"Workshop da Palavra - Verbum Dei Norte\" \/>\n<meta property=\"og:description\" content=\"https:\/\/verbumdei.org\/porto\/wp-content\/uploads\/2025\/11\/Escola_da_Palavra__Um_Plano_para_a_Fe.mp4 A Escola da Palavra Verbum Dei: Um Encontro Transformador A Escola da Palavra Verbum Dei (EP) \u00e9 um convite a aprofundar a tua rela\u00e7\u00e3o pessoal com Jesus Cristo atrav\u00e9sWorkshop da Palavra\" \/>\n<meta property=\"og:url\" content=\"https:\/\/verbumdei.org\/porto\/workshopdapalavra\/\" \/>\n<meta property=\"og:site_name\" content=\"Verbum Dei Norte\" \/>\n<meta property=\"article:publisher\" content=\"https:\/\/www.facebook.com\/vdportoaveiro\/\" \/>\n<meta property=\"article:modified_time\" content=\"2025-11-13T23:44:38+00:00\" \/>\n<meta property=\"og:image\" content=\"https:\/\/verbumdei.org\/porto\/wp-content\/uploads\/2025\/09\/ChatGPT-Image-13_09_2025-21_45_39.jpg\" \/>\n<meta name=\"twitter:card\" content=\"summary_large_image\" \/>\n<meta name=\"twitter:label1\" content=\"Tempo estimado de leitura\" \/>\n\t<meta name=\"twitter:data1\" content=\"2 minutos\" \/>\n<script type=\"application\/ld+json\" class=\"yoast-schema-graph\">{\"@context\":\"https:\\\/\\\/schema.org\",\"@graph\":[{\"@type\":\"WebPage\",\"@id\":\"https:\\\/\\\/verbumdei.org\\\/porto\\\/workshopdapalavra\\\/\",\"url\":\"https:\\\/\\\/verbumdei.org\\\/porto\\\/workshopdapalavra\\\/\",\"name\":\"Workshop da Palavra - Verbum Dei Norte\",\"isPartOf\":{\"@id\":\"https:\\\/\\\/verbumdei.org\\\/porto\\\/#website\"},\"primaryImageOfPage\":{\"@id\":\"https:\\\/\\\/verbumdei.org\\\/porto\\\/workshopdapalavra\\\/#primaryimage\"},\"image\":{\"@id\":\"https:\\\/\\\/verbumdei.org\\\/porto\\\/workshopdapalavra\\\/#primaryimage\"},\"thumbnailUrl\":\"https:\\\/\\\/verbumdei.org\\\/porto\\\/wp-content\\\/uploads\\\/2025\\\/09\\\/ChatGPT-Image-13_09_2025-21_45_39.jpg\",\"datePublished\":\"2025-09-13T14:06:32+00:00\",\"dateModified\":\"2025-11-13T23:44:38+00:00\",\"breadcrumb\":{\"@id\":\"https:\\\/\\\/verbumdei.org\\\/porto\\\/workshopdapalavra\\\/#breadcrumb\"},\"inLanguage\":\"pt-PT\",\"potentialAction\":[{\"@type\":\"ReadAction\",\"target\":[\"https:\\\/\\\/verbumdei.org\\\/porto\\\/workshopdapalavra\\\/\"]}]},{\"@type\":\"ImageObject\",\"inLanguage\":\"pt-PT\",\"@id\":\"https:\\\/\\\/verbumdei.org\\\/porto\\\/workshopdapalavra\\\/#primaryimage\",\"url\":\"https:\\\/\\\/verbumdei.org\\\/porto\\\/wp-content\\\/uploads\\\/2025\\\/09\\\/ChatGPT-Image-13_09_2025-21_45_39.jpg\",\"contentUrl\":\"https:\\\/\\\/verbumdei.org\\\/porto\\\/wp-content\\\/uploads\\\/2025\\\/09\\\/ChatGPT-Image-13_09_2025-21_45_39.jpg\",\"width\":1536,\"height\":1024},{\"@type\":\"BreadcrumbList\",\"@id\":\"https:\\\/\\\/verbumdei.org\\\/porto\\\/workshopdapalavra\\\/#breadcrumb\",\"itemListElement\":[{\"@type\":\"ListItem\",\"position\":1,\"name\":\"In\u00edcio\",\"item\":\"https:\\\/\\\/verbumdei.org\\\/porto\\\/\"},{\"@type\":\"ListItem\",\"position\":2,\"name\":\"Workshop da Palavra\"}]},{\"@type\":\"WebSite\",\"@id\":\"https:\\\/\\\/verbumdei.org\\\/porto\\\/#website\",\"url\":\"https:\\\/\\\/verbumdei.org\\\/porto\\\/\",\"name\":\"Verbum Dei Portugal Norte\",\"description\":\"Mission\u00e1rios Verbum Dei no Porto e Aveiro: ora\u00e7\u00e3o, retiro espiritual, forma\u00e7\u00e3o crist\u00e3 e evangeliza\u00e7\u00e3o\",\"publisher\":{\"@id\":\"https:\\\/\\\/verbumdei.org\\\/porto\\\/#organization\"},\"potentialAction\":[{\"@type\":\"SearchAction\",\"target\":{\"@type\":\"EntryPoint\",\"urlTemplate\":\"https:\\\/\\\/verbumdei.org\\\/porto\\\/?s={search_term_string}\"},\"query-input\":{\"@type\":\"PropertyValueSpecification\",\"valueRequired\":true,\"valueName\":\"search_term_string\"}}],\"inLanguage\":\"pt-PT\"},{\"@type\":\"Organization\",\"@id\":\"https:\\\/\\\/verbumdei.org\\\/porto\\\/#organization\",\"name\":\"Verbum Dei Portugal Norte\",\"url\":\"https:\\\/\\\/verbumdei.org\\\/porto\\\/\",\"logo\":{\"@type\":\"ImageObject\",\"inLanguage\":\"pt-PT\",\"@id\":\"https:\\\/\\\/verbumdei.org\\\/porto\\\/#\\\/schema\\\/logo\\\/image\\\/\",\"url\":\"https:\\\/\\\/verbumdei.org\\\/porto\\\/wp-content\\\/uploads\\\/2018\\\/07\\\/Logo2.jpg\",\"contentUrl\":\"https:\\\/\\\/verbumdei.org\\\/porto\\\/wp-content\\\/uploads\\\/2018\\\/07\\\/Logo2.jpg\",\"width\":123,\"height\":120,\"caption\":\"Verbum Dei Portugal Norte\"},\"image\":{\"@id\":\"https:\\\/\\\/verbumdei.org\\\/porto\\\/#\\\/schema\\\/logo\\\/image\\\/\"},\"sameAs\":[\"https:\\\/\\\/www.facebook.com\\\/vdportoaveiro\\\/\",\"https:\\\/\\\/instagram.com\\\/verbumdei.portugal.norte\\\/\"]}]}<\/script>\n<!-- \/ Yoast SEO plugin. -->","yoast_head_json":{"title":"Workshop da Palavra - Verbum Dei Norte","robots":{"index":"index","follow":"follow","max-snippet":"max-snippet:-1","max-image-preview":"max-image-preview:large","max-video-preview":"max-video-preview:-1"},"canonical":"https:\/\/verbumdei.org\/porto\/workshopdapalavra\/","og_locale":"pt_PT","og_type":"article","og_title":"Workshop da Palavra - Verbum Dei Norte","og_description":"https:\/\/verbumdei.org\/porto\/wp-content\/uploads\/2025\/11\/Escola_da_Palavra__Um_Plano_para_a_Fe.mp4 A Escola da Palavra Verbum Dei: Um Encontro Transformador A Escola da Palavra Verbum Dei (EP) \u00e9 um convite a aprofundar a tua rela\u00e7\u00e3o pessoal com Jesus Cristo atrav\u00e9sWorkshop da Palavra","og_url":"https:\/\/verbumdei.org\/porto\/workshopdapalavra\/","og_site_name":"Verbum Dei Norte","article_publisher":"https:\/\/www.facebook.com\/vdportoaveiro\/","article_modified_time":"2025-11-13T23:44:38+00:00","og_image":[{"url":"https:\/\/verbumdei.org\/porto\/wp-content\/uploads\/2025\/09\/ChatGPT-Image-13_09_2025-21_45_39.jpg","type":"","width":"","height":""}],"twitter_card":"summary_large_image","twitter_misc":{"Tempo estimado de leitura":"2 minutos"},"schema":{"@context":"https:\/\/schema.org","@graph":[{"@type":"WebPage","@id":"https:\/\/verbumdei.org\/porto\/workshopdapalavra\/","url":"https:\/\/verbumdei.org\/porto\/workshopdapalavra\/","name":"Workshop da Palavra - Verbum Dei Norte","isPartOf":{"@id":"https:\/\/verbumdei.org\/porto\/#website"},"primaryImageOfPage":{"@id":"https:\/\/verbumdei.org\/porto\/workshopdapalavra\/#primaryimage"},"image":{"@id":"https:\/\/verbumdei.org\/porto\/workshopdapalavra\/#primaryimage"},"thumbnailUrl":"https:\/\/verbumdei.org\/porto\/wp-content\/uploads\/2025\/09\/ChatGPT-Image-13_09_2025-21_45_39.jpg","datePublished":"2025-09-13T14:06:32+00:00","dateModified":"2025-11-13T23:44:38+00:00","breadcrumb":{"@id":"https:\/\/verbumdei.org\/porto\/workshopdapalavra\/#breadcrumb"},"inLanguage":"pt-PT","potentialAction":[{"@type":"ReadAction","target":["https:\/\/verbumdei.org\/porto\/workshopdapalavra\/"]}]},{"@type":"ImageObject","inLanguage":"pt-PT","@id":"https:\/\/verbumdei.org\/porto\/workshopdapalavra\/#primaryimage","url":"https:\/\/verbumdei.org\/porto\/wp-content\/uploads\/2025\/09\/ChatGPT-Image-13_09_2025-21_45_39.jpg","contentUrl":"https:\/\/verbumdei.org\/porto\/wp-content\/uploads\/2025\/09\/ChatGPT-Image-13_09_2025-21_45_39.jpg","width":1536,"height":1024},{"@type":"BreadcrumbList","@id":"https:\/\/verbumdei.org\/porto\/workshopdapalavra\/#breadcrumb","itemListElement":[{"@type":"ListItem","position":1,"name":"In\u00edcio","item":"https:\/\/verbumdei.org\/porto\/"},{"@type":"ListItem","position":2,"name":"Workshop da Palavra"}]},{"@type":"WebSite","@id":"https:\/\/verbumdei.org\/porto\/#website","url":"https:\/\/verbumdei.org\/porto\/","name":"Verbum Dei Portugal Norte","description":"Mission\u00e1rios Verbum Dei no Porto e Aveiro: ora\u00e7\u00e3o, retiro espiritual, forma\u00e7\u00e3o crist\u00e3 e evangeliza\u00e7\u00e3o","publisher":{"@id":"https:\/\/verbumdei.org\/porto\/#organization"},"potentialAction":[{"@type":"SearchAction","target":{"@type":"EntryPoint","urlTemplate":"https:\/\/verbumdei.org\/porto\/?s={search_term_string}"},"query-input":{"@type":"PropertyValueSpecification","valueRequired":true,"valueName":"search_term_string"}}],"inLanguage":"pt-PT"},{"@type":"Organization","@id":"https:\/\/verbumdei.org\/porto\/#organization","name":"Verbum Dei Portugal Norte","url":"https:\/\/verbumdei.org\/porto\/","logo":{"@type":"ImageObject","inLanguage":"pt-PT","@id":"https:\/\/verbumdei.org\/porto\/#\/schema\/logo\/image\/","url":"https:\/\/verbumdei.org\/porto\/wp-content\/uploads\/2018\/07\/Logo2.jpg","contentUrl":"https:\/\/verbumdei.org\/porto\/wp-content\/uploads\/2018\/07\/Logo2.jpg","width":123,"height":120,"caption":"Verbum Dei Portugal Norte"},"image":{"@id":"https:\/\/verbumdei.org\/porto\/#\/schema\/logo\/image\/"},"sameAs":["https:\/\/www.facebook.com\/vdportoaveiro\/","https:\/\/instagram.com\/verbumdei.portugal.norte\/"]}]}},"jetpack_sharing_enabled":true,"_links":{"self":[{"href":"https:\/\/verbumdei.org\/porto\/wp-json\/wp\/v2\/pages\/9729","targetHints":{"allow":["GET"]}}],"collection":[{"href":"https:\/\/verbumdei.org\/porto\/wp-json\/wp\/v2\/pages"}],"about":[{"href":"https:\/\/verbumdei.org\/porto\/wp-json\/wp\/v2\/types\/page"}],"author":[{"embeddable":true,"href":"https:\/\/verbumdei.org\/porto\/wp-json\/wp\/v2\/users\/8"}],"replies":[{"embeddable":true,"href":"https:\/\/verbumdei.org\/porto\/wp-json\/wp\/v2\/comments?post=9729"}],"version-history":[{"count":5,"href":"https:\/\/verbumdei.org\/porto\/wp-json\/wp\/v2\/pages\/9729\/revisions"}],"predecessor-version":[{"id":10021,"href":"https:\/\/verbumdei.org\/porto\/wp-json\/wp\/v2\/pages\/9729\/revisions\/10021"}],"wp:attachment":[{"href":"https:\/\/verbumdei.org\/porto\/wp-json\/wp\/v2\/media?parent=9729"}],"curies":[{"name":"wp","href":"https:\/\/api.w.org\/{rel}","templated":true}]}}