{"id":412,"date":"2016-12-10T15:00:14","date_gmt":"2016-12-10T15:00:14","guid":{"rendered":"http:\/\/verbumdei.pt\/?page_id=412"},"modified":"2025-11-13T18:33:59","modified_gmt":"2025-11-13T17:33:59","slug":"espaco-ser","status":"publish","type":"page","link":"https:\/\/verbumdei.org\/porto\/grupos\/espaco-ser\/","title":{"rendered":"Capelania Lus\u00edada"},"content":{"rendered":"<h6 class=\"font_6\"><span style=\"font-family: 'comic sans ms', sans-serif; color: #d43c18;\">O que \u00e9 a \u201cCapelania Lus\u00edada\u201d?<\/span><\/h6>\n<p class=\"font_7\">\u00c9 um espa\u00e7o aberto a todo o tipo de pessoas pertencentes ao mundo acad\u00e9mico (alunos, funcion\u00e1rios e professores) e que tem por objectivo proporcionar actividades que levem a um crescimento humano e espiritual.<\/p>\n<p class=\"font_6\"><span style=\"font-family: 'comic sans ms', sans-serif; color: #d43c18;\">O Nosso Esp\u00edrito<\/span><\/p>\n<p class=\"font_7\">Pretendemos construir um ambiente fraterno, de amizade e amor onde possamos ser n\u00f3s pr\u00f3prios e onde as pessoas pertencentes ao mundo acad\u00e9mico se sintam em fam\u00edlia. Por isso, o Espa\u00e7o Ser tamb\u00e9m tem diferentes dimens\u00f5es ou perspectivas,de forma a oferecer um espa\u00e7o para diferentes tipos de pessoas, sensibilidades e inquieta\u00e7\u00f5es.<\/p>\n<p class=\"font_7\">S\u00e3o 3 as dimens\u00f5es fundamentais do\u00a0espa\u00e7o ser:<\/p>\n<h6 class=\"font_6\"><span style=\"font-family: 'comic sans ms', sans-serif; color: #d43c18;\">1)\u00a0Di\u00e1logo Cultura-Vida-F\u00e9<\/span><\/h6>\n<p class=\"font_7\">Neste \u00e2mbito oferecemos:<\/p>\n<p><span style=\"margin-left: 40px;\"><span class=\"Estilo1 font_7\">&#8211; Debates sobre temas da actualidade<\/span><br \/>\n<span style=\"margin-left: 40px;\"><span class=\"Estilo1 font_7\">&#8211; Tert\u00falias e f\u00f3runs<\/span><br \/>\n<span style=\"margin-left: 40px;\"><span class=\"Estilo1 font_7\">&#8211; Cinema-forum<\/span><br \/>\n<span style=\"margin-left: 40px;\"><span class=\"Estilo1 font_7\">&#8211; Conferencias<\/span><br \/>\n<span style=\"margin-left: 40px;\"><span class=\"Estilo1 font_7\">&#8211; Di\u00e1logos com professores<\/span><\/span><\/span><\/span><\/span><\/span><\/p>\n<h6 class=\"Estilo1 font_6\"><span style=\"font-family: 'comic sans ms', sans-serif; color: #d43c18;\">2) Dimens\u00e3o Humana e Solid\u00e1ria:<\/span><\/h6>\n<p class=\"Estilo1 font_7\">A n\u00edvel solid\u00e1rio proporcionamos:<\/p>\n<p><span style=\"margin-left: 40px;\"><span class=\"Estilo1 font_7\">&#8211; Voluntariado crian\u00e7as<\/span><br \/>\n<span style=\"margin-left: 40px;\"><span class=\"Estilo1 font_7\">&#8211; Voluntariado idosos<\/span><br \/>\n<span style=\"margin-left: 40px;\"><span class=\"Estilo1 font_7\">&#8211; Voluntariado em \u00c1frica<\/span><\/span><\/span><\/span><\/p>\n<p class=\"Estilo1 font_7\">A n\u00edvel humano oferecemos:<\/p>\n<p><span style=\"margin-left: 40px;\"><span class=\"Estilo1 font_7\">&#8211; Actividades desportivas<\/span><br \/>\n<span style=\"margin-left: 40px;\"><span class=\"Estilo1 font_7\">&#8211; Passeios<\/span><br \/>\n<span style=\"margin-left: 40px;\"><span class=\"Estilo1 font_7\">&#8211; Caminhadas<\/span><br \/>\n<span style=\"margin-left: 40px;\"><span class=\"Estilo1 font_7\">&#8211; Dias de Conv\u00edvio<\/span><br \/>\n<span style=\"margin-left: 40px;\"><span class=\"Estilo1 font_7\">&#8211; Pedi Paper<\/span><\/span><\/span><\/span><\/span><\/span><\/p>\n<h6 class=\"Estilo1 font_6\"><span style=\"font-family: 'comic sans ms', sans-serif; color: #d43c18;\">3) Dimens\u00e3o Espiritual e Interior:<\/span><\/h6>\n<p><span style=\"margin-left: 40px;\"><span class=\"Estilo1 font_7\">&#8211; Grupo de prepara\u00e7\u00e3o para o Crisma<\/span><br \/>\n<span style=\"margin-left: 40px;\"><span class=\"Estilo1 font_7\">&#8211; Peregrina\u00e7\u00f5es<\/span><br \/>\n<span style=\"margin-left: 40px;\"><span class=\"Estilo1 font_7\">&#8211; Encontros de jovens<\/span><br \/>\n<span style=\"margin-left: 40px;\"><span class=\"Estilo1 font_7\">&#8211; Ora\u00e7\u00e3o pela paz<\/span><\/span><\/span><\/span><\/span><\/p>\n","protected":false},"excerpt":{"rendered":"<p>O que \u00e9 a \u201cCapelania Lus\u00edada\u201d? \u00c9 um espa\u00e7o aberto a todo o tipo de pessoas pertencentes ao mundo acad\u00e9mico (alunos, funcion\u00e1rios e professores) e que tem por objectivo proporcionar<a href=\"https:\/\/verbumdei.org\/porto\/grupos\/espaco-ser\/\" rel=\"bookmark\"><span class=\"screen-reader-text\">Capelania Lus\u00edada<\/span><\/a><\/p>\n","protected":false},"author":7,"featured_media":0,"parent":268,"menu_order":0,"comment_status":"closed","ping_status":"closed","template":"","meta":{"rop_custom_images_group":[],"rop_custom_messages_group":[],"rop_publish_now":"initial","rop_publish_now_accounts":[],"rop_publish_now_history":[],"rop_publish_now_status":"pending","neve_meta_sidebar":"","neve_meta_container":"","neve_meta_enable_content_width":"off","neve_meta_content_width":100,"neve_meta_title_alignment":"","neve_meta_author_avatar":"","neve_post_elements_order":"","neve_meta_disable_header":"","neve_meta_disable_footer":"","neve_meta_disable_title":"","_themeisle_gutenberg_block_has_review":false,"footnotes":""},"class_list":["post-412","page","type-page","status-publish","hentry"],"yoast_head":"<!-- This site is optimized with the Yoast SEO plugin v27.5 - https:\/\/yoast.com\/product\/yoast-seo-wordpress\/ -->\n<title>Capelania Lus\u00edada - Verbum Dei Norte<\/title>\n<meta name=\"robots\" content=\"index, follow, max-snippet:-1, max-image-preview:large, max-video-preview:-1\" \/>\n<link rel=\"canonical\" href=\"https:\/\/verbumdei.org\/porto\/grupos\/espaco-ser\/\" \/>\n<meta property=\"og:locale\" content=\"pt_PT\" \/>\n<meta property=\"og:type\" content=\"article\" \/>\n<meta property=\"og:title\" content=\"Capelania Lus\u00edada - Verbum Dei Norte\" \/>\n<meta property=\"og:description\" content=\"O que \u00e9 a \u201cCapelania Lus\u00edada\u201d? \u00c9 um espa\u00e7o aberto a todo o tipo de pessoas pertencentes ao mundo acad\u00e9mico (alunos, funcion\u00e1rios e professores) e que tem por objectivo proporcionarCapelania Lus\u00edada\" \/>\n<meta property=\"og:url\" content=\"https:\/\/verbumdei.org\/porto\/grupos\/espaco-ser\/\" \/>\n<meta property=\"og:site_name\" content=\"Verbum Dei Norte\" \/>\n<meta property=\"article:publisher\" content=\"https:\/\/www.facebook.com\/vdportoaveiro\/\" \/>\n<meta property=\"article:modified_time\" content=\"2025-11-13T17:33:59+00:00\" \/>\n<meta name=\"twitter:card\" content=\"summary_large_image\" \/>\n<meta name=\"twitter:label1\" content=\"Tempo estimado de leitura\" \/>\n\t<meta name=\"twitter:data1\" content=\"1 minuto\" \/>\n<script type=\"application\/ld+json\" class=\"yoast-schema-graph\">{\"@context\":\"https:\\\/\\\/schema.org\",\"@graph\":[{\"@type\":\"WebPage\",\"@id\":\"https:\\\/\\\/verbumdei.org\\\/porto\\\/grupos\\\/espaco-ser\\\/\",\"url\":\"https:\\\/\\\/verbumdei.org\\\/porto\\\/grupos\\\/espaco-ser\\\/\",\"name\":\"Capelania Lus\u00edada - Verbum Dei Norte\",\"isPartOf\":{\"@id\":\"https:\\\/\\\/verbumdei.org\\\/porto\\\/#website\"},\"datePublished\":\"2016-12-10T15:00:14+00:00\",\"dateModified\":\"2025-11-13T17:33:59+00:00\",\"breadcrumb\":{\"@id\":\"https:\\\/\\\/verbumdei.org\\\/porto\\\/grupos\\\/espaco-ser\\\/#breadcrumb\"},\"inLanguage\":\"pt-PT\",\"potentialAction\":[{\"@type\":\"ReadAction\",\"target\":[\"https:\\\/\\\/verbumdei.org\\\/porto\\\/grupos\\\/espaco-ser\\\/\"]}]},{\"@type\":\"BreadcrumbList\",\"@id\":\"https:\\\/\\\/verbumdei.org\\\/porto\\\/grupos\\\/espaco-ser\\\/#breadcrumb\",\"itemListElement\":[{\"@type\":\"ListItem\",\"position\":1,\"name\":\"In\u00edcio\",\"item\":\"https:\\\/\\\/verbumdei.org\\\/porto\\\/\"},{\"@type\":\"ListItem\",\"position\":2,\"name\":\"Grupos\",\"item\":\"https:\\\/\\\/verbumdei.org\\\/porto\\\/grupos\\\/\"},{\"@type\":\"ListItem\",\"position\":3,\"name\":\"Capelania Lus\u00edada\"}]},{\"@type\":\"WebSite\",\"@id\":\"https:\\\/\\\/verbumdei.org\\\/porto\\\/#website\",\"url\":\"https:\\\/\\\/verbumdei.org\\\/porto\\\/\",\"name\":\"Verbum Dei Portugal Norte\",\"description\":\"Mission\u00e1rios Verbum Dei no Porto e Aveiro: ora\u00e7\u00e3o, retiro espiritual, forma\u00e7\u00e3o crist\u00e3 e evangeliza\u00e7\u00e3o\",\"publisher\":{\"@id\":\"https:\\\/\\\/verbumdei.org\\\/porto\\\/#organization\"},\"potentialAction\":[{\"@type\":\"SearchAction\",\"target\":{\"@type\":\"EntryPoint\",\"urlTemplate\":\"https:\\\/\\\/verbumdei.org\\\/porto\\\/?s={search_term_string}\"},\"query-input\":{\"@type\":\"PropertyValueSpecification\",\"valueRequired\":true,\"valueName\":\"search_term_string\"}}],\"inLanguage\":\"pt-PT\"},{\"@type\":\"Organization\",\"@id\":\"https:\\\/\\\/verbumdei.org\\\/porto\\\/#organization\",\"name\":\"Verbum Dei Portugal Norte\",\"url\":\"https:\\\/\\\/verbumdei.org\\\/porto\\\/\",\"logo\":{\"@type\":\"ImageObject\",\"inLanguage\":\"pt-PT\",\"@id\":\"https:\\\/\\\/verbumdei.org\\\/porto\\\/#\\\/schema\\\/logo\\\/image\\\/\",\"url\":\"https:\\\/\\\/verbumdei.org\\\/porto\\\/wp-content\\\/uploads\\\/2018\\\/07\\\/Logo2.jpg\",\"contentUrl\":\"https:\\\/\\\/verbumdei.org\\\/porto\\\/wp-content\\\/uploads\\\/2018\\\/07\\\/Logo2.jpg\",\"width\":123,\"height\":120,\"caption\":\"Verbum Dei Portugal Norte\"},\"image\":{\"@id\":\"https:\\\/\\\/verbumdei.org\\\/porto\\\/#\\\/schema\\\/logo\\\/image\\\/\"},\"sameAs\":[\"https:\\\/\\\/www.facebook.com\\\/vdportoaveiro\\\/\",\"https:\\\/\\\/instagram.com\\\/verbumdei.portugal.norte\\\/\"]}]}<\/script>\n<!-- \/ Yoast SEO plugin. -->","yoast_head_json":{"title":"Capelania Lus\u00edada - Verbum Dei Norte","robots":{"index":"index","follow":"follow","max-snippet":"max-snippet:-1","max-image-preview":"max-image-preview:large","max-video-preview":"max-video-preview:-1"},"canonical":"https:\/\/verbumdei.org\/porto\/grupos\/espaco-ser\/","og_locale":"pt_PT","og_type":"article","og_title":"Capelania Lus\u00edada - Verbum Dei Norte","og_description":"O que \u00e9 a \u201cCapelania Lus\u00edada\u201d? \u00c9 um espa\u00e7o aberto a todo o tipo de pessoas pertencentes ao mundo acad\u00e9mico (alunos, funcion\u00e1rios e professores) e que tem por objectivo proporcionarCapelania Lus\u00edada","og_url":"https:\/\/verbumdei.org\/porto\/grupos\/espaco-ser\/","og_site_name":"Verbum Dei Norte","article_publisher":"https:\/\/www.facebook.com\/vdportoaveiro\/","article_modified_time":"2025-11-13T17:33:59+00:00","twitter_card":"summary_large_image","twitter_misc":{"Tempo estimado de leitura":"1 minuto"},"schema":{"@context":"https:\/\/schema.org","@graph":[{"@type":"WebPage","@id":"https:\/\/verbumdei.org\/porto\/grupos\/espaco-ser\/","url":"https:\/\/verbumdei.org\/porto\/grupos\/espaco-ser\/","name":"Capelania Lus\u00edada - Verbum Dei Norte","isPartOf":{"@id":"https:\/\/verbumdei.org\/porto\/#website"},"datePublished":"2016-12-10T15:00:14+00:00","dateModified":"2025-11-13T17:33:59+00:00","breadcrumb":{"@id":"https:\/\/verbumdei.org\/porto\/grupos\/espaco-ser\/#breadcrumb"},"inLanguage":"pt-PT","potentialAction":[{"@type":"ReadAction","target":["https:\/\/verbumdei.org\/porto\/grupos\/espaco-ser\/"]}]},{"@type":"BreadcrumbList","@id":"https:\/\/verbumdei.org\/porto\/grupos\/espaco-ser\/#breadcrumb","itemListElement":[{"@type":"ListItem","position":1,"name":"In\u00edcio","item":"https:\/\/verbumdei.org\/porto\/"},{"@type":"ListItem","position":2,"name":"Grupos","item":"https:\/\/verbumdei.org\/porto\/grupos\/"},{"@type":"ListItem","position":3,"name":"Capelania Lus\u00edada"}]},{"@type":"WebSite","@id":"https:\/\/verbumdei.org\/porto\/#website","url":"https:\/\/verbumdei.org\/porto\/","name":"Verbum Dei Portugal Norte","description":"Mission\u00e1rios Verbum Dei no Porto e Aveiro: ora\u00e7\u00e3o, retiro espiritual, forma\u00e7\u00e3o crist\u00e3 e evangeliza\u00e7\u00e3o","publisher":{"@id":"https:\/\/verbumdei.org\/porto\/#organization"},"potentialAction":[{"@type":"SearchAction","target":{"@type":"EntryPoint","urlTemplate":"https:\/\/verbumdei.org\/porto\/?s={search_term_string}"},"query-input":{"@type":"PropertyValueSpecification","valueRequired":true,"valueName":"search_term_string"}}],"inLanguage":"pt-PT"},{"@type":"Organization","@id":"https:\/\/verbumdei.org\/porto\/#organization","name":"Verbum Dei Portugal Norte","url":"https:\/\/verbumdei.org\/porto\/","logo":{"@type":"ImageObject","inLanguage":"pt-PT","@id":"https:\/\/verbumdei.org\/porto\/#\/schema\/logo\/image\/","url":"https:\/\/verbumdei.org\/porto\/wp-content\/uploads\/2018\/07\/Logo2.jpg","contentUrl":"https:\/\/verbumdei.org\/porto\/wp-content\/uploads\/2018\/07\/Logo2.jpg","width":123,"height":120,"caption":"Verbum Dei Portugal Norte"},"image":{"@id":"https:\/\/verbumdei.org\/porto\/#\/schema\/logo\/image\/"},"sameAs":["https:\/\/www.facebook.com\/vdportoaveiro\/","https:\/\/instagram.com\/verbumdei.portugal.norte\/"]}]}},"jetpack_sharing_enabled":true,"_links":{"self":[{"href":"https:\/\/verbumdei.org\/porto\/wp-json\/wp\/v2\/pages\/412","targetHints":{"allow":["GET"]}}],"collection":[{"href":"https:\/\/verbumdei.org\/porto\/wp-json\/wp\/v2\/pages"}],"about":[{"href":"https:\/\/verbumdei.org\/porto\/wp-json\/wp\/v2\/types\/page"}],"author":[{"embeddable":true,"href":"https:\/\/verbumdei.org\/porto\/wp-json\/wp\/v2\/users\/7"}],"replies":[{"embeddable":true,"href":"https:\/\/verbumdei.org\/porto\/wp-json\/wp\/v2\/comments?post=412"}],"version-history":[{"count":5,"href":"https:\/\/verbumdei.org\/porto\/wp-json\/wp\/v2\/pages\/412\/revisions"}],"predecessor-version":[{"id":9994,"href":"https:\/\/verbumdei.org\/porto\/wp-json\/wp\/v2\/pages\/412\/revisions\/9994"}],"up":[{"embeddable":true,"href":"https:\/\/verbumdei.org\/porto\/wp-json\/wp\/v2\/pages\/268"}],"wp:attachment":[{"href":"https:\/\/verbumdei.org\/porto\/wp-json\/wp\/v2\/media?parent=412"}],"curies":[{"name":"wp","href":"https:\/\/api.w.org\/{rel}","templated":true}]}}