{"id":222,"date":"2016-12-08T16:29:17","date_gmt":"2016-12-08T16:29:17","guid":{"rendered":"http:\/\/verbumdei.pt\/?page_id=222"},"modified":"2025-11-11T17:36:13","modified_gmt":"2025-11-11T16:36:13","slug":"ser-verbum-dei","status":"publish","type":"page","link":"https:\/\/verbumdei.org\/porto\/quem-somos\/ser-verbum-dei\/","title":{"rendered":"Ser Verbum Dei"},"content":{"rendered":"\t\t<div data-elementor-type=\"wp-page\" data-elementor-id=\"222\" class=\"elementor elementor-222\">\n\t\t\t\t<div class=\"elementor-element elementor-element-67d13b2a e-flex e-con-boxed e-con e-parent\" data-id=\"67d13b2a\" data-element_type=\"container\" data-e-type=\"container\">\n\t\t\t\t\t<div class=\"e-con-inner\">\n\t\t\t\t<div class=\"elementor-element elementor-element-3fef1a6d elementor-widget elementor-widget-text-editor\" data-id=\"3fef1a6d\" data-element_type=\"widget\" data-e-type=\"widget\" data-widget_type=\"text-editor.default\">\n\t\t\t\t\t\t\t\t\t<h2 data-start=\"3815\" data-end=\"3842\">O Nosso Estilo de Vida<\/h2><p data-start=\"3844\" data-end=\"4046\">Ser Verbum Dei \u00e9 responder com a vida \u00e0 Palavra que escutamos.<br data-start=\"3906\" data-end=\"3909\" \/>Cada voca\u00e7\u00e3o vive a consagra\u00e7\u00e3o de modo diferente, mas todos somos chamados a uma <strong data-start=\"3991\" data-end=\"4043\">liberdade interior que nasce da ora\u00e7\u00e3o e do amor<\/strong>.<\/p><p data-start=\"4048\" data-end=\"4084\">Vivemos em comunidade, cultivando:<\/p><ul data-start=\"4085\" data-end=\"4304\"><li data-start=\"4085\" data-end=\"4145\"><p data-start=\"4087\" data-end=\"4145\"><strong data-start=\"4087\" data-end=\"4121\">A ora\u00e7\u00e3o pessoal e comunit\u00e1ria<\/strong> como fonte da miss\u00e3o;<\/p><\/li><li data-start=\"4146\" data-end=\"4212\"><p data-start=\"4148\" data-end=\"4212\"><strong data-start=\"4148\" data-end=\"4183\">A partilha e o di\u00e1logo fraterno<\/strong>, que alimentam a comunh\u00e3o;<\/p><\/li><li data-start=\"4213\" data-end=\"4304\"><p data-start=\"4215\" data-end=\"4304\"><strong data-start=\"4215\" data-end=\"4260\">A disponibilidade e a alegria mission\u00e1ria<\/strong>, que nos fazem ir ao encontro dos outros.<\/p><\/li><\/ul><p data-start=\"4306\" data-end=\"4416\">A miss\u00e3o Verbum Dei nasce sempre do <strong data-start=\"4342\" data-end=\"4368\">\u201cestar a s\u00f3s com Deus\u201d<\/strong> para depois <strong data-start=\"4381\" data-end=\"4413\">anunciar o que se contemplou<\/strong>.<\/p>\t\t\t\t\t\t\t\t<\/div>\n\t\t\t\t\t<\/div>\n\t\t\t\t<\/div>\n\t\t<div class=\"elementor-element elementor-element-cf37393 e-flex e-con-boxed e-con e-parent\" data-id=\"cf37393\" data-element_type=\"container\" data-e-type=\"container\">\n\t\t\t\t\t<div class=\"e-con-inner\">\n\t\t\t\t<div class=\"elementor-element elementor-element-7426d93 elementor-widget elementor-widget-text-editor\" data-id=\"7426d93\" data-element_type=\"widget\" data-e-type=\"widget\" data-widget_type=\"text-editor.default\">\n\t\t\t\t\t\t\t\t\t<h2 data-start=\"5031\" data-end=\"5055\">A Nossa Miss\u00e3o Hoje<\/h2><p data-start=\"5057\" data-end=\"5221\">A Verbum Dei est\u00e1 presente em muitos pa\u00edses e realidades \u2014 <strong data-start=\"5116\" data-end=\"5196\">par\u00f3quias, universidades, centros de espiritualidade, comunidades e fam\u00edlias<\/strong> \u2014 com um mesmo desejo:<\/p><blockquote data-start=\"5222\" data-end=\"5333\"><p data-start=\"5224\" data-end=\"5333\">Fazer da Palavra de Deus um <strong data-start=\"5252\" data-end=\"5284\">lugar de encontro com Cristo<\/strong> que transforme pessoas, fam\u00edlias e sociedades.<\/p><\/blockquote><p data-start=\"5335\" data-end=\"5585\">A for\u00e7a da nossa miss\u00e3o n\u00e3o est\u00e1 em estruturas, mas <strong data-start=\"5387\" data-end=\"5460\">na comunh\u00e3o viva de voca\u00e7\u00f5es que se apoiam e se enriquecem mutuamente<\/strong>.<br data-start=\"5461\" data-end=\"5464\" \/>Somos uma s\u00f3 fam\u00edlia, uma s\u00f3 miss\u00e3o:<br data-start=\"5500\" data-end=\"5503\" \/><strong data-start=\"5503\" data-end=\"5583\">Fazer do mundo a casa onde a Palavra de Deus \u00e9 escutada, vivida e anunciada.<\/strong><\/p>\t\t\t\t\t\t\t\t<\/div>\n\t\t\t\t\t<\/div>\n\t\t\t\t<\/div>\n\t\t\t\t<\/div>\n\t\t","protected":false},"excerpt":{"rendered":"<p>O Nosso Estilo de Vida Ser Verbum Dei \u00e9 responder com a vida \u00e0 Palavra que escutamos.Cada voca\u00e7\u00e3o vive a consagra\u00e7\u00e3o de modo diferente, mas todos somos chamados a uma<a href=\"https:\/\/verbumdei.org\/porto\/quem-somos\/ser-verbum-dei\/\" rel=\"bookmark\"><span class=\"screen-reader-text\">Ser Verbum Dei<\/span><\/a><\/p>\n","protected":false},"author":7,"featured_media":0,"parent":439,"menu_order":0,"comment_status":"closed","ping_status":"closed","template":"","meta":{"rop_custom_images_group":[],"rop_custom_messages_group":[],"rop_publish_now":"initial","rop_publish_now_accounts":[],"rop_publish_now_history":[],"rop_publish_now_status":"pending","neve_meta_sidebar":"","neve_meta_container":"","neve_meta_enable_content_width":"","neve_meta_content_width":0,"neve_meta_title_alignment":"","neve_meta_author_avatar":"","neve_post_elements_order":"","neve_meta_disable_header":"","neve_meta_disable_footer":"","neve_meta_disable_title":"","_themeisle_gutenberg_block_has_review":false,"footnotes":""},"class_list":["post-222","page","type-page","status-publish","hentry"],"yoast_head":"<!-- This site is optimized with the Yoast SEO plugin v27.5 - https:\/\/yoast.com\/product\/yoast-seo-wordpress\/ -->\n<title>Ser Verbum Dei - Verbum Dei Norte<\/title>\n<meta name=\"robots\" content=\"index, follow, max-snippet:-1, max-image-preview:large, max-video-preview:-1\" \/>\n<link rel=\"canonical\" href=\"https:\/\/verbumdei.org\/porto\/quem-somos\/ser-verbum-dei\/\" \/>\n<meta property=\"og:locale\" content=\"pt_PT\" \/>\n<meta property=\"og:type\" content=\"article\" \/>\n<meta property=\"og:title\" content=\"Ser Verbum Dei - Verbum Dei Norte\" \/>\n<meta property=\"og:description\" content=\"O Nosso Estilo de Vida Ser Verbum Dei \u00e9 responder com a vida \u00e0 Palavra que escutamos.Cada voca\u00e7\u00e3o vive a consagra\u00e7\u00e3o de modo diferente, mas todos somos chamados a umaSer Verbum Dei\" \/>\n<meta property=\"og:url\" content=\"https:\/\/verbumdei.org\/porto\/quem-somos\/ser-verbum-dei\/\" \/>\n<meta property=\"og:site_name\" content=\"Verbum Dei Norte\" \/>\n<meta property=\"article:publisher\" content=\"https:\/\/www.facebook.com\/vdportoaveiro\/\" \/>\n<meta property=\"article:modified_time\" content=\"2025-11-11T16:36:13+00:00\" \/>\n<meta name=\"twitter:card\" content=\"summary_large_image\" \/>\n<meta name=\"twitter:label1\" content=\"Tempo estimado de leitura\" \/>\n\t<meta name=\"twitter:data1\" content=\"1 minuto\" \/>\n<script type=\"application\/ld+json\" class=\"yoast-schema-graph\">{\"@context\":\"https:\\\/\\\/schema.org\",\"@graph\":[{\"@type\":\"WebPage\",\"@id\":\"https:\\\/\\\/verbumdei.org\\\/porto\\\/quem-somos\\\/ser-verbum-dei\\\/\",\"url\":\"https:\\\/\\\/verbumdei.org\\\/porto\\\/quem-somos\\\/ser-verbum-dei\\\/\",\"name\":\"Ser Verbum Dei - Verbum Dei Norte\",\"isPartOf\":{\"@id\":\"https:\\\/\\\/verbumdei.org\\\/porto\\\/#website\"},\"datePublished\":\"2016-12-08T16:29:17+00:00\",\"dateModified\":\"2025-11-11T16:36:13+00:00\",\"breadcrumb\":{\"@id\":\"https:\\\/\\\/verbumdei.org\\\/porto\\\/quem-somos\\\/ser-verbum-dei\\\/#breadcrumb\"},\"inLanguage\":\"pt-PT\",\"potentialAction\":[{\"@type\":\"ReadAction\",\"target\":[\"https:\\\/\\\/verbumdei.org\\\/porto\\\/quem-somos\\\/ser-verbum-dei\\\/\"]}]},{\"@type\":\"BreadcrumbList\",\"@id\":\"https:\\\/\\\/verbumdei.org\\\/porto\\\/quem-somos\\\/ser-verbum-dei\\\/#breadcrumb\",\"itemListElement\":[{\"@type\":\"ListItem\",\"position\":1,\"name\":\"In\u00edcio\",\"item\":\"https:\\\/\\\/verbumdei.org\\\/porto\\\/\"},{\"@type\":\"ListItem\",\"position\":2,\"name\":\"Quem somos\",\"item\":\"https:\\\/\\\/verbumdei.org\\\/porto\\\/quem-somos\\\/\"},{\"@type\":\"ListItem\",\"position\":3,\"name\":\"Ser Verbum Dei\"}]},{\"@type\":\"WebSite\",\"@id\":\"https:\\\/\\\/verbumdei.org\\\/porto\\\/#website\",\"url\":\"https:\\\/\\\/verbumdei.org\\\/porto\\\/\",\"name\":\"Verbum Dei Portugal Norte\",\"description\":\"Mission\u00e1rios Verbum Dei no Porto e Aveiro: ora\u00e7\u00e3o, retiro espiritual, forma\u00e7\u00e3o crist\u00e3 e evangeliza\u00e7\u00e3o\",\"publisher\":{\"@id\":\"https:\\\/\\\/verbumdei.org\\\/porto\\\/#organization\"},\"potentialAction\":[{\"@type\":\"SearchAction\",\"target\":{\"@type\":\"EntryPoint\",\"urlTemplate\":\"https:\\\/\\\/verbumdei.org\\\/porto\\\/?s={search_term_string}\"},\"query-input\":{\"@type\":\"PropertyValueSpecification\",\"valueRequired\":true,\"valueName\":\"search_term_string\"}}],\"inLanguage\":\"pt-PT\"},{\"@type\":\"Organization\",\"@id\":\"https:\\\/\\\/verbumdei.org\\\/porto\\\/#organization\",\"name\":\"Verbum Dei Portugal Norte\",\"url\":\"https:\\\/\\\/verbumdei.org\\\/porto\\\/\",\"logo\":{\"@type\":\"ImageObject\",\"inLanguage\":\"pt-PT\",\"@id\":\"https:\\\/\\\/verbumdei.org\\\/porto\\\/#\\\/schema\\\/logo\\\/image\\\/\",\"url\":\"https:\\\/\\\/verbumdei.org\\\/porto\\\/wp-content\\\/uploads\\\/2018\\\/07\\\/Logo2.jpg\",\"contentUrl\":\"https:\\\/\\\/verbumdei.org\\\/porto\\\/wp-content\\\/uploads\\\/2018\\\/07\\\/Logo2.jpg\",\"width\":123,\"height\":120,\"caption\":\"Verbum Dei Portugal Norte\"},\"image\":{\"@id\":\"https:\\\/\\\/verbumdei.org\\\/porto\\\/#\\\/schema\\\/logo\\\/image\\\/\"},\"sameAs\":[\"https:\\\/\\\/www.facebook.com\\\/vdportoaveiro\\\/\",\"https:\\\/\\\/instagram.com\\\/verbumdei.portugal.norte\\\/\"]}]}<\/script>\n<!-- \/ Yoast SEO plugin. -->","yoast_head_json":{"title":"Ser Verbum Dei - Verbum Dei Norte","robots":{"index":"index","follow":"follow","max-snippet":"max-snippet:-1","max-image-preview":"max-image-preview:large","max-video-preview":"max-video-preview:-1"},"canonical":"https:\/\/verbumdei.org\/porto\/quem-somos\/ser-verbum-dei\/","og_locale":"pt_PT","og_type":"article","og_title":"Ser Verbum Dei - Verbum Dei Norte","og_description":"O Nosso Estilo de Vida Ser Verbum Dei \u00e9 responder com a vida \u00e0 Palavra que escutamos.Cada voca\u00e7\u00e3o vive a consagra\u00e7\u00e3o de modo diferente, mas todos somos chamados a umaSer Verbum Dei","og_url":"https:\/\/verbumdei.org\/porto\/quem-somos\/ser-verbum-dei\/","og_site_name":"Verbum Dei Norte","article_publisher":"https:\/\/www.facebook.com\/vdportoaveiro\/","article_modified_time":"2025-11-11T16:36:13+00:00","twitter_card":"summary_large_image","twitter_misc":{"Tempo estimado de leitura":"1 minuto"},"schema":{"@context":"https:\/\/schema.org","@graph":[{"@type":"WebPage","@id":"https:\/\/verbumdei.org\/porto\/quem-somos\/ser-verbum-dei\/","url":"https:\/\/verbumdei.org\/porto\/quem-somos\/ser-verbum-dei\/","name":"Ser Verbum Dei - Verbum Dei Norte","isPartOf":{"@id":"https:\/\/verbumdei.org\/porto\/#website"},"datePublished":"2016-12-08T16:29:17+00:00","dateModified":"2025-11-11T16:36:13+00:00","breadcrumb":{"@id":"https:\/\/verbumdei.org\/porto\/quem-somos\/ser-verbum-dei\/#breadcrumb"},"inLanguage":"pt-PT","potentialAction":[{"@type":"ReadAction","target":["https:\/\/verbumdei.org\/porto\/quem-somos\/ser-verbum-dei\/"]}]},{"@type":"BreadcrumbList","@id":"https:\/\/verbumdei.org\/porto\/quem-somos\/ser-verbum-dei\/#breadcrumb","itemListElement":[{"@type":"ListItem","position":1,"name":"In\u00edcio","item":"https:\/\/verbumdei.org\/porto\/"},{"@type":"ListItem","position":2,"name":"Quem somos","item":"https:\/\/verbumdei.org\/porto\/quem-somos\/"},{"@type":"ListItem","position":3,"name":"Ser Verbum Dei"}]},{"@type":"WebSite","@id":"https:\/\/verbumdei.org\/porto\/#website","url":"https:\/\/verbumdei.org\/porto\/","name":"Verbum Dei Portugal Norte","description":"Mission\u00e1rios Verbum Dei no Porto e Aveiro: ora\u00e7\u00e3o, retiro espiritual, forma\u00e7\u00e3o crist\u00e3 e evangeliza\u00e7\u00e3o","publisher":{"@id":"https:\/\/verbumdei.org\/porto\/#organization"},"potentialAction":[{"@type":"SearchAction","target":{"@type":"EntryPoint","urlTemplate":"https:\/\/verbumdei.org\/porto\/?s={search_term_string}"},"query-input":{"@type":"PropertyValueSpecification","valueRequired":true,"valueName":"search_term_string"}}],"inLanguage":"pt-PT"},{"@type":"Organization","@id":"https:\/\/verbumdei.org\/porto\/#organization","name":"Verbum Dei Portugal Norte","url":"https:\/\/verbumdei.org\/porto\/","logo":{"@type":"ImageObject","inLanguage":"pt-PT","@id":"https:\/\/verbumdei.org\/porto\/#\/schema\/logo\/image\/","url":"https:\/\/verbumdei.org\/porto\/wp-content\/uploads\/2018\/07\/Logo2.jpg","contentUrl":"https:\/\/verbumdei.org\/porto\/wp-content\/uploads\/2018\/07\/Logo2.jpg","width":123,"height":120,"caption":"Verbum Dei Portugal Norte"},"image":{"@id":"https:\/\/verbumdei.org\/porto\/#\/schema\/logo\/image\/"},"sameAs":["https:\/\/www.facebook.com\/vdportoaveiro\/","https:\/\/instagram.com\/verbumdei.portugal.norte\/"]}]}},"jetpack_sharing_enabled":true,"_links":{"self":[{"href":"https:\/\/verbumdei.org\/porto\/wp-json\/wp\/v2\/pages\/222","targetHints":{"allow":["GET"]}}],"collection":[{"href":"https:\/\/verbumdei.org\/porto\/wp-json\/wp\/v2\/pages"}],"about":[{"href":"https:\/\/verbumdei.org\/porto\/wp-json\/wp\/v2\/types\/page"}],"author":[{"embeddable":true,"href":"https:\/\/verbumdei.org\/porto\/wp-json\/wp\/v2\/users\/7"}],"replies":[{"embeddable":true,"href":"https:\/\/verbumdei.org\/porto\/wp-json\/wp\/v2\/comments?post=222"}],"version-history":[{"count":5,"href":"https:\/\/verbumdei.org\/porto\/wp-json\/wp\/v2\/pages\/222\/revisions"}],"predecessor-version":[{"id":9891,"href":"https:\/\/verbumdei.org\/porto\/wp-json\/wp\/v2\/pages\/222\/revisions\/9891"}],"up":[{"embeddable":true,"href":"https:\/\/verbumdei.org\/porto\/wp-json\/wp\/v2\/pages\/439"}],"wp:attachment":[{"href":"https:\/\/verbumdei.org\/porto\/wp-json\/wp\/v2\/media?parent=222"}],"curies":[{"name":"wp","href":"https:\/\/api.w.org\/{rel}","templated":true}]}}