{"id":216,"date":"2016-12-08T16:15:31","date_gmt":"2016-12-08T16:15:31","guid":{"rendered":"http:\/\/verbumdei.pt\/?page_id=216"},"modified":"2025-11-11T17:57:37","modified_gmt":"2025-11-11T16:57:37","slug":"estrutura","status":"publish","type":"page","link":"https:\/\/verbumdei.org\/porto\/quem-somos\/estrutura\/","title":{"rendered":"Uma Fam\u00edlia Mission\u00e1ria &#8211; Estrutura"},"content":{"rendered":"\t\t<div data-elementor-type=\"wp-page\" data-elementor-id=\"216\" class=\"elementor elementor-216\">\n\t\t\t\t<div class=\"elementor-element elementor-element-1cf24b3e e-flex e-con-boxed e-con e-parent\" data-id=\"1cf24b3e\" data-element_type=\"container\" data-e-type=\"container\">\n\t\t\t\t\t<div class=\"e-con-inner\">\n\t\t\t\t<div class=\"elementor-element elementor-element-1d3e2b8d elementor-widget elementor-widget-text-editor\" data-id=\"1d3e2b8d\" data-element_type=\"widget\" data-e-type=\"widget\" data-widget_type=\"text-editor.default\">\n\t\t\t\t\t\t\t\t\t<p data-start=\"2319\" data-end=\"2461\">A Verbum Dei \u00e9 uma <strong data-start=\"2338\" data-end=\"2361\">Fam\u00edlia Mission\u00e1ria<\/strong> composta por diversas voca\u00e7\u00f5es unidas pelo mesmo carisma: <strong data-start=\"2420\" data-end=\"2458\">viver e anunciar a Palavra de Deus<\/strong>.<\/p><p data-start=\"2463\" data-end=\"2597\">Cada ramo tem a sua forma pr\u00f3pria de expressar o amor mission\u00e1rio de Cristo, mas todos partilhamos a mesma espiritualidade e miss\u00e3o:<\/p><h3 data-start=\"2599\" data-end=\"2644\">Mission\u00e1rios e Mission\u00e1rias Consagrados<\/h3><p data-start=\"2645\" data-end=\"2848\">Homens e mulheres que consagram toda a vida a Deus em comunidades mission\u00e1rias. A sua miss\u00e3o \u00e9 <strong data-start=\"2740\" data-end=\"2793\">viver em ora\u00e7\u00e3o, partilha e disponibilidade total<\/strong>, animando espiritualmente toda a Fam\u00edlia Verbum Dei.<\/p><h3 data-start=\"2850\" data-end=\"2880\">Matrim\u00f3nios Mission\u00e1rios<\/h3><p data-start=\"2881\" data-end=\"3109\">Casais que vivem o carisma Verbum Dei a partir do seu matrim\u00f3nio, sendo <strong data-start=\"2953\" data-end=\"3013\">testemunho da presen\u00e7a de Deus na fam\u00edlia e na sociedade<\/strong>. Evangelizam como casal e fam\u00edlia, mostrando que o amor conjugal pode ser tamb\u00e9m mission\u00e1rio.<\/p><h3 data-start=\"3111\" data-end=\"3154\">Leigos Mission\u00e1rios Consagrados (LMC)<\/h3><p data-start=\"3155\" data-end=\"3375\">Homens e mulheres que professam os conselhos evang\u00e9licos, mas permanecem <strong data-start=\"3228\" data-end=\"3261\">plenamente inseridos no mundo<\/strong> \u2014 nas suas fam\u00edlias, trabalhos e contextos sociais \u2014 como <strong data-start=\"3320\" data-end=\"3372\">fermento do Evangelho no meio da vida quotidiana<\/strong>.<\/p><h3 data-start=\"3377\" data-end=\"3424\">Disc\u00edpulos Mission\u00e1rios Verbum Dei (DMVD)<\/h3><p data-start=\"3425\" data-end=\"3647\">Leigos comprometidos que <strong data-start=\"3450\" data-end=\"3486\">vivem o carisma no seu dia a dia<\/strong>, participando em comunidades, grupos de ora\u00e7\u00e3o e evangeliza\u00e7\u00e3o. Procuram ser <strong data-start=\"3564\" data-end=\"3589\">voz e rosto de Cristo<\/strong> nos seus ambientes familiares, profissionais e sociais.<\/p><p data-start=\"3649\" data-end=\"3808\">A Fam\u00edlia Verbum Dei inclui ainda <strong data-start=\"3683\" data-end=\"3732\">benfeitores, colaboradores, jovens e crian\u00e7as<\/strong> que se sentem parte deste mesmo ideal de levar a Palavra de Deus a todos.<\/p>\t\t\t\t\t\t\t\t<\/div>\n\t\t\t\t\t<\/div>\n\t\t\t\t<\/div>\n\t\t\t\t<\/div>\n\t\t","protected":false},"excerpt":{"rendered":"<p>A Verbum Dei \u00e9 uma Fam\u00edlia Mission\u00e1ria composta por diversas voca\u00e7\u00f5es unidas pelo mesmo carisma: viver e anunciar a Palavra de Deus. Cada ramo tem a sua forma pr\u00f3pria de<a href=\"https:\/\/verbumdei.org\/porto\/quem-somos\/estrutura\/\" rel=\"bookmark\"><span class=\"screen-reader-text\">Uma Fam\u00edlia Mission\u00e1ria &#8211; Estrutura<\/span><\/a><\/p>\n","protected":false},"author":7,"featured_media":0,"parent":439,"menu_order":0,"comment_status":"closed","ping_status":"closed","template":"","meta":{"rop_custom_images_group":[],"rop_custom_messages_group":[],"rop_publish_now":"initial","rop_publish_now_accounts":[],"rop_publish_now_history":[],"rop_publish_now_status":"pending","neve_meta_sidebar":"","neve_meta_container":"","neve_meta_enable_content_width":"off","neve_meta_content_width":100,"neve_meta_title_alignment":"","neve_meta_author_avatar":"","neve_post_elements_order":"","neve_meta_disable_header":"","neve_meta_disable_footer":"","neve_meta_disable_title":"","_themeisle_gutenberg_block_has_review":false,"footnotes":""},"class_list":["post-216","page","type-page","status-publish","hentry"],"yoast_head":"<!-- This site is optimized with the Yoast SEO plugin v27.5 - https:\/\/yoast.com\/product\/yoast-seo-wordpress\/ -->\n<title>Uma Fam\u00edlia Mission\u00e1ria &#8211; Estrutura - Verbum Dei Norte<\/title>\n<meta name=\"robots\" content=\"index, follow, max-snippet:-1, max-image-preview:large, max-video-preview:-1\" \/>\n<link rel=\"canonical\" href=\"https:\/\/verbumdei.org\/porto\/quem-somos\/estrutura\/\" \/>\n<meta property=\"og:locale\" content=\"pt_PT\" \/>\n<meta property=\"og:type\" content=\"article\" \/>\n<meta property=\"og:title\" content=\"Uma Fam\u00edlia Mission\u00e1ria &#8211; Estrutura - Verbum Dei Norte\" \/>\n<meta property=\"og:description\" content=\"A Verbum Dei \u00e9 uma Fam\u00edlia Mission\u00e1ria composta por diversas voca\u00e7\u00f5es unidas pelo mesmo carisma: viver e anunciar a Palavra de Deus. Cada ramo tem a sua forma pr\u00f3pria deUma Fam\u00edlia Mission\u00e1ria &#8211; Estrutura\" \/>\n<meta property=\"og:url\" content=\"https:\/\/verbumdei.org\/porto\/quem-somos\/estrutura\/\" \/>\n<meta property=\"og:site_name\" content=\"Verbum Dei Norte\" \/>\n<meta property=\"article:publisher\" content=\"https:\/\/www.facebook.com\/vdportoaveiro\/\" \/>\n<meta property=\"article:modified_time\" content=\"2025-11-11T16:57:37+00:00\" \/>\n<meta name=\"twitter:card\" content=\"summary_large_image\" \/>\n<meta name=\"twitter:label1\" content=\"Tempo estimado de leitura\" \/>\n\t<meta name=\"twitter:data1\" content=\"2 minutos\" \/>\n<script type=\"application\/ld+json\" class=\"yoast-schema-graph\">{\"@context\":\"https:\\\/\\\/schema.org\",\"@graph\":[{\"@type\":\"WebPage\",\"@id\":\"https:\\\/\\\/verbumdei.org\\\/porto\\\/quem-somos\\\/estrutura\\\/\",\"url\":\"https:\\\/\\\/verbumdei.org\\\/porto\\\/quem-somos\\\/estrutura\\\/\",\"name\":\"Uma Fam\u00edlia Mission\u00e1ria &#8211; Estrutura - Verbum Dei Norte\",\"isPartOf\":{\"@id\":\"https:\\\/\\\/verbumdei.org\\\/porto\\\/#website\"},\"datePublished\":\"2016-12-08T16:15:31+00:00\",\"dateModified\":\"2025-11-11T16:57:37+00:00\",\"breadcrumb\":{\"@id\":\"https:\\\/\\\/verbumdei.org\\\/porto\\\/quem-somos\\\/estrutura\\\/#breadcrumb\"},\"inLanguage\":\"pt-PT\",\"potentialAction\":[{\"@type\":\"ReadAction\",\"target\":[\"https:\\\/\\\/verbumdei.org\\\/porto\\\/quem-somos\\\/estrutura\\\/\"]}]},{\"@type\":\"BreadcrumbList\",\"@id\":\"https:\\\/\\\/verbumdei.org\\\/porto\\\/quem-somos\\\/estrutura\\\/#breadcrumb\",\"itemListElement\":[{\"@type\":\"ListItem\",\"position\":1,\"name\":\"In\u00edcio\",\"item\":\"https:\\\/\\\/verbumdei.org\\\/porto\\\/\"},{\"@type\":\"ListItem\",\"position\":2,\"name\":\"Quem somos\",\"item\":\"https:\\\/\\\/verbumdei.org\\\/porto\\\/quem-somos\\\/\"},{\"@type\":\"ListItem\",\"position\":3,\"name\":\"Uma Fam\u00edlia Mission\u00e1ria &#8211; Estrutura\"}]},{\"@type\":\"WebSite\",\"@id\":\"https:\\\/\\\/verbumdei.org\\\/porto\\\/#website\",\"url\":\"https:\\\/\\\/verbumdei.org\\\/porto\\\/\",\"name\":\"Verbum Dei Portugal Norte\",\"description\":\"Mission\u00e1rios Verbum Dei no Porto e Aveiro: ora\u00e7\u00e3o, retiro espiritual, forma\u00e7\u00e3o crist\u00e3 e evangeliza\u00e7\u00e3o\",\"publisher\":{\"@id\":\"https:\\\/\\\/verbumdei.org\\\/porto\\\/#organization\"},\"potentialAction\":[{\"@type\":\"SearchAction\",\"target\":{\"@type\":\"EntryPoint\",\"urlTemplate\":\"https:\\\/\\\/verbumdei.org\\\/porto\\\/?s={search_term_string}\"},\"query-input\":{\"@type\":\"PropertyValueSpecification\",\"valueRequired\":true,\"valueName\":\"search_term_string\"}}],\"inLanguage\":\"pt-PT\"},{\"@type\":\"Organization\",\"@id\":\"https:\\\/\\\/verbumdei.org\\\/porto\\\/#organization\",\"name\":\"Verbum Dei Portugal Norte\",\"url\":\"https:\\\/\\\/verbumdei.org\\\/porto\\\/\",\"logo\":{\"@type\":\"ImageObject\",\"inLanguage\":\"pt-PT\",\"@id\":\"https:\\\/\\\/verbumdei.org\\\/porto\\\/#\\\/schema\\\/logo\\\/image\\\/\",\"url\":\"https:\\\/\\\/verbumdei.org\\\/porto\\\/wp-content\\\/uploads\\\/2018\\\/07\\\/Logo2.jpg\",\"contentUrl\":\"https:\\\/\\\/verbumdei.org\\\/porto\\\/wp-content\\\/uploads\\\/2018\\\/07\\\/Logo2.jpg\",\"width\":123,\"height\":120,\"caption\":\"Verbum Dei Portugal Norte\"},\"image\":{\"@id\":\"https:\\\/\\\/verbumdei.org\\\/porto\\\/#\\\/schema\\\/logo\\\/image\\\/\"},\"sameAs\":[\"https:\\\/\\\/www.facebook.com\\\/vdportoaveiro\\\/\",\"https:\\\/\\\/instagram.com\\\/verbumdei.portugal.norte\\\/\"]}]}<\/script>\n<!-- \/ Yoast SEO plugin. -->","yoast_head_json":{"title":"Uma Fam\u00edlia Mission\u00e1ria &#8211; Estrutura - Verbum Dei Norte","robots":{"index":"index","follow":"follow","max-snippet":"max-snippet:-1","max-image-preview":"max-image-preview:large","max-video-preview":"max-video-preview:-1"},"canonical":"https:\/\/verbumdei.org\/porto\/quem-somos\/estrutura\/","og_locale":"pt_PT","og_type":"article","og_title":"Uma Fam\u00edlia Mission\u00e1ria &#8211; Estrutura - Verbum Dei Norte","og_description":"A Verbum Dei \u00e9 uma Fam\u00edlia Mission\u00e1ria composta por diversas voca\u00e7\u00f5es unidas pelo mesmo carisma: viver e anunciar a Palavra de Deus. Cada ramo tem a sua forma pr\u00f3pria deUma Fam\u00edlia Mission\u00e1ria &#8211; Estrutura","og_url":"https:\/\/verbumdei.org\/porto\/quem-somos\/estrutura\/","og_site_name":"Verbum Dei Norte","article_publisher":"https:\/\/www.facebook.com\/vdportoaveiro\/","article_modified_time":"2025-11-11T16:57:37+00:00","twitter_card":"summary_large_image","twitter_misc":{"Tempo estimado de leitura":"2 minutos"},"schema":{"@context":"https:\/\/schema.org","@graph":[{"@type":"WebPage","@id":"https:\/\/verbumdei.org\/porto\/quem-somos\/estrutura\/","url":"https:\/\/verbumdei.org\/porto\/quem-somos\/estrutura\/","name":"Uma Fam\u00edlia Mission\u00e1ria &#8211; Estrutura - Verbum Dei Norte","isPartOf":{"@id":"https:\/\/verbumdei.org\/porto\/#website"},"datePublished":"2016-12-08T16:15:31+00:00","dateModified":"2025-11-11T16:57:37+00:00","breadcrumb":{"@id":"https:\/\/verbumdei.org\/porto\/quem-somos\/estrutura\/#breadcrumb"},"inLanguage":"pt-PT","potentialAction":[{"@type":"ReadAction","target":["https:\/\/verbumdei.org\/porto\/quem-somos\/estrutura\/"]}]},{"@type":"BreadcrumbList","@id":"https:\/\/verbumdei.org\/porto\/quem-somos\/estrutura\/#breadcrumb","itemListElement":[{"@type":"ListItem","position":1,"name":"In\u00edcio","item":"https:\/\/verbumdei.org\/porto\/"},{"@type":"ListItem","position":2,"name":"Quem somos","item":"https:\/\/verbumdei.org\/porto\/quem-somos\/"},{"@type":"ListItem","position":3,"name":"Uma Fam\u00edlia Mission\u00e1ria &#8211; Estrutura"}]},{"@type":"WebSite","@id":"https:\/\/verbumdei.org\/porto\/#website","url":"https:\/\/verbumdei.org\/porto\/","name":"Verbum Dei Portugal Norte","description":"Mission\u00e1rios Verbum Dei no Porto e Aveiro: ora\u00e7\u00e3o, retiro espiritual, forma\u00e7\u00e3o crist\u00e3 e evangeliza\u00e7\u00e3o","publisher":{"@id":"https:\/\/verbumdei.org\/porto\/#organization"},"potentialAction":[{"@type":"SearchAction","target":{"@type":"EntryPoint","urlTemplate":"https:\/\/verbumdei.org\/porto\/?s={search_term_string}"},"query-input":{"@type":"PropertyValueSpecification","valueRequired":true,"valueName":"search_term_string"}}],"inLanguage":"pt-PT"},{"@type":"Organization","@id":"https:\/\/verbumdei.org\/porto\/#organization","name":"Verbum Dei Portugal Norte","url":"https:\/\/verbumdei.org\/porto\/","logo":{"@type":"ImageObject","inLanguage":"pt-PT","@id":"https:\/\/verbumdei.org\/porto\/#\/schema\/logo\/image\/","url":"https:\/\/verbumdei.org\/porto\/wp-content\/uploads\/2018\/07\/Logo2.jpg","contentUrl":"https:\/\/verbumdei.org\/porto\/wp-content\/uploads\/2018\/07\/Logo2.jpg","width":123,"height":120,"caption":"Verbum Dei Portugal Norte"},"image":{"@id":"https:\/\/verbumdei.org\/porto\/#\/schema\/logo\/image\/"},"sameAs":["https:\/\/www.facebook.com\/vdportoaveiro\/","https:\/\/instagram.com\/verbumdei.portugal.norte\/"]}]}},"jetpack_sharing_enabled":true,"_links":{"self":[{"href":"https:\/\/verbumdei.org\/porto\/wp-json\/wp\/v2\/pages\/216","targetHints":{"allow":["GET"]}}],"collection":[{"href":"https:\/\/verbumdei.org\/porto\/wp-json\/wp\/v2\/pages"}],"about":[{"href":"https:\/\/verbumdei.org\/porto\/wp-json\/wp\/v2\/types\/page"}],"author":[{"embeddable":true,"href":"https:\/\/verbumdei.org\/porto\/wp-json\/wp\/v2\/users\/7"}],"replies":[{"embeddable":true,"href":"https:\/\/verbumdei.org\/porto\/wp-json\/wp\/v2\/comments?post=216"}],"version-history":[{"count":5,"href":"https:\/\/verbumdei.org\/porto\/wp-json\/wp\/v2\/pages\/216\/revisions"}],"predecessor-version":[{"id":9892,"href":"https:\/\/verbumdei.org\/porto\/wp-json\/wp\/v2\/pages\/216\/revisions\/9892"}],"up":[{"embeddable":true,"href":"https:\/\/verbumdei.org\/porto\/wp-json\/wp\/v2\/pages\/439"}],"wp:attachment":[{"href":"https:\/\/verbumdei.org\/porto\/wp-json\/wp\/v2\/media?parent=216"}],"curies":[{"name":"wp","href":"https:\/\/api.w.org\/{rel}","templated":true}]}}