{"id":201,"date":"2016-12-08T13:38:40","date_gmt":"2016-12-08T13:38:40","guid":{"rendered":"http:\/\/verbumdei.pt\/?page_id=201"},"modified":"2025-11-11T23:40:31","modified_gmt":"2025-11-11T22:40:31","slug":"o-fundador","status":"publish","type":"page","link":"https:\/\/verbumdei.org\/porto\/quem-somos\/o-fundador\/","title":{"rendered":"O Fundador"},"content":{"rendered":"\t\t<div data-elementor-type=\"wp-page\" data-elementor-id=\"201\" class=\"elementor elementor-201\">\n\t\t\t\t<div class=\"elementor-element elementor-element-2166df7f e-flex e-con-boxed e-con e-parent\" data-id=\"2166df7f\" data-element_type=\"container\" data-e-type=\"container\">\n\t\t\t\t\t<div class=\"e-con-inner\">\n\t\t\t\t<div class=\"elementor-element elementor-element-2004bd9f elementor-widget elementor-widget-text-editor\" data-id=\"2004bd9f\" data-element_type=\"widget\" data-e-type=\"widget\" data-widget_type=\"text-editor.default\">\n\t\t\t\t\t\t\t\t\t<p data-start=\"1596\" data-end=\"1781\"><span style=\"font-family: verdana, geneva, sans-serif; font-size: 14pt;\"><strong data-start=\"1596\" data-end=\"1611\">Jaime Bonet<\/strong>, nasceu em 1926 e aos 14 anos viveu uma experi\u00eancia fundante do amor de Deus. <\/span><\/p><p data-start=\"1596\" data-end=\"1781\"><span style=\"font-family: verdana, geneva, sans-serif; font-size: 14pt;\">Esse encontro mudou tudo: sentiu-se chamado a <strong data-start=\"1745\" data-end=\"1778\">procurar mais vidas para Deus<\/strong>.<\/span><\/p><p data-start=\"1783\" data-end=\"1831\"><span style=\"font-family: verdana, geneva, sans-serif; font-size: 14pt;\">A sua vida foi marcada por tr\u00eas tra\u00e7os fortes:<\/span><\/p><ul data-start=\"1832\" data-end=\"2282\"><li data-start=\"1832\" data-end=\"2000\"><p data-start=\"1834\" data-end=\"2000\"><span style=\"font-family: verdana, geneva, sans-serif; font-size: 14pt;\"><strong data-start=\"1834\" data-end=\"1864\">Paix\u00e3o pela evangeliza\u00e7\u00e3o:<\/strong> Quis levar o Evangelho a todos, criando espa\u00e7os de forma\u00e7\u00e3o e ora\u00e7\u00e3o acess\u00edveis a todos \u2014 jovens, casais, trabalhadores, consagrados.<\/span><\/p><\/li><li data-start=\"2001\" data-end=\"2125\"><p data-start=\"2003\" data-end=\"2125\"><span style=\"font-family: verdana, geneva, sans-serif; font-size: 14pt;\"><strong data-start=\"2003\" data-end=\"2028\">Amor radical a Jesus:<\/strong> Viveu a pobreza, a castidade e a obedi\u00eancia como caminhos de liberdade interior e de comunh\u00e3o.<\/span><\/p><\/li><li data-start=\"2126\" data-end=\"2282\"><p data-start=\"2128\" data-end=\"2282\"><span style=\"font-family: verdana, geneva, sans-serif; font-size: 14pt;\"><strong data-start=\"2128\" data-end=\"2147\">Cora\u00e7\u00e3o de pai:<\/strong> Sonhou uma fam\u00edlia mission\u00e1ria onde cada pessoa, com a sua voca\u00e7\u00e3o e estilo de vida, pudesse <strong data-start=\"2241\" data-end=\"2279\">partilhar o mesmo carisma e miss\u00e3o<\/strong>.<\/span><\/p><\/li><\/ul><h3><span style=\"font-family: verdana, geneva, sans-serif; font-size: 14pt;\"><strong>A s<\/strong><strong>ua fam\u00edlia foi o primeiro santu\u00e1rio de vida e de amor de Deus<\/strong><\/span><\/h3><p><span style=\"font-family: verdana, geneva, sans-serif; font-size: 14pt;\">Jaime Bonet Bonet, nasceu em Alquer\u00eda Blanca (Maiorca-Espanha) no dia 21 de Maio de 1926, filho de dois trabalhadores de f\u00e9 profunda e sincera, Jaime e Maria. A catequese que o seu pai dava a crian\u00e7as e adultos nas casas vizinhas, bem como a f\u00e9 a s\u00f3lida e o amor pr\u00e1tico da sua m\u00e3e, foram o ambiente onde a voca\u00e7\u00e3o do Jaime foi sendo moldada progressivamente. Este ambiente de f\u00e9 foi sendo enriquecido com a educa\u00e7\u00e3o dos primeiros anos recebida na escola prim\u00e1ria das Religiosas Franciscanas de Alquer\u00eda e dos anos de secund\u00e1ria com os Irm\u00e3os das Escolas Crist\u00e3s.<\/span><\/p><h3 class=\"font_9\"><span style=\"font-family: verdana, geneva, sans-serif; font-size: 14pt;\"><strong>\u201cSe existes faz-me feliz\u201d<\/strong><\/span><\/h3><p class=\"font_9\"><span style=\"font-family: verdana, geneva, sans-serif; font-size: 14pt;\">Aos 14 anos, Jaime experimenta a voca\u00e7\u00e3o a partir da sua primeira forte viv\u00eancia de di\u00e1logo com Deus. \u00c9 um col\u00f3quio com Jesus Crucificado e Jesus na Eucaristia, onde experimenta o gozo que Deus d\u00e1 aos que O escutam. Ao mesmo tempo Jaime sente que Ele lhe pede \u201cD\u00e1-me aos homens, leva o Meu amor aos outros\u201d. Com o desejo de seguir progredindo no conhecimento de Deus e com a urg\u00eancia de poder partilh\u00e1-lo com os mais pobres da Terra, o jovem Jaime ingressou, nesse mesmo ano de 1940, no Semin\u00e1rio Diocesano de Maiorca.<\/span><\/p><h3 class=\"font_9\"><span style=\"font-family: verdana, geneva, sans-serif; font-size: 14pt;\"><strong>Os anos no Semin\u00e1rio<\/strong><\/span><\/h3><p class=\"font_9\"><span style=\"font-family: verdana, geneva, sans-serif; font-size: 14pt;\">Ap\u00f3s dois anos do seu ingresso no Semin\u00e1rio, \u00e9 recebido no Col\u00e9gio Maior de Nossa Senhora da Sabedoria, permanecendo a\u00ed at\u00e9 \u00e0 sua ordena\u00e7\u00e3o sacerdotal, tendo sido eleito Reitor do mesmo Col\u00e9gio nos anos anteriores ao sacerd\u00f3cio. Nesses anos organizou, entre os seus companheiros, uma Escola \u2013 \u201cAcademia de Prega\u00e7\u00e3o\u201d \u2013 com a preocupa\u00e7\u00e3o de se obter uma boa prepara\u00e7\u00e3o para a realiza\u00e7\u00e3o do Minist\u00e9rio da Palavra. J\u00e1 nesses primeiros passos da sua sua voca\u00e7\u00e3o alternava os seus estudos intensos com uma incans\u00e1vel atividade apost\u00f3lica: catequese a pessoas pobres e nomeadamente grupos de ciganos; semanas de prega\u00e7\u00e3o a jovens e adultos de bairros pobres e a pessoas do seu pr\u00f3prio bairro; palestras para os alunos do Instituto de Ensinan\u00e7a Media de Palma de Maiorca; dire\u00e7\u00e3o de c\u00edrculos de estudo. A estas atividades h\u00e1 que acrescentar a sua participa\u00e7\u00e3o no nascimento dos Cursos de Cristandade, fundados na diocese de Palma de Maiorca bem como o seu trabalho apost\u00f3lico na A\u00e7\u00e3o Cat\u00f3lica.<\/span><\/p><h3 class=\"font_9\"><span style=\"font-family: verdana, geneva, sans-serif; font-size: 14pt;\"><strong>Ap\u00f3stolo da Palavra em Maiorca<\/strong><\/span><\/h3><p class=\"font_9\"><span style=\"font-family: verdana, geneva, sans-serif; font-size: 14pt;\">Uma vez ordenado sacerdote em Barcelona, em 31de Maio de 1952, foi nomeado p\u00e1roco de Mancor del Valle e diretor espiritual do Santu\u00e1rio de Santa Luzia, sede principal dos Cursos de Cristandade, pelo Bispo Juan Hervas. Tendo sido deslocados os Cursos para fora de Maiorca, o Padre Jaime continuo a sua prega\u00e7\u00e3o por toda a Ilha de Maiorca. Das suas atividade, a prega\u00e7\u00e3o dos Exerc\u00edcios Espirituais, nos noviciados de religiosos e religiosas da diocese e aos te\u00f3logos do Semin\u00e1rio Diocesano, tinham um lugar privilegiado. Em 1960 o Bispo Jesus Enciso Viana, atribuiu-lhe o Conselho Diocesano da A\u00e7\u00e3o Cat\u00f3lica com o objetivo de impulsionar a espirito evang\u00e9lico e apost\u00f3lico. A prega\u00e7\u00e3o do jovem sacerdote ia criando um dinamismo apost\u00f3lico em toda a Ilha. O crescimento dos grupos que queriam prepara-se para a prega\u00e7\u00e3o, levou Jaime a criar escolas apost\u00f3licas ou escolas de evangeliza\u00e7\u00e3o com jovens que, \u00e0 medida que se formavam, convertiam-se em fermento em muitas outra par\u00f3quias.<\/span><\/p><h3 class=\"font_9\"><span style=\"font-family: verdana, geneva, sans-serif; font-size: 14pt;\"><strong>A Verbum Dei faz-se carne<\/strong><\/span><\/h3><p class=\"font_9\"><span style=\"font-family: verdana, geneva, sans-serif; font-size: 14pt;\">\u00c9 neste ambiente apost\u00f3lico de crescimento de escolas de evangeliza\u00e7\u00e3o e face \u00e0 insist\u00eancia e desejo de Monsenhor Enciso Viana, que nasceu a Verbum Dei em 17 de Janeiro de 1963. Desde o seu inicio que o bispo ofereceu todo o seu apoio e estima, ratificado posteriormente pelo Monsenhor Rafael Lara \u00c1lvarez, seu sucessor, que acolheu e impulsionou eficazmente o crescimento da Fraternidade.<\/span><\/p><h3 class=\"font_9\"><span style=\"font-family: verdana, geneva, sans-serif; font-size: 14pt;\"><strong>Servo de Cristo e ap\u00f3stolo por voca\u00e7\u00e3o<\/strong><\/span><\/h3><p class=\"font_9\"><span style=\"font-family: verdana, geneva, sans-serif; font-size: 14pt;\">Aquando da funda\u00e7\u00e3o da Verbum Dei, Jaime foi dispensado, pelo bispo, do trabalho paroquial, para que se pudesse dedicar a tempo inteiro \u00e1 prega\u00e7\u00e3o das conviv\u00eancias e dos exerc\u00edcios espirituais e ao acompanhamento e orienta\u00e7\u00e3o do \u201crec\u00e9m-nascido\u201d Instituto Verbum Dei. Posteriormente centrou a sua atividade e dedica\u00e7\u00e3o apost\u00f3lica guiando a Fraternidade Verbum Dei, orientando novas funda\u00e7\u00f5es pelos cinco continentes e amadurecendo o carisma entre todos os seus membros. Um meio privilegiado para Jaime, na configura\u00e7\u00e3o do carisma, foram os exerc\u00edcios espirituais de dura\u00e7\u00e3o de um m\u00eas e a sua prega\u00e7\u00e3o di\u00e1ria pelos diversos centros da Verbum Dei espalhados pelo mundo. A sua espiritualidade e estilo de vida identificaram-se de forma particular com a vida e estilo de S\u00e3o Paulo, pela sua dedica\u00e7\u00e3o incans\u00e1vel \u00e0 prega\u00e7\u00e3o e cria\u00e7\u00e3o de comunidades. Ao mesmo tempo tamb\u00e9m teve a influ\u00eancia dos grandes m\u00edsticos e mestres da ora\u00e7\u00e3o como Santa Teresa de \u00c1vila, S\u00e3o Jo\u00e3o da Cruz, S\u00e3o Francisco de Assis, S\u00e3o In\u00e1cio de Loyola, Santa Teresinha do Menino Jesus, Carlos de Foucauld, etc.<\/span><\/p>\t\t\t\t\t\t\t\t<\/div>\n\t\t\t\t\t<\/div>\n\t\t\t\t<\/div>\n\t\t\t\t<\/div>\n\t\t","protected":false},"excerpt":{"rendered":"<p>Jaime Bonet, nasceu em 1926 e aos 14 anos viveu uma experi\u00eancia fundante do amor de Deus. Esse encontro mudou tudo: sentiu-se chamado a procurar mais vidas para Deus. A<a href=\"https:\/\/verbumdei.org\/porto\/quem-somos\/o-fundador\/\" rel=\"bookmark\"><span class=\"screen-reader-text\">O Fundador<\/span><\/a><\/p>\n","protected":false},"author":7,"featured_media":0,"parent":439,"menu_order":0,"comment_status":"closed","ping_status":"closed","template":"","meta":{"rop_custom_images_group":[],"rop_custom_messages_group":[],"rop_publish_now":"initial","rop_publish_now_accounts":[],"rop_publish_now_history":[],"rop_publish_now_status":"pending","neve_meta_sidebar":"","neve_meta_container":"","neve_meta_enable_content_width":"","neve_meta_content_width":0,"neve_meta_title_alignment":"","neve_meta_author_avatar":"","neve_post_elements_order":"","neve_meta_disable_header":"","neve_meta_disable_footer":"","neve_meta_disable_title":"","_themeisle_gutenberg_block_has_review":false,"footnotes":""},"class_list":["post-201","page","type-page","status-publish","hentry"],"yoast_head":"<!-- This site is optimized with the Yoast SEO plugin v27.5 - https:\/\/yoast.com\/product\/yoast-seo-wordpress\/ -->\n<title>O Fundador - Verbum Dei Norte<\/title>\n<meta name=\"robots\" content=\"index, follow, max-snippet:-1, max-image-preview:large, max-video-preview:-1\" \/>\n<link rel=\"canonical\" href=\"https:\/\/verbumdei.org\/porto\/quem-somos\/o-fundador\/\" \/>\n<meta property=\"og:locale\" content=\"pt_PT\" \/>\n<meta property=\"og:type\" content=\"article\" \/>\n<meta property=\"og:title\" content=\"O Fundador - Verbum Dei Norte\" \/>\n<meta property=\"og:description\" content=\"Jaime Bonet, nasceu em 1926 e aos 14 anos viveu uma experi\u00eancia fundante do amor de Deus. Esse encontro mudou tudo: sentiu-se chamado a procurar mais vidas para Deus. AO Fundador\" \/>\n<meta property=\"og:url\" content=\"https:\/\/verbumdei.org\/porto\/quem-somos\/o-fundador\/\" \/>\n<meta property=\"og:site_name\" content=\"Verbum Dei Norte\" \/>\n<meta property=\"article:publisher\" content=\"https:\/\/www.facebook.com\/vdportoaveiro\/\" \/>\n<meta property=\"article:modified_time\" content=\"2025-11-11T22:40:31+00:00\" \/>\n<meta name=\"twitter:card\" content=\"summary_large_image\" \/>\n<meta name=\"twitter:label1\" content=\"Tempo estimado de leitura\" \/>\n\t<meta name=\"twitter:data1\" content=\"5 minutos\" \/>\n<script type=\"application\/ld+json\" class=\"yoast-schema-graph\">{\"@context\":\"https:\\\/\\\/schema.org\",\"@graph\":[{\"@type\":\"WebPage\",\"@id\":\"https:\\\/\\\/verbumdei.org\\\/porto\\\/quem-somos\\\/o-fundador\\\/\",\"url\":\"https:\\\/\\\/verbumdei.org\\\/porto\\\/quem-somos\\\/o-fundador\\\/\",\"name\":\"O Fundador - Verbum Dei Norte\",\"isPartOf\":{\"@id\":\"https:\\\/\\\/verbumdei.org\\\/porto\\\/#website\"},\"datePublished\":\"2016-12-08T13:38:40+00:00\",\"dateModified\":\"2025-11-11T22:40:31+00:00\",\"breadcrumb\":{\"@id\":\"https:\\\/\\\/verbumdei.org\\\/porto\\\/quem-somos\\\/o-fundador\\\/#breadcrumb\"},\"inLanguage\":\"pt-PT\",\"potentialAction\":[{\"@type\":\"ReadAction\",\"target\":[\"https:\\\/\\\/verbumdei.org\\\/porto\\\/quem-somos\\\/o-fundador\\\/\"]}]},{\"@type\":\"BreadcrumbList\",\"@id\":\"https:\\\/\\\/verbumdei.org\\\/porto\\\/quem-somos\\\/o-fundador\\\/#breadcrumb\",\"itemListElement\":[{\"@type\":\"ListItem\",\"position\":1,\"name\":\"In\u00edcio\",\"item\":\"https:\\\/\\\/verbumdei.org\\\/porto\\\/\"},{\"@type\":\"ListItem\",\"position\":2,\"name\":\"Quem somos\",\"item\":\"https:\\\/\\\/verbumdei.org\\\/porto\\\/quem-somos\\\/\"},{\"@type\":\"ListItem\",\"position\":3,\"name\":\"O Fundador\"}]},{\"@type\":\"WebSite\",\"@id\":\"https:\\\/\\\/verbumdei.org\\\/porto\\\/#website\",\"url\":\"https:\\\/\\\/verbumdei.org\\\/porto\\\/\",\"name\":\"Verbum Dei Portugal Norte\",\"description\":\"Mission\u00e1rios Verbum Dei no Porto e Aveiro: ora\u00e7\u00e3o, retiro espiritual, forma\u00e7\u00e3o crist\u00e3 e evangeliza\u00e7\u00e3o\",\"publisher\":{\"@id\":\"https:\\\/\\\/verbumdei.org\\\/porto\\\/#organization\"},\"potentialAction\":[{\"@type\":\"SearchAction\",\"target\":{\"@type\":\"EntryPoint\",\"urlTemplate\":\"https:\\\/\\\/verbumdei.org\\\/porto\\\/?s={search_term_string}\"},\"query-input\":{\"@type\":\"PropertyValueSpecification\",\"valueRequired\":true,\"valueName\":\"search_term_string\"}}],\"inLanguage\":\"pt-PT\"},{\"@type\":\"Organization\",\"@id\":\"https:\\\/\\\/verbumdei.org\\\/porto\\\/#organization\",\"name\":\"Verbum Dei Portugal Norte\",\"url\":\"https:\\\/\\\/verbumdei.org\\\/porto\\\/\",\"logo\":{\"@type\":\"ImageObject\",\"inLanguage\":\"pt-PT\",\"@id\":\"https:\\\/\\\/verbumdei.org\\\/porto\\\/#\\\/schema\\\/logo\\\/image\\\/\",\"url\":\"https:\\\/\\\/verbumdei.org\\\/porto\\\/wp-content\\\/uploads\\\/2018\\\/07\\\/Logo2.jpg\",\"contentUrl\":\"https:\\\/\\\/verbumdei.org\\\/porto\\\/wp-content\\\/uploads\\\/2018\\\/07\\\/Logo2.jpg\",\"width\":123,\"height\":120,\"caption\":\"Verbum Dei Portugal Norte\"},\"image\":{\"@id\":\"https:\\\/\\\/verbumdei.org\\\/porto\\\/#\\\/schema\\\/logo\\\/image\\\/\"},\"sameAs\":[\"https:\\\/\\\/www.facebook.com\\\/vdportoaveiro\\\/\",\"https:\\\/\\\/instagram.com\\\/verbumdei.portugal.norte\\\/\"]}]}<\/script>\n<!-- \/ Yoast SEO plugin. -->","yoast_head_json":{"title":"O Fundador - Verbum Dei Norte","robots":{"index":"index","follow":"follow","max-snippet":"max-snippet:-1","max-image-preview":"max-image-preview:large","max-video-preview":"max-video-preview:-1"},"canonical":"https:\/\/verbumdei.org\/porto\/quem-somos\/o-fundador\/","og_locale":"pt_PT","og_type":"article","og_title":"O Fundador - Verbum Dei Norte","og_description":"Jaime Bonet, nasceu em 1926 e aos 14 anos viveu uma experi\u00eancia fundante do amor de Deus. Esse encontro mudou tudo: sentiu-se chamado a procurar mais vidas para Deus. AO Fundador","og_url":"https:\/\/verbumdei.org\/porto\/quem-somos\/o-fundador\/","og_site_name":"Verbum Dei Norte","article_publisher":"https:\/\/www.facebook.com\/vdportoaveiro\/","article_modified_time":"2025-11-11T22:40:31+00:00","twitter_card":"summary_large_image","twitter_misc":{"Tempo estimado de leitura":"5 minutos"},"schema":{"@context":"https:\/\/schema.org","@graph":[{"@type":"WebPage","@id":"https:\/\/verbumdei.org\/porto\/quem-somos\/o-fundador\/","url":"https:\/\/verbumdei.org\/porto\/quem-somos\/o-fundador\/","name":"O Fundador - Verbum Dei Norte","isPartOf":{"@id":"https:\/\/verbumdei.org\/porto\/#website"},"datePublished":"2016-12-08T13:38:40+00:00","dateModified":"2025-11-11T22:40:31+00:00","breadcrumb":{"@id":"https:\/\/verbumdei.org\/porto\/quem-somos\/o-fundador\/#breadcrumb"},"inLanguage":"pt-PT","potentialAction":[{"@type":"ReadAction","target":["https:\/\/verbumdei.org\/porto\/quem-somos\/o-fundador\/"]}]},{"@type":"BreadcrumbList","@id":"https:\/\/verbumdei.org\/porto\/quem-somos\/o-fundador\/#breadcrumb","itemListElement":[{"@type":"ListItem","position":1,"name":"In\u00edcio","item":"https:\/\/verbumdei.org\/porto\/"},{"@type":"ListItem","position":2,"name":"Quem somos","item":"https:\/\/verbumdei.org\/porto\/quem-somos\/"},{"@type":"ListItem","position":3,"name":"O Fundador"}]},{"@type":"WebSite","@id":"https:\/\/verbumdei.org\/porto\/#website","url":"https:\/\/verbumdei.org\/porto\/","name":"Verbum Dei Portugal Norte","description":"Mission\u00e1rios Verbum Dei no Porto e Aveiro: ora\u00e7\u00e3o, retiro espiritual, forma\u00e7\u00e3o crist\u00e3 e evangeliza\u00e7\u00e3o","publisher":{"@id":"https:\/\/verbumdei.org\/porto\/#organization"},"potentialAction":[{"@type":"SearchAction","target":{"@type":"EntryPoint","urlTemplate":"https:\/\/verbumdei.org\/porto\/?s={search_term_string}"},"query-input":{"@type":"PropertyValueSpecification","valueRequired":true,"valueName":"search_term_string"}}],"inLanguage":"pt-PT"},{"@type":"Organization","@id":"https:\/\/verbumdei.org\/porto\/#organization","name":"Verbum Dei Portugal Norte","url":"https:\/\/verbumdei.org\/porto\/","logo":{"@type":"ImageObject","inLanguage":"pt-PT","@id":"https:\/\/verbumdei.org\/porto\/#\/schema\/logo\/image\/","url":"https:\/\/verbumdei.org\/porto\/wp-content\/uploads\/2018\/07\/Logo2.jpg","contentUrl":"https:\/\/verbumdei.org\/porto\/wp-content\/uploads\/2018\/07\/Logo2.jpg","width":123,"height":120,"caption":"Verbum Dei Portugal Norte"},"image":{"@id":"https:\/\/verbumdei.org\/porto\/#\/schema\/logo\/image\/"},"sameAs":["https:\/\/www.facebook.com\/vdportoaveiro\/","https:\/\/instagram.com\/verbumdei.portugal.norte\/"]}]}},"jetpack_sharing_enabled":true,"_links":{"self":[{"href":"https:\/\/verbumdei.org\/porto\/wp-json\/wp\/v2\/pages\/201","targetHints":{"allow":["GET"]}}],"collection":[{"href":"https:\/\/verbumdei.org\/porto\/wp-json\/wp\/v2\/pages"}],"about":[{"href":"https:\/\/verbumdei.org\/porto\/wp-json\/wp\/v2\/types\/page"}],"author":[{"embeddable":true,"href":"https:\/\/verbumdei.org\/porto\/wp-json\/wp\/v2\/users\/7"}],"replies":[{"embeddable":true,"href":"https:\/\/verbumdei.org\/porto\/wp-json\/wp\/v2\/comments?post=201"}],"version-history":[{"count":5,"href":"https:\/\/verbumdei.org\/porto\/wp-json\/wp\/v2\/pages\/201\/revisions"}],"predecessor-version":[{"id":9939,"href":"https:\/\/verbumdei.org\/porto\/wp-json\/wp\/v2\/pages\/201\/revisions\/9939"}],"up":[{"embeddable":true,"href":"https:\/\/verbumdei.org\/porto\/wp-json\/wp\/v2\/pages\/439"}],"wp:attachment":[{"href":"https:\/\/verbumdei.org\/porto\/wp-json\/wp\/v2\/media?parent=201"}],"curies":[{"name":"wp","href":"https:\/\/api.w.org\/{rel}","templated":true}]}}