{"id":14,"date":"2016-11-25T13:18:00","date_gmt":"2016-11-25T13:18:00","guid":{"rendered":"http:\/\/verbumdei.pt\/?page_id=14"},"modified":"2026-03-12T19:40:33","modified_gmt":"2026-03-12T18:40:33","slug":"bem-vindo","status":"publish","type":"page","link":"https:\/\/verbumdei.org\/porto\/","title":{"rendered":"Home"},"content":{"rendered":"\t\t<div data-elementor-type=\"wp-page\" data-elementor-id=\"14\" class=\"elementor elementor-14\">\n\t\t\t\t<div class=\"elementor-element elementor-element-fb6da8c e-con-full e-flex e-con e-parent\" data-id=\"fb6da8c\" data-element_type=\"container\" data-e-type=\"container\">\n\t\t\t\t<div class=\"elementor-element elementor-element-1e6bbc5 elementor-widget elementor-widget-image\" data-id=\"1e6bbc5\" data-element_type=\"widget\" data-e-type=\"widget\" data-widget_type=\"image.default\">\n\t\t\t\t\t\t\t\t\t\t\t\t\t\t\t\t<a href=\"https:\/\/verbumdei.org\/porto\/elementor-9731\/\">\n\t\t\t\t\t\t\t<img fetchpriority=\"high\" decoding=\"async\" width=\"1024\" height=\"308\" src=\"https:\/\/verbumdei.org\/porto\/wp-content\/uploads\/2025\/09\/BANNER-no-seu-amor-ser-um-7-8042f4.svg\" class=\"attachment-large size-large wp-image-9791\" alt=\"\" \/>\t\t\t\t\t\t\t\t<\/a>\n\t\t\t\t\t\t\t\t\t\t\t\t\t\t\t<\/div>\n\t\t\t\t<\/div>\n\t\t<div class=\"elementor-element elementor-element-13ae91c e-flex e-con-boxed e-con e-parent\" data-id=\"13ae91c\" data-element_type=\"container\" data-e-type=\"container\">\n\t\t\t\t\t<div class=\"e-con-inner\">\n\t\t\t\t<div class=\"elementor-element elementor-element-17a9942 elementor-widget elementor-widget-image\" data-id=\"17a9942\" data-element_type=\"widget\" data-e-type=\"widget\" data-widget_type=\"image.default\">\n\t\t\t\t\t\t\t\t\t\t\t\t\t\t\t\t<a href=\"https:\/\/forms.gle\/FLUcxqFi5K3ofjA57\">\n\t\t\t\t\t\t\t<img decoding=\"async\" width=\"793\" height=\"1123\" src=\"https:\/\/verbumdei.org\/porto\/wp-content\/uploads\/2026\/03\/WhatsApp-Image-2026-03-10-at-20.25.31.jpeg\" class=\"attachment-full size-full wp-image-10062\" alt=\"\" srcset=\"https:\/\/verbumdei.org\/porto\/wp-content\/uploads\/2026\/03\/WhatsApp-Image-2026-03-10-at-20.25.31.jpeg 793w, https:\/\/verbumdei.org\/porto\/wp-content\/uploads\/2026\/03\/WhatsApp-Image-2026-03-10-at-20.25.31-212x300.jpeg 212w, https:\/\/verbumdei.org\/porto\/wp-content\/uploads\/2026\/03\/WhatsApp-Image-2026-03-10-at-20.25.31-723x1024.jpeg 723w, https:\/\/verbumdei.org\/porto\/wp-content\/uploads\/2026\/03\/WhatsApp-Image-2026-03-10-at-20.25.31-768x1088.jpeg 768w, https:\/\/verbumdei.org\/porto\/wp-content\/uploads\/2026\/03\/WhatsApp-Image-2026-03-10-at-20.25.31-600x850.jpeg 600w\" sizes=\"(max-width: 793px) 100vw, 793px\" \/>\t\t\t\t\t\t\t\t<\/a>\n\t\t\t\t\t\t\t\t\t\t\t\t\t\t\t<\/div>\n\t\t\t\t\t<\/div>\n\t\t\t\t<\/div>\n\t\t<div class=\"elementor-element elementor-element-05640c3 e-flex e-con-boxed e-con e-parent\" data-id=\"05640c3\" data-element_type=\"container\" data-e-type=\"container\">\n\t\t\t\t\t<div class=\"e-con-inner\">\n\t\t\t\t<div class=\"elementor-element elementor-element-b629f59 elementor-widget elementor-widget-text-editor\" data-id=\"b629f59\" data-element_type=\"widget\" data-e-type=\"widget\" data-widget_type=\"text-editor.default\">\n\t\t\t\t\t\t\t\t\t<p>Tal como prometido aqui fica a informa\u00e7\u00e3o sobre o programa para celebrar o Tr\u00edduo Pascal, com profundidade e em Fam\u00edlia.&nbsp; \u00c0 semelhan\u00e7a do ano passado, podem participar em todas as atividades propostas ou s\u00f3 em algumas, de acordo com a vossa disponibilidade. Pedimos que se inscrevam at\u00e9 ao dia 30 de mar\u00e7o atrav\u00e9s do qrcode do cartaz ou atrav\u00e9s do link: <a href=\"https:\/\/forms.gle\/FLUcxqFi5K3ofjA57\">Inscri\u00e7\u00e3o<\/a><\/p>\n<h6><i>A inscri\u00e7\u00e3o no voluntariado da pris\u00e3o tem de ser at\u00e9 ao dia 25 de mar\u00e7o.<\/i><\/h6>\n<p>Carregando neste mesmo<b> <a href=\"https:\/\/forms.gle\/FLUcxqFi5K3ofjA57\" style=\"\">link<\/a> <\/b>ficar\u00e3o tamb\u00e9m a par do programa para estes dias.&nbsp;<\/p>\n<p>Contamos com a vossa presen\u00e7a e com a daqueles que quiserem convidar!<\/p>\t\t\t\t\t\t\t\t<\/div>\n\t\t\t\t\t<\/div>\n\t\t\t\t<\/div>\n\t\t<div class=\"elementor-element elementor-element-ce8c50b e-flex e-con-boxed e-con e-parent\" data-id=\"ce8c50b\" data-element_type=\"container\" data-e-type=\"container\">\n\t\t\t\t\t<div class=\"e-con-inner\">\n\t\t\t\t<div class=\"elementor-element elementor-element-119489a elementor-widget elementor-widget-video\" data-id=\"119489a\" data-element_type=\"widget\" data-e-type=\"widget\" data-settings=\"{&quot;video_type&quot;:&quot;hosted&quot;,&quot;controls&quot;:&quot;yes&quot;}\" data-widget_type=\"video.default\">\n\t\t\t\t\t\t\t<div class=\"e-hosted-video elementor-wrapper elementor-open-inline\">\n\t\t\t\t\t<video class=\"elementor-video\" src=\"https:\/\/verbumdei.org\/porto\/wp-content\/uploads\/2026\/01\/WhatsApp-Video-2026-01-04-at-11.01.45.mp4\" controls=\"\" preload=\"metadata\" controlsList=\"nodownload\"><\/video>\n\t\t\t\t<\/div>\n\t\t\t\t\t\t<\/div>\n\t\t\t\t\t<\/div>\n\t\t\t\t<\/div>\n\t\t<div class=\"elementor-element elementor-element-f7316bc e-flex e-con-boxed e-con e-parent\" data-id=\"f7316bc\" data-element_type=\"container\" data-e-type=\"container\">\n\t\t\t\t\t<div class=\"e-con-inner\">\n\t\t\t\t<div class=\"elementor-element elementor-element-4bebbda elementor-widget elementor-widget-heading\" data-id=\"4bebbda\" data-element_type=\"widget\" data-e-type=\"widget\" data-widget_type=\"heading.default\">\n\t\t\t\t\t<h2 class=\"elementor-heading-title elementor-size-default\">Experi\u00eancia de Ora\u00e7\u00e3o - Retiro Espiritual<br>Encontro com Deus por meio da Sua Palavra<\/h2>\t\t\t\t<\/div>\n\t\t\t\t\t<\/div>\n\t\t\t\t<\/div>\n\t\t<div class=\"elementor-element elementor-element-af6b62c e-flex e-con-boxed e-con e-parent\" data-id=\"af6b62c\" data-element_type=\"container\" data-e-type=\"container\">\n\t\t\t\t\t<div class=\"e-con-inner\">\n\t\t\t\t<div class=\"elementor-element elementor-element-b91334f elementor-widget elementor-widget-heading\" data-id=\"b91334f\" data-element_type=\"widget\" data-e-type=\"widget\" data-widget_type=\"heading.default\">\n\t\t\t\t\t<h2 class=\"elementor-heading-title elementor-size-default\"><a href=\"https:\/\/forms.gle\/YDZpfeqKKwPnkhq78\">Mais informa\u00e7\u00f5es e inscri\u00e7\u00e3o<\/a><\/h2>\t\t\t\t<\/div>\n\t\t\t\t\t<\/div>\n\t\t\t\t<\/div>\n\t\t<div class=\"elementor-element elementor-element-12491a8b e-con-full e-flex e-con e-parent\" data-id=\"12491a8b\" data-element_type=\"container\" data-e-type=\"container\" data-settings=\"{&quot;background_background&quot;:&quot;classic&quot;}\">\n\t\t<div class=\"elementor-element elementor-element-70d72070 e-con-full e-flex e-con e-child\" data-id=\"70d72070\" data-element_type=\"container\" data-e-type=\"container\">\n\t\t\t\t<div class=\"elementor-element elementor-element-57c8c090 elementor-widget elementor-widget-heading\" data-id=\"57c8c090\" data-element_type=\"widget\" data-e-type=\"widget\" data-widget_type=\"heading.default\">\n\t\t\t\t\t<h1 class=\"elementor-heading-title elementor-size-default\"><a href=\"https:\/\/verbumdei.org\/porto\/workshopdapalavra\/\">Workshop da Palavra de Deus<\/a><\/h1>\t\t\t\t<\/div>\n\t\t\t\t<div class=\"elementor-element elementor-element-5bc56509 elementor-widget elementor-widget-text-editor\" data-id=\"5bc56509\" data-element_type=\"widget\" data-e-type=\"widget\" data-widget_type=\"text-editor.default\">\n\t\t\t\t\t\t\t\t\t<p style=\"text-align: center;\"><span style=\"color: #000000; font-family: verdana, geneva, sans-serif; font-size: 12pt;\">A Comunidade Cat\u00f3lica Verbum Dei convida-te a participar num Workshop que te permitir\u00e1 aprender a orar e a dialogar com Jesus, por meio da Sua Palavra.<\/span><\/p><h2 style=\"text-align: center;\"><span style=\"color: #000000; font-family: verdana, geneva, sans-serif; font-size: 12pt;\"> <a title=\"Mais informa\u00e7\u00e3o\" href=\"https:\/\/verbumdei.org\/porto\/workshopdapalavra\/\">Informa\u00e7\u00f4es<\/a><\/span><\/h2>\t\t\t\t\t\t\t\t<\/div>\n\t\t\t\t<div class=\"elementor-element elementor-element-7f445f18 elementor-mobile-align-center elementor-widget elementor-widget-button\" data-id=\"7f445f18\" data-element_type=\"widget\" data-e-type=\"widget\" data-widget_type=\"button.default\">\n\t\t\t\t\t\t\t\t\t\t<a class=\"elementor-button elementor-button-link elementor-size-sm\" href=\"https:\/\/docs.google.com\/forms\/d\/e\/1FAIpQLScMG7YUtZbYADvUQGBFQN9AdHdb_hWD06tgykwfAdYKtw5jmg\/viewform?usp=dialog\">\n\t\t\t\t\t\t<span class=\"elementor-button-content-wrapper\">\n\t\t\t\t\t\t\t\t\t<span class=\"elementor-button-text\">Contacta-nos<\/span>\n\t\t\t\t\t<\/span>\n\t\t\t\t\t<\/a>\n\t\t\t\t\t\t\t\t<\/div>\n\t\t\t\t<\/div>\n\t\t<div class=\"elementor-element elementor-element-63881697 e-con-full e-flex e-con e-child\" data-id=\"63881697\" data-element_type=\"container\" data-e-type=\"container\">\n\t\t\t\t<div class=\"elementor-element elementor-element-1a0ed2f elementor-widget elementor-widget-video\" data-id=\"1a0ed2f\" data-element_type=\"widget\" data-e-type=\"widget\" data-settings=\"{&quot;video_type&quot;:&quot;hosted&quot;,&quot;controls&quot;:&quot;yes&quot;}\" data-widget_type=\"video.default\">\n\t\t\t\t\t\t\t<div class=\"e-hosted-video elementor-wrapper elementor-open-inline\">\n\t\t\t\t\t<video class=\"elementor-video\" src=\"https:\/\/verbumdei.org\/porto\/wp-content\/uploads\/2025\/11\/Escola_da_Palavra__Um_Plano_para_a_Fe.mp4\" controls=\"\" preload=\"metadata\" controlsList=\"nodownload\"><\/video>\n\t\t\t\t<\/div>\n\t\t\t\t\t\t<\/div>\n\t\t\t\t<\/div>\n\t\t\t\t<\/div>\n\t\t<div class=\"elementor-element elementor-element-48bfbefb e-flex e-con-boxed e-con e-parent\" data-id=\"48bfbefb\" data-element_type=\"container\" data-e-type=\"container\">\n\t\t\t\t\t<div class=\"e-con-inner\">\n\t\t<div class=\"elementor-element elementor-element-5d37ee07 e-con-full e-flex e-con e-child\" data-id=\"5d37ee07\" data-element_type=\"container\" data-e-type=\"container\">\n\t\t<div class=\"elementor-element elementor-element-4d3938f0 e-con-full e-flex e-con e-child\" data-id=\"4d3938f0\" data-element_type=\"container\" data-e-type=\"container\">\n\t\t\t\t<div class=\"elementor-element elementor-element-26a093ec elementor-widget elementor-widget-image\" data-id=\"26a093ec\" data-element_type=\"widget\" data-e-type=\"widget\" data-widget_type=\"image.default\">\n\t\t\t\t\t\t\t\t\t\t\t\t\t\t\t<img decoding=\"async\" width=\"768\" height=\"1024\" src=\"https:\/\/verbumdei.org\/porto\/wp-content\/uploads\/2025\/11\/IMG-20250622-WA0022-768x1024.jpg\" class=\"attachment-large size-large wp-image-10028\" alt=\"\" srcset=\"https:\/\/verbumdei.org\/porto\/wp-content\/uploads\/2025\/11\/IMG-20250622-WA0022-768x1024.jpg 768w, https:\/\/verbumdei.org\/porto\/wp-content\/uploads\/2025\/11\/IMG-20250622-WA0022-225x300.jpg 225w, https:\/\/verbumdei.org\/porto\/wp-content\/uploads\/2025\/11\/IMG-20250622-WA0022-600x800.jpg 600w, https:\/\/verbumdei.org\/porto\/wp-content\/uploads\/2025\/11\/IMG-20250622-WA0022-1152x1536.jpg 1152w, https:\/\/verbumdei.org\/porto\/wp-content\/uploads\/2025\/11\/IMG-20250622-WA0022-1320x1760.jpg 1320w, https:\/\/verbumdei.org\/porto\/wp-content\/uploads\/2025\/11\/IMG-20250622-WA0022.jpg 1536w\" sizes=\"(max-width: 768px) 100vw, 768px\" \/>\t\t\t\t\t\t\t\t\t\t\t\t\t\t\t<\/div>\n\t\t\t\t<div class=\"elementor-element elementor-element-3d54ca09 elementor-widget elementor-widget-image\" data-id=\"3d54ca09\" data-element_type=\"widget\" data-e-type=\"widget\" data-widget_type=\"image.default\">\n\t\t\t\t\t\t\t\t\t\t\t\t\t\t\t<img loading=\"lazy\" decoding=\"async\" width=\"1024\" height=\"768\" src=\"https:\/\/verbumdei.org\/porto\/wp-content\/uploads\/2025\/11\/IMG-20250622-WA0019-1024x768.jpg\" class=\"attachment-large size-large wp-image-10027\" alt=\"\" srcset=\"https:\/\/verbumdei.org\/porto\/wp-content\/uploads\/2025\/11\/IMG-20250622-WA0019-1024x768.jpg 1024w, https:\/\/verbumdei.org\/porto\/wp-content\/uploads\/2025\/11\/IMG-20250622-WA0019-300x225.jpg 300w, https:\/\/verbumdei.org\/porto\/wp-content\/uploads\/2025\/11\/IMG-20250622-WA0019-768x576.jpg 768w, https:\/\/verbumdei.org\/porto\/wp-content\/uploads\/2025\/11\/IMG-20250622-WA0019-600x450.jpg 600w, https:\/\/verbumdei.org\/porto\/wp-content\/uploads\/2025\/11\/IMG-20250622-WA0019-1536x1152.jpg 1536w, https:\/\/verbumdei.org\/porto\/wp-content\/uploads\/2025\/11\/IMG-20250622-WA0019-1320x990.jpg 1320w, https:\/\/verbumdei.org\/porto\/wp-content\/uploads\/2025\/11\/IMG-20250622-WA0019.jpg 2048w\" sizes=\"(max-width: 1024px) 100vw, 1024px\" \/>\t\t\t\t\t\t\t\t\t\t\t\t\t\t\t<\/div>\n\t\t\t\t<\/div>\n\t\t<div class=\"elementor-element elementor-element-3091ae96 e-con-full e-flex e-con e-child\" data-id=\"3091ae96\" data-element_type=\"container\" data-e-type=\"container\">\n\t\t\t\t<div class=\"elementor-element elementor-element-5aff5e1c elementor-widget elementor-widget-image\" data-id=\"5aff5e1c\" data-element_type=\"widget\" data-e-type=\"widget\" data-widget_type=\"image.default\">\n\t\t\t\t\t\t\t\t\t\t\t\t\t\t\t<img loading=\"lazy\" decoding=\"async\" width=\"1024\" height=\"773\" src=\"https:\/\/verbumdei.org\/porto\/wp-content\/uploads\/2025\/11\/IMG-20250524-WA0014-1024x773.webp\" class=\"attachment-large size-large wp-image-10025\" alt=\"\" srcset=\"https:\/\/verbumdei.org\/porto\/wp-content\/uploads\/2025\/11\/IMG-20250524-WA0014-1024x773.webp 1024w, https:\/\/verbumdei.org\/porto\/wp-content\/uploads\/2025\/11\/IMG-20250524-WA0014-300x226.webp 300w, https:\/\/verbumdei.org\/porto\/wp-content\/uploads\/2025\/11\/IMG-20250524-WA0014-768x579.webp 768w, https:\/\/verbumdei.org\/porto\/wp-content\/uploads\/2025\/11\/IMG-20250524-WA0014-600x453.webp 600w, https:\/\/verbumdei.org\/porto\/wp-content\/uploads\/2025\/11\/IMG-20250524-WA0014-1536x1159.jpg 1536w, https:\/\/verbumdei.org\/porto\/wp-content\/uploads\/2025\/11\/IMG-20250524-WA0014-1320x996.jpg 1320w, https:\/\/verbumdei.org\/porto\/wp-content\/uploads\/2025\/11\/IMG-20250524-WA0014.webp 1920w\" sizes=\"(max-width: 1024px) 100vw, 1024px\" \/>\t\t\t\t\t\t\t\t\t\t\t\t\t\t\t<\/div>\n\t\t\t\t<div class=\"elementor-element elementor-element-2fecca47 elementor-widget elementor-widget-image\" data-id=\"2fecca47\" data-element_type=\"widget\" data-e-type=\"widget\" data-widget_type=\"image.default\">\n\t\t\t\t\t\t\t\t\t\t\t\t\t\t\t<img loading=\"lazy\" decoding=\"async\" width=\"1024\" height=\"768\" src=\"https:\/\/verbumdei.org\/porto\/wp-content\/uploads\/2025\/11\/IMG-20250524-WA0057-1024x768.webp\" class=\"attachment-large size-large wp-image-10026\" alt=\"\" srcset=\"https:\/\/verbumdei.org\/porto\/wp-content\/uploads\/2025\/11\/IMG-20250524-WA0057-1024x768.webp 1024w, https:\/\/verbumdei.org\/porto\/wp-content\/uploads\/2025\/11\/IMG-20250524-WA0057-300x225.webp 300w, https:\/\/verbumdei.org\/porto\/wp-content\/uploads\/2025\/11\/IMG-20250524-WA0057-768x576.webp 768w, https:\/\/verbumdei.org\/porto\/wp-content\/uploads\/2025\/11\/IMG-20250524-WA0057-600x450.webp 600w, https:\/\/verbumdei.org\/porto\/wp-content\/uploads\/2025\/11\/IMG-20250524-WA0057-1536x1152.webp 1536w, https:\/\/verbumdei.org\/porto\/wp-content\/uploads\/2025\/11\/IMG-20250524-WA0057-1320x990.jpg 1320w, https:\/\/verbumdei.org\/porto\/wp-content\/uploads\/2025\/11\/IMG-20250524-WA0057.webp 1920w\" sizes=\"(max-width: 1024px) 100vw, 1024px\" \/>\t\t\t\t\t\t\t\t\t\t\t\t\t\t\t<\/div>\n\t\t\t\t<\/div>\n\t\t\t\t<\/div>\n\t\t<div class=\"elementor-element elementor-element-6bc1f3bb e-con-full e-flex e-con e-child\" data-id=\"6bc1f3bb\" data-element_type=\"container\" data-e-type=\"container\">\n\t\t\t\t<div class=\"elementor-element elementor-element-456e5f9 elementor-widget elementor-widget-heading\" data-id=\"456e5f9\" data-element_type=\"widget\" data-e-type=\"widget\" data-widget_type=\"heading.default\">\n\t\t\t\t\t<h3 class=\"elementor-heading-title elementor-size-default\">Sobre n\u00f3s<\/h3>\t\t\t\t<\/div>\n\t\t\t\t<div class=\"elementor-element elementor-element-447ef69c elementor-widget elementor-widget-text-editor\" data-id=\"447ef69c\" data-element_type=\"widget\" data-e-type=\"widget\" data-widget_type=\"text-editor.default\">\n\t\t\t\t\t\t\t\t\t<p>A <strong data-start=\"131\" data-end=\"145\">Verbum Dei<\/strong> \u00e9 uma fam\u00edlia mission\u00e1ria da Igreja Cat\u00f3lica que re\u00fane <strong data-start=\"201\" data-end=\"225\">consagrados e leigos<\/strong> com o mesmo desejo: <strong data-start=\"246\" data-end=\"279\">tornar Deus conhecido e amado<\/strong>.<br data-start=\"280\" data-end=\"283\" \/>Vivemos a miss\u00e3o atrav\u00e9s da <strong data-start=\"311\" data-end=\"321\">ora\u00e7\u00e3o<\/strong>, da <strong data-start=\"326\" data-end=\"345\">Palavra de Deus<\/strong> e do <strong data-start=\"351\" data-end=\"373\">testemunho de vida<\/strong>.<br data-start=\"374\" data-end=\"377\" \/>Queremos <strong data-start=\"386\" data-end=\"433\">ajudar cada pessoa a encontrar-se com Jesus<\/strong>, deixando que a Sua Palavra transforme o cora\u00e7\u00e3o e a vida.<br data-start=\"492\" data-end=\"495\" \/>O nosso lema \u00e9: <em data-start=\"511\" data-end=\"568\">\u201cDedicar-nos-emos \u00e0 ora\u00e7\u00e3o e ao minist\u00e9rio da Palavra.\u201d<\/em><br data-start=\"568\" data-end=\"571\" \/>Com <strong data-start=\"575\" data-end=\"643\">Exerc\u00edcios Espirituais, Escolas de Ap\u00f3stolos e comunidades vivas<\/strong>, procuramos ser <strong data-start=\"660\" data-end=\"703\">voz e presen\u00e7a de Deus no mundo de hoje<\/strong>.<\/p>\t\t\t\t\t\t\t\t<\/div>\n\t\t\t\t<div class=\"elementor-element elementor-element-205498c6 elementor-mobile-align-center elementor-invisible elementor-widget elementor-widget-button\" data-id=\"205498c6\" data-element_type=\"widget\" data-e-type=\"widget\" data-settings=\"{&quot;_animation&quot;:&quot;fadeInDown&quot;}\" data-widget_type=\"button.default\">\n\t\t\t\t\t\t\t\t\t\t<a class=\"elementor-button elementor-button-link elementor-size-sm\" href=\"https:\/\/verbumdei.org\/porto\/quem-somos\/sobre-a-verbum-dei\/sobre-a-verbum-dei\/#\">\n\t\t\t\t\t\t<span class=\"elementor-button-content-wrapper\">\n\t\t\t\t\t\t\t\t\t<span class=\"elementor-button-text\">Sabe mais de n\u00f3s<\/span>\n\t\t\t\t\t<\/span>\n\t\t\t\t\t<\/a>\n\t\t\t\t\t\t\t\t<\/div>\n\t\t\t\t<\/div>\n\t\t\t\t\t<\/div>\n\t\t\t\t<\/div>\n\t\t<div class=\"elementor-element elementor-element-6bb89ef7 e-con-full e-flex e-con e-parent\" data-id=\"6bb89ef7\" data-element_type=\"container\" data-e-type=\"container\" id=\"next\">\n\t\t\t\t<div class=\"elementor-element elementor-element-616bdb8f elementor-widget elementor-widget-heading\" data-id=\"616bdb8f\" data-element_type=\"widget\" data-e-type=\"widget\" data-widget_type=\"heading.default\">\n\t\t\t\t\t<h3 class=\"elementor-heading-title elementor-size-default\">Miss\u00e3o e Atividades<\/h3>\t\t\t\t<\/div>\n\t\t\t\t<div class=\"elementor-element elementor-element-2554dfee elementor-widget elementor-widget-heading\" data-id=\"2554dfee\" data-element_type=\"widget\" data-e-type=\"widget\" data-widget_type=\"heading.default\">\n\t\t\t\t\t<p class=\"elementor-heading-title elementor-size-default\">Nos dedicaremos \u00e0 ora\u00e7\u00e3o e ao minist\u00e9rio da Palavra<\/p>\t\t\t\t<\/div>\n\t\t<div class=\"elementor-element elementor-element-7dac0742 e-con-full e-flex e-con e-child\" data-id=\"7dac0742\" data-element_type=\"container\" data-e-type=\"container\">\n\t\t<div class=\"elementor-element elementor-element-106b3eb6 e-con-full e-flex e-con e-child\" data-id=\"106b3eb6\" data-element_type=\"container\" data-e-type=\"container\">\n\t\t\t\t<div class=\"elementor-element elementor-element-1233addd elementor-position-top elementor-widget elementor-widget-image-box\" data-id=\"1233addd\" data-element_type=\"widget\" data-e-type=\"widget\" data-widget_type=\"image-box.default\">\n\t\t\t\t\t<div class=\"elementor-image-box-wrapper\"><figure class=\"elementor-image-box-img\"><a href=\"https:\/\/chat.whatsapp.com\/3NCuE4KyNaO5SDvXFWMX5z?mode=ems_qr_t\" tabindex=\"-1\"><img loading=\"lazy\" decoding=\"async\" width=\"940\" height=\"788\" src=\"https:\/\/verbumdei.org\/porto\/wp-content\/uploads\/2025\/11\/principais-atividades-1-4-f11c75.svg\" class=\"elementor-animation-grow attachment-full size-full wp-image-10032\" alt=\"\" \/><\/a><\/figure><div class=\"elementor-image-box-content\"><h4 class=\"elementor-image-box-title\"><a href=\"https:\/\/chat.whatsapp.com\/3NCuE4KyNaO5SDvXFWMX5z?mode=ems_qr_t\">Conventinho de contumil<\/a><\/h4><p class=\"elementor-image-box-description\">Acompanhamos a realidade da periferia do Porto oferecendo Espiritualidade e Forma\u00e7\u00e3o<\/p><\/div><\/div>\t\t\t\t<\/div>\n\t\t\t\t<\/div>\n\t\t<div class=\"elementor-element elementor-element-6d0fbd84 e-con-full e-flex e-con e-child\" data-id=\"6d0fbd84\" data-element_type=\"container\" data-e-type=\"container\">\n\t\t\t\t<div class=\"elementor-element elementor-element-7f729d23 elementor-position-top elementor-widget elementor-widget-image-box\" data-id=\"7f729d23\" data-element_type=\"widget\" data-e-type=\"widget\" data-widget_type=\"image-box.default\">\n\t\t\t\t\t<div class=\"elementor-image-box-wrapper\"><figure class=\"elementor-image-box-img\"><a href=\"https:\/\/chat.whatsapp.com\/3NCuE4KyNaO5SDvXFWMX5z?mode=ems_qr_t\" tabindex=\"-1\"><img loading=\"lazy\" decoding=\"async\" width=\"940\" height=\"788\" src=\"https:\/\/verbumdei.org\/porto\/wp-content\/uploads\/2025\/11\/principais-atividades-1-5-277f68.svg\" class=\"elementor-animation-grow attachment-full size-full wp-image-10033\" alt=\"\" \/><\/a><\/figure><div class=\"elementor-image-box-content\"><h4 class=\"elementor-image-box-title\"><a href=\"https:\/\/chat.whatsapp.com\/3NCuE4KyNaO5SDvXFWMX5z?mode=ems_qr_t\">Capela Nossa Senhora do Bom sucesso<\/a><\/h4><p class=\"elementor-image-box-description\">Num dos centros neur\u00e1lgicos do Porto temos momentos de confiss\u00f5es e de viver a Eucaristia em Fam\u00edlia<\/p><\/div><\/div>\t\t\t\t<\/div>\n\t\t\t\t<\/div>\n\t\t<div class=\"elementor-element elementor-element-7e7b3f6b e-con-full e-flex e-con e-child\" data-id=\"7e7b3f6b\" data-element_type=\"container\" data-e-type=\"container\">\n\t\t\t\t<div class=\"elementor-element elementor-element-1e333ddb elementor-position-top elementor-widget elementor-widget-image-box\" data-id=\"1e333ddb\" data-element_type=\"widget\" data-e-type=\"widget\" data-widget_type=\"image-box.default\">\n\t\t\t\t\t<div class=\"elementor-image-box-wrapper\"><figure class=\"elementor-image-box-img\"><a href=\"https:\/\/chat.whatsapp.com\/GVNWFvwm7Ww5MdBf80LRuI?mode=ems_qr_t\" tabindex=\"-1\"><img loading=\"lazy\" decoding=\"async\" width=\"940\" height=\"788\" src=\"https:\/\/verbumdei.org\/porto\/wp-content\/uploads\/2025\/11\/principais-atividades-1-6-9f565c.svg\" class=\"elementor-animation-grow attachment-full size-full wp-image-10034\" alt=\"\" \/><\/a><\/figure><div class=\"elementor-image-box-content\"><h4 class=\"elementor-image-box-title\"><a href=\"https:\/\/chat.whatsapp.com\/GVNWFvwm7Ww5MdBf80LRuI?mode=ems_qr_t\">aveiro<\/a><\/h4><p class=\"elementor-image-box-description\">Numa das cidades mais bonitas de Portugal, a Fam\u00edlia Verbum Dei se re\u00fane regularmente para viver e celebrar a f\u00e9 em comunidade<\/p><\/div><\/div>\t\t\t\t<\/div>\n\t\t\t\t<\/div>\n\t\t<div class=\"elementor-element elementor-element-73dbed35 e-con-full e-flex e-con e-child\" data-id=\"73dbed35\" data-element_type=\"container\" data-e-type=\"container\">\n\t\t\t\t<div class=\"elementor-element elementor-element-7da2afe6 elementor-position-top elementor-widget elementor-widget-image-box\" data-id=\"7da2afe6\" data-element_type=\"widget\" data-e-type=\"widget\" data-widget_type=\"image-box.default\">\n\t\t\t\t\t<div class=\"elementor-image-box-wrapper\"><figure class=\"elementor-image-box-img\"><a href=\"#\" tabindex=\"-1\"><img loading=\"lazy\" decoding=\"async\" width=\"940\" height=\"788\" src=\"https:\/\/verbumdei.org\/porto\/wp-content\/uploads\/2025\/11\/principais-atividades-1-7-2218b4.svg\" class=\"elementor-animation-grow attachment-full size-full wp-image-10035\" alt=\"\" \/><\/a><\/figure><div class=\"elementor-image-box-content\"><h4 class=\"elementor-image-box-title\"><a href=\"#\">acompanhamento, confiss\u00f5es e discernimento<\/a><\/h4><p class=\"elementor-image-box-description\">A riqueza do nosso carisma leva-nos a oferecer a possibilidade de di\u00e1logos profundos que ajudem a avan\u00e7ar no seguimento de Cristo.<\/p><\/div><\/div>\t\t\t\t<\/div>\n\t\t\t\t<\/div>\n\t\t\t\t<\/div>\n\t\t\t\t<\/div>\n\t\t<div class=\"elementor-element elementor-element-764569e2 e-con-full e-flex e-con e-parent\" data-id=\"764569e2\" data-element_type=\"container\" data-e-type=\"container\" data-settings=\"{&quot;background_background&quot;:&quot;classic&quot;}\">\n\t\t\t\t<div class=\"elementor-element elementor-element-7d3306d6 elementor-widget elementor-widget-heading\" data-id=\"7d3306d6\" data-element_type=\"widget\" data-e-type=\"widget\" data-widget_type=\"heading.default\">\n\t\t\t\t\t<h3 class=\"elementor-heading-title elementor-size-default\">Atividades - pr\u00f3ximos meses<\/h3>\t\t\t\t<\/div>\n\t\t<div class=\"elementor-element elementor-element-591fc7db e-con-full e-flex e-con e-child\" data-id=\"591fc7db\" data-element_type=\"container\" data-e-type=\"container\">\n\t\t\t\t<div class=\"elementor-element elementor-element-15ce29e7 elementor-view-stacked elementor-shape-square elementor-widget__width-initial elementor-position-block-start elementor-mobile-position-block-start elementor-widget elementor-widget-icon-box\" data-id=\"15ce29e7\" data-element_type=\"widget\" data-e-type=\"widget\" data-widget_type=\"icon-box.default\">\n\t\t\t\t\t\t\t<div class=\"elementor-icon-box-wrapper\">\n\n\t\t\t\t\t\t<div class=\"elementor-icon-box-icon\">\n\t\t\t\t<a href=\"https:\/\/forms.gle\/g5WxNnLDSwAiQ6pL6\" class=\"elementor-icon elementor-animation-shrink\" tabindex=\"-1\" aria-label=\"Encontro Nacional\">\n\t\t\t\t<svg aria-hidden=\"true\" class=\"e-font-icon-svg e-far-check-circle\" viewBox=\"0 0 512 512\" xmlns=\"http:\/\/www.w3.org\/2000\/svg\"><path d=\"M256 8C119.033 8 8 119.033 8 256s111.033 248 248 248 248-111.033 248-248S392.967 8 256 8zm0 48c110.532 0 200 89.451 200 200 0 110.532-89.451 200-200 200-110.532 0-200-89.451-200-200 0-110.532 89.451-200 200-200m140.204 130.267l-22.536-22.718c-4.667-4.705-12.265-4.736-16.97-.068L215.346 303.697l-59.792-60.277c-4.667-4.705-12.265-4.736-16.97-.069l-22.719 22.536c-4.705 4.667-4.736 12.265-.068 16.971l90.781 91.516c4.667 4.705 12.265 4.736 16.97.068l172.589-171.204c4.704-4.668 4.734-12.266.067-16.971z\"><\/path><\/svg>\t\t\t\t<\/a>\n\t\t\t<\/div>\n\t\t\t\n\t\t\t\t\t\t<div class=\"elementor-icon-box-content\">\n\n\t\t\t\t\t\t\t\t\t<h4 class=\"elementor-icon-box-title\">\n\t\t\t\t\t\t<a href=\"https:\/\/forms.gle\/g5WxNnLDSwAiQ6pL6\" >\n\t\t\t\t\t\t\tEncontro Nacional\t\t\t\t\t\t<\/a>\n\t\t\t\t\t<\/h4>\n\t\t\t\t\n\t\t\t\t\t\t\t\t\t<p class=\"elementor-icon-box-description\">\n\t\t\t\t\t\tNo pr\u00f3ximo 17 de janeiro, toda a Fam\u00edlia Verbum Dei se re\u00fane em F\u00e1tima\t\t\t\t\t<\/p>\n\t\t\t\t\n\t\t\t<\/div>\n\t\t\t\n\t\t<\/div>\n\t\t\t\t\t\t<\/div>\n\t\t\t\t<div class=\"elementor-element elementor-element-131e26c2 elementor-view-stacked elementor-shape-square elementor-widget__width-initial elementor-position-block-start elementor-mobile-position-block-start elementor-widget elementor-widget-icon-box\" data-id=\"131e26c2\" data-element_type=\"widget\" data-e-type=\"widget\" data-widget_type=\"icon-box.default\">\n\t\t\t\t\t\t\t<div class=\"elementor-icon-box-wrapper\">\n\n\t\t\t\t\t\t<div class=\"elementor-icon-box-icon\">\n\t\t\t\t<span  class=\"elementor-icon elementor-animation-shrink\">\n\t\t\t\t<svg aria-hidden=\"true\" class=\"e-font-icon-svg e-fas-pray\" viewBox=\"0 0 384 512\" xmlns=\"http:\/\/www.w3.org\/2000\/svg\"><path d=\"M256 128c35.35 0 64-28.65 64-64S291.35 0 256 0s-64 28.65-64 64 28.65 64 64 64zm-30.63 169.75c14.06 16.72 39 19.09 55.97 5.22l88-72.02c17.09-13.98 19.59-39.19 5.62-56.28-13.97-17.11-39.19-19.59-56.31-5.62l-57.44 47-38.91-46.31c-15.44-18.39-39.22-27.92-64-25.33-24.19 2.48-45.25 16.27-56.37 36.92l-49.37 92.03c-23.4 43.64-8.69 96.37 34.19 123.75L131.56 432H40c-22.09 0-40 17.91-40 40s17.91 40 40 40h208c34.08 0 53.77-42.79 28.28-68.28L166.42 333.86l34.8-64.87 24.15 28.76z\"><\/path><\/svg>\t\t\t\t<\/span>\n\t\t\t<\/div>\n\t\t\t\n\t\t\t\t\t\t<div class=\"elementor-icon-box-content\">\n\n\t\t\t\t\t\t\t\t\t<h4 class=\"elementor-icon-box-title\">\n\t\t\t\t\t\t<span  >\n\t\t\t\t\t\t\tRetiro de ora\u00e7\u00e3o\t\t\t\t\t\t<\/span>\n\t\t\t\t\t<\/h4>\n\t\t\t\t\n\t\t\t\t\t\t\t\t\t<p class=\"elementor-icon-box-description\">\n\t\t\t\t\t\tDo 6 ao 8 de fevereiro somos convidados a orar com a Palavra de Deus \t\t\t\t\t<\/p>\n\t\t\t\t\n\t\t\t<\/div>\n\t\t\t\n\t\t<\/div>\n\t\t\t\t\t\t<\/div>\n\t\t\t\t<div class=\"elementor-element elementor-element-19e5cfaf elementor-view-stacked elementor-shape-square elementor-widget__width-initial elementor-position-block-start elementor-mobile-position-block-start elementor-widget elementor-widget-icon-box\" data-id=\"19e5cfaf\" data-element_type=\"widget\" data-e-type=\"widget\" data-widget_type=\"icon-box.default\">\n\t\t\t\t\t\t\t<div class=\"elementor-icon-box-wrapper\">\n\n\t\t\t\t\t\t<div class=\"elementor-icon-box-icon\">\n\t\t\t\t<span  class=\"elementor-icon elementor-animation-shrink\">\n\t\t\t\t<svg aria-hidden=\"true\" class=\"e-font-icon-svg e-fas-cross\" viewBox=\"0 0 384 512\" xmlns=\"http:\/\/www.w3.org\/2000\/svg\"><path d=\"M352 128h-96V32c0-17.67-14.33-32-32-32h-64c-17.67 0-32 14.33-32 32v96H32c-17.67 0-32 14.33-32 32v64c0 17.67 14.33 32 32 32h96v224c0 17.67 14.33 32 32 32h64c17.67 0 32-14.33 32-32V256h96c17.67 0 32-14.33 32-32v-64c0-17.67-14.33-32-32-32z\"><\/path><\/svg>\t\t\t\t<\/span>\n\t\t\t<\/div>\n\t\t\t\n\t\t\t\t\t\t<div class=\"elementor-icon-box-content\">\n\n\t\t\t\t\t\t\t\t\t<h4 class=\"elementor-icon-box-title\">\n\t\t\t\t\t\t<span  >\n\t\t\t\t\t\t\tP\u00e1scoa\t\t\t\t\t\t<\/span>\n\t\t\t\t\t<\/h4>\n\t\t\t\t\n\t\t\t\t\t\t\t\t\t<p class=\"elementor-icon-box-description\">\n\t\t\t\t\t\tUm dos momentos mais importantes do ano. Em 2026 ser\u00e1 no CUFC, em Aveiro\t\t\t\t\t<\/p>\n\t\t\t\t\n\t\t\t<\/div>\n\t\t\t\n\t\t<\/div>\n\t\t\t\t\t\t<\/div>\n\t\t\t\t<div class=\"elementor-element elementor-element-4519a2cf elementor-view-stacked elementor-shape-square elementor-widget__width-initial elementor-position-block-start elementor-mobile-position-block-start elementor-widget elementor-widget-icon-box\" data-id=\"4519a2cf\" data-element_type=\"widget\" data-e-type=\"widget\" data-widget_type=\"icon-box.default\">\n\t\t\t\t\t\t\t<div class=\"elementor-icon-box-wrapper\">\n\n\t\t\t\t\t\t<div class=\"elementor-icon-box-icon\">\n\t\t\t\t<span  class=\"elementor-icon elementor-animation-shrink\">\n\t\t\t\t<svg aria-hidden=\"true\" class=\"e-font-icon-svg e-fas-running\" viewBox=\"0 0 416 512\" xmlns=\"http:\/\/www.w3.org\/2000\/svg\"><path d=\"M272 96c26.51 0 48-21.49 48-48S298.51 0 272 0s-48 21.49-48 48 21.49 48 48 48zM113.69 317.47l-14.8 34.52H32c-17.67 0-32 14.33-32 32s14.33 32 32 32h77.45c19.25 0 36.58-11.44 44.11-29.09l8.79-20.52-10.67-6.3c-17.32-10.23-30.06-25.37-37.99-42.61zM384 223.99h-44.03l-26.06-53.25c-12.5-25.55-35.45-44.23-61.78-50.94l-71.08-21.14c-28.3-6.8-57.77-.55-80.84 17.14l-39.67 30.41c-14.03 10.75-16.69 30.83-5.92 44.86s30.84 16.66 44.86 5.92l39.69-30.41c7.67-5.89 17.44-8 25.27-6.14l14.7 4.37-37.46 87.39c-12.62 29.48-1.31 64.01 26.3 80.31l84.98 50.17-27.47 87.73c-5.28 16.86 4.11 34.81 20.97 40.09 3.19 1 6.41 1.48 9.58 1.48 13.61 0 26.23-8.77 30.52-22.45l31.64-101.06c5.91-20.77-2.89-43.08-21.64-54.39l-61.24-36.14 31.31-78.28 20.27 41.43c8 16.34 24.92 26.89 43.11 26.89H384c17.67 0 32-14.33 32-32s-14.33-31.99-32-31.99z\"><\/path><\/svg>\t\t\t\t<\/span>\n\t\t\t<\/div>\n\t\t\t\n\t\t\t\t\t\t<div class=\"elementor-icon-box-content\">\n\n\t\t\t\t\t\t\t\t\t<h4 class=\"elementor-icon-box-title\">\n\t\t\t\t\t\t<span  >\n\t\t\t\t\t\t\tCaminho de Santiago\t\t\t\t\t\t<\/span>\n\t\t\t\t\t<\/h4>\n\t\t\t\t\n\t\t\t\t\t\t\t\t\t<p class=\"elementor-icon-box-description\">\n\t\t\t\t\t\tNos \u00faltimos dias de junho, vamos a Santiago em peregrina\u00e7\u00e3o\t\t\t\t\t<\/p>\n\t\t\t\t\n\t\t\t<\/div>\n\t\t\t\n\t\t<\/div>\n\t\t\t\t\t\t<\/div>\n\t\t\t\t<\/div>\n\t\t\t\t<\/div>\n\t\t<div class=\"elementor-element elementor-element-574d1d68 e-con-full e-flex e-con e-parent\" data-id=\"574d1d68\" data-element_type=\"container\" data-e-type=\"container\">\n\t\t\t\t<div class=\"elementor-element elementor-element-24a64084 elementor-widget elementor-widget-heading\" data-id=\"24a64084\" data-element_type=\"widget\" data-e-type=\"widget\" data-widget_type=\"heading.default\">\n\t\t\t\t\t<h3 class=\"elementor-heading-title elementor-size-default\"><a href=\"https:\/\/verbumdei.org\/porto\/quem-somos\/ser-verbum-dei\/\">Testemunhos<\/a><\/h3>\t\t\t\t<\/div>\n\t\t<div class=\"elementor-element elementor-element-63510aa8 e-con-full e-flex e-con e-child\" data-id=\"63510aa8\" data-element_type=\"container\" data-e-type=\"container\">\n\t\t<div class=\"elementor-element elementor-element-65563d4 e-con-full e-flex e-con e-child\" data-id=\"65563d4\" data-element_type=\"container\" data-e-type=\"container\">\n\t\t\t\t<div class=\"elementor-element elementor-element-4421d62b elementor-widget elementor-widget-testimonial\" data-id=\"4421d62b\" data-element_type=\"widget\" data-e-type=\"widget\" data-widget_type=\"testimonial.default\">\n\t\t\t\t\t\t\t<div class=\"elementor-testimonial-wrapper\">\n\t\t\t\t\t\t\t<div class=\"elementor-testimonial-content\">\u201cNa Verbum Dei aprendi a escutar Deus na Palavra e a descobrir que Ele fala mesmo \u00e0 minha vida concreta.\u201d<\/div>\n\t\t\t\n\t\t\t\t\t\t<div class=\"elementor-testimonial-meta elementor-has-image elementor-testimonial-image-position-aside\">\n\t\t\t\t<div class=\"elementor-testimonial-meta-inner\">\n\t\t\t\t\t\t\t\t\t\t\t<div class=\"elementor-testimonial-image\">\n\t\t\t\t\t\t\t<img loading=\"lazy\" decoding=\"async\" width=\"960\" height=\"720\" src=\"https:\/\/verbumdei.org\/porto\/wp-content\/uploads\/2025\/11\/Aniversario-do-Oswaldo-2015.jpg\" class=\"attachment-full size-full wp-image-10039\" alt=\"\" srcset=\"https:\/\/verbumdei.org\/porto\/wp-content\/uploads\/2025\/11\/Aniversario-do-Oswaldo-2015.jpg 960w, https:\/\/verbumdei.org\/porto\/wp-content\/uploads\/2025\/11\/Aniversario-do-Oswaldo-2015-300x225.jpg 300w, https:\/\/verbumdei.org\/porto\/wp-content\/uploads\/2025\/11\/Aniversario-do-Oswaldo-2015-768x576.jpg 768w, https:\/\/verbumdei.org\/porto\/wp-content\/uploads\/2025\/11\/Aniversario-do-Oswaldo-2015-600x450.jpg 600w\" sizes=\"(max-width: 960px) 100vw, 960px\" \/>\t\t\t\t\t\t<\/div>\n\t\t\t\t\t\n\t\t\t\t\t\t\t\t\t\t<div class=\"elementor-testimonial-details\">\n\t\t\t\t\t\t\t\t\t\t\t\t\t\t<div class=\"elementor-testimonial-name\">Antonio<\/div>\n\t\t\t\t\t\t\t\t\t\t\t\t\t\t\t\t\t\t\t<\/div>\n\t\t\t\t\t\t\t\t\t<\/div>\n\t\t\t<\/div>\n\t\t\t\t\t<\/div>\n\t\t\t\t\t\t<\/div>\n\t\t\t\t<\/div>\n\t\t<div class=\"elementor-element elementor-element-3eb765fe e-con-full e-flex e-con e-child\" data-id=\"3eb765fe\" data-element_type=\"container\" data-e-type=\"container\">\n\t\t\t\t<div class=\"elementor-element elementor-element-73369387 elementor-widget elementor-widget-testimonial\" data-id=\"73369387\" data-element_type=\"widget\" data-e-type=\"widget\" data-widget_type=\"testimonial.default\">\n\t\t\t\t\t\t\t<div class=\"elementor-testimonial-wrapper\">\n\t\t\t\t\t\t\t<div class=\"elementor-testimonial-content\">\u201cA ora\u00e7\u00e3o mudou o meu olhar sobre tudo. Agora sinto que a f\u00e9 n\u00e3o \u00e9 teoria, \u00e9 rela\u00e7\u00e3o viva com Jesus.\u201d<\/div>\n\t\t\t\n\t\t\t\t\t\t<div class=\"elementor-testimonial-meta elementor-has-image elementor-testimonial-image-position-aside\">\n\t\t\t\t<div class=\"elementor-testimonial-meta-inner\">\n\t\t\t\t\t\t\t\t\t\t\t<div class=\"elementor-testimonial-image\">\n\t\t\t\t\t\t\t<img loading=\"lazy\" decoding=\"async\" width=\"2048\" height=\"1364\" src=\"https:\/\/verbumdei.org\/porto\/wp-content\/uploads\/2025\/11\/Encontro-Nacional-FaMVD-Portugal-Fatima-abril-2015-5.jpg\" class=\"attachment-full size-full wp-image-10038\" alt=\"\" srcset=\"https:\/\/verbumdei.org\/porto\/wp-content\/uploads\/2025\/11\/Encontro-Nacional-FaMVD-Portugal-Fatima-abril-2015-5.jpg 2048w, https:\/\/verbumdei.org\/porto\/wp-content\/uploads\/2025\/11\/Encontro-Nacional-FaMVD-Portugal-Fatima-abril-2015-5-300x200.jpg 300w, https:\/\/verbumdei.org\/porto\/wp-content\/uploads\/2025\/11\/Encontro-Nacional-FaMVD-Portugal-Fatima-abril-2015-5-1024x682.jpg 1024w, https:\/\/verbumdei.org\/porto\/wp-content\/uploads\/2025\/11\/Encontro-Nacional-FaMVD-Portugal-Fatima-abril-2015-5-768x512.jpg 768w, https:\/\/verbumdei.org\/porto\/wp-content\/uploads\/2025\/11\/Encontro-Nacional-FaMVD-Portugal-Fatima-abril-2015-5-600x400.jpg 600w, https:\/\/verbumdei.org\/porto\/wp-content\/uploads\/2025\/11\/Encontro-Nacional-FaMVD-Portugal-Fatima-abril-2015-5-1536x1023.jpg 1536w, https:\/\/verbumdei.org\/porto\/wp-content\/uploads\/2025\/11\/Encontro-Nacional-FaMVD-Portugal-Fatima-abril-2015-5-930x620.jpg 930w, https:\/\/verbumdei.org\/porto\/wp-content\/uploads\/2025\/11\/Encontro-Nacional-FaMVD-Portugal-Fatima-abril-2015-5-1320x879.jpg 1320w\" sizes=\"(max-width: 2048px) 100vw, 2048px\" \/>\t\t\t\t\t\t<\/div>\n\t\t\t\t\t\n\t\t\t\t\t\t\t\t\t\t<div class=\"elementor-testimonial-details\">\n\t\t\t\t\t\t\t\t\t\t\t\t\t\t<div class=\"elementor-testimonial-name\">Teresa<\/div>\n\t\t\t\t\t\t\t\t\t\t\t\t\t\t\t\t\t\t\t<\/div>\n\t\t\t\t\t\t\t\t\t<\/div>\n\t\t\t<\/div>\n\t\t\t\t\t<\/div>\n\t\t\t\t\t\t<\/div>\n\t\t\t\t<\/div>\n\t\t<div class=\"elementor-element elementor-element-59ba4148 e-con-full e-flex e-con e-child\" data-id=\"59ba4148\" data-element_type=\"container\" data-e-type=\"container\">\n\t\t\t\t<div class=\"elementor-element elementor-element-4b2660b1 elementor-widget elementor-widget-testimonial\" data-id=\"4b2660b1\" data-element_type=\"widget\" data-e-type=\"widget\" data-widget_type=\"testimonial.default\">\n\t\t\t\t\t\t\t<div class=\"elementor-testimonial-wrapper\">\n\t\t\t\t\t\t\t<div class=\"elementor-testimonial-content\">\u201cEncontrei uma fam\u00edlia que me ajuda a crescer na f\u00e9 e a viver o Evangelho com alegria e compromisso.\u201d<\/div>\n\t\t\t\n\t\t\t\t\t\t<div class=\"elementor-testimonial-meta elementor-has-image elementor-testimonial-image-position-aside\">\n\t\t\t\t<div class=\"elementor-testimonial-meta-inner\">\n\t\t\t\t\t\t\t\t\t\t\t<div class=\"elementor-testimonial-image\">\n\t\t\t\t\t\t\t<img loading=\"lazy\" decoding=\"async\" width=\"2048\" height=\"1365\" src=\"https:\/\/verbumdei.org\/porto\/wp-content\/uploads\/2025\/11\/Natal-2015.jpg\" class=\"attachment-full size-full wp-image-10037\" alt=\"\" srcset=\"https:\/\/verbumdei.org\/porto\/wp-content\/uploads\/2025\/11\/Natal-2015.jpg 2048w, https:\/\/verbumdei.org\/porto\/wp-content\/uploads\/2025\/11\/Natal-2015-300x200.jpg 300w, https:\/\/verbumdei.org\/porto\/wp-content\/uploads\/2025\/11\/Natal-2015-1024x683.jpg 1024w, https:\/\/verbumdei.org\/porto\/wp-content\/uploads\/2025\/11\/Natal-2015-768x512.jpg 768w, https:\/\/verbumdei.org\/porto\/wp-content\/uploads\/2025\/11\/Natal-2015-600x400.jpg 600w, https:\/\/verbumdei.org\/porto\/wp-content\/uploads\/2025\/11\/Natal-2015-1536x1024.jpg 1536w, https:\/\/verbumdei.org\/porto\/wp-content\/uploads\/2025\/11\/Natal-2015-930x620.jpg 930w, https:\/\/verbumdei.org\/porto\/wp-content\/uploads\/2025\/11\/Natal-2015-1320x880.jpg 1320w\" sizes=\"(max-width: 2048px) 100vw, 2048px\" \/>\t\t\t\t\t\t<\/div>\n\t\t\t\t\t\n\t\t\t\t\t\t\t\t\t\t<div class=\"elementor-testimonial-details\">\n\t\t\t\t\t\t\t\t\t\t\t\t\t\t<div class=\"elementor-testimonial-name\">Isabel<\/div>\n\t\t\t\t\t\t\t\t\t\t\t\t\t\t\t\t\t\t\t<\/div>\n\t\t\t\t\t\t\t\t\t<\/div>\n\t\t\t<\/div>\n\t\t\t\t\t<\/div>\n\t\t\t\t\t\t<\/div>\n\t\t\t\t<\/div>\n\t\t\t\t<\/div>\n\t\t\t\t<\/div>\n\t\t<div class=\"elementor-element elementor-element-394161e4 e-flex e-con-boxed e-con e-parent\" data-id=\"394161e4\" data-element_type=\"container\" data-e-type=\"container\">\n\t\t\t\t\t<div class=\"e-con-inner\">\n\t\t\t\t<div class=\"elementor-element elementor-element-4ad5d719 elementor-widget elementor-widget-heading\" data-id=\"4ad5d719\" data-element_type=\"widget\" data-e-type=\"widget\" data-widget_type=\"heading.default\">\n\t\t\t\t\t<h3 class=\"elementor-heading-title elementor-size-default\">Faz parte desta Fam\u00edlia<\/h3>\t\t\t\t<\/div>\n\t\t\t\t<div class=\"elementor-element elementor-element-4b5ebbc elementor-widget elementor-widget-text-editor\" data-id=\"4b5ebbc\" data-element_type=\"widget\" data-e-type=\"widget\" data-widget_type=\"text-editor.default\">\n\t\t\t\t\t\t\t\t\t<p>A Verbum Dei \u00e9 uma\u00a0<strong data-start=\"2338\" data-end=\"2361\">Fam\u00edlia Mission\u00e1ria<\/strong>\u00a0composta por diversas voca\u00e7\u00f5es unidas pelo mesmo carisma:\u00a0<strong data-start=\"2420\" data-end=\"2458\">viver e anunciar a Palavra de Deus<\/strong>.<\/p><h2><a title=\"Contacta-nos\" href=\"https:\/\/docs.google.com\/forms\/d\/e\/1FAIpQLSdWh4OAkg5pL-8nyvKREqtWNmOrK6NzlwnoOuM-8nddZp5V0w\/viewform?usp=publish-editor\">Contacta-nos<\/a><\/h2>\t\t\t\t\t\t\t\t<\/div>\n\t\t\t\t<div class=\"elementor-element elementor-element-7d4cf736 elementor-align-center elementor-mobile-align-center elementor-widget elementor-widget-button\" data-id=\"7d4cf736\" data-element_type=\"widget\" data-e-type=\"widget\" data-widget_type=\"button.default\">\n\t\t\t\t\t\t\t\t\t\t<a class=\"elementor-button elementor-button-link elementor-size-sm\" href=\"https:\/\/verbumdei.org\/porto\/quem-somos\/estrutura\/\">\n\t\t\t\t\t\t<span class=\"elementor-button-content-wrapper\">\n\t\t\t\t\t\t\t\t\t<span class=\"elementor-button-text\">Sabe mais<\/span>\n\t\t\t\t\t<\/span>\n\t\t\t\t\t<\/a>\n\t\t\t\t\t\t\t\t<\/div>\n\t\t\t\t\t<\/div>\n\t\t\t\t<\/div>\n\t\t<footer class=\"elementor-element elementor-element-58851557 e-con-full e-flex e-con e-parent\" data-id=\"58851557\" data-element_type=\"container\" data-e-type=\"container\">\n\t\t<div class=\"elementor-element elementor-element-3362159c e-con-full e-flex e-con e-child\" data-id=\"3362159c\" data-element_type=\"container\" data-e-type=\"container\">\n\t\t\t\t<div class=\"elementor-element elementor-element-3b3ef0 elementor-widget elementor-widget-image\" data-id=\"3b3ef0\" data-element_type=\"widget\" data-e-type=\"widget\" data-widget_type=\"image.default\">\n\t\t\t\t\t\t\t\t\t\t\t\t\t\t\t<img loading=\"lazy\" decoding=\"async\" width=\"500\" height=\"500\" src=\"https:\/\/verbumdei.org\/porto\/wp-content\/uploads\/2025\/09\/Logo-Fondo-Transparente-1_resized.png\" class=\"attachment-full size-full wp-image-9618\" alt=\"Logo Verbum Dei\" srcset=\"https:\/\/verbumdei.org\/porto\/wp-content\/uploads\/2025\/09\/Logo-Fondo-Transparente-1_resized.png 500w, https:\/\/verbumdei.org\/porto\/wp-content\/uploads\/2025\/09\/Logo-Fondo-Transparente-1_resized-300x300.png 300w, https:\/\/verbumdei.org\/porto\/wp-content\/uploads\/2025\/09\/Logo-Fondo-Transparente-1_resized-150x150.png 150w\" sizes=\"(max-width: 500px) 100vw, 500px\" \/>\t\t\t\t\t\t\t\t\t\t\t\t\t\t\t<\/div>\n\t\t\t\t<\/div>\n\t\t<div class=\"elementor-element elementor-element-31261109 e-con-full e-flex e-con e-child\" data-id=\"31261109\" data-element_type=\"container\" data-e-type=\"container\">\n\t\t\t\t<div class=\"elementor-element elementor-element-16367077 elementor-icon-list--layout-inline elementor-tablet-align-center elementor-align-center elementor-list-item-link-full_width elementor-widget elementor-widget-icon-list\" data-id=\"16367077\" data-element_type=\"widget\" data-e-type=\"widget\" data-widget_type=\"icon-list.default\">\n\t\t\t\t\t\t\t<ul class=\"elementor-icon-list-items elementor-inline-items\">\n\t\t\t\t\t\t\t<li class=\"elementor-icon-list-item elementor-inline-item\">\n\t\t\t\t\t\t\t\t\t\t<span class=\"elementor-icon-list-text\">Tlf. 220173529 Email: porto.verbumdei@gmail.com<\/span>\n\t\t\t\t\t\t\t\t\t<\/li>\n\t\t\t\t\t\t\t\t<li class=\"elementor-icon-list-item elementor-inline-item\">\n\t\t\t\t\t\t\t\t\t\t<span class=\"elementor-icon-list-text\">Rua de Contumil, 456 4350-128 Porto<\/span>\n\t\t\t\t\t\t\t\t\t<\/li>\n\t\t\t\t\t\t\t\t<li class=\"elementor-icon-list-item elementor-inline-item\">\n\t\t\t\t\t\t\t\t\t\t<span class=\"elementor-icon-list-text\">Ter-Dom 10:00 - 18:00<\/span>\n\t\t\t\t\t\t\t\t\t<\/li>\n\t\t\t\t\t\t<\/ul>\n\t\t\t\t\t\t<\/div>\n\t\t\t\t<\/div>\n\t\t<div class=\"elementor-element elementor-element-5fbf4dd9 e-con-full e-flex e-con e-child\" data-id=\"5fbf4dd9\" data-element_type=\"container\" data-e-type=\"container\">\n\t\t\t\t<div class=\"elementor-element elementor-element-2a94517c e-grid-align-right e-grid-align-tablet-right e-grid-align-mobile-center elementor-widget-mobile__width-inherit elementor-shape-rounded elementor-grid-0 elementor-widget elementor-widget-social-icons\" data-id=\"2a94517c\" data-element_type=\"widget\" data-e-type=\"widget\" data-widget_type=\"social-icons.default\">\n\t\t\t\t\t\t\t<div class=\"elementor-social-icons-wrapper elementor-grid\" role=\"list\">\n\t\t\t\t\t\t\t<span class=\"elementor-grid-item\" role=\"listitem\">\n\t\t\t\t\t<a class=\"elementor-icon elementor-social-icon elementor-social-icon-facebook-f elementor-repeater-item-3f1b7ac\" href=\"https:\/\/www.facebook.com\/familiaVDnorte\" target=\"_blank\">\n\t\t\t\t\t\t<span class=\"elementor-screen-only\">Facebook-f<\/span>\n\t\t\t\t\t\t<svg aria-hidden=\"true\" class=\"e-font-icon-svg e-fab-facebook-f\" viewBox=\"0 0 320 512\" xmlns=\"http:\/\/www.w3.org\/2000\/svg\"><path d=\"M279.14 288l14.22-92.66h-88.91v-60.13c0-25.35 12.42-50.06 52.24-50.06h40.42V6.26S260.43 0 225.36 0c-73.22 0-121.08 44.38-121.08 124.72v70.62H22.89V288h81.39v224h100.17V288z\"><\/path><\/svg>\t\t\t\t\t<\/a>\n\t\t\t\t<\/span>\n\t\t\t\t\t\t\t<span class=\"elementor-grid-item\" role=\"listitem\">\n\t\t\t\t\t<a class=\"elementor-icon elementor-social-icon elementor-social-icon- elementor-repeater-item-5c0ce3c\" href=\"https:\/\/www.instagram.com\/verbumdei.portugal.norte\/\" target=\"_blank\">\n\t\t\t\t\t\t<span class=\"elementor-screen-only\"><\/span>\n\t\t\t\t\t\t\t\t\t\t\t<\/a>\n\t\t\t\t<\/span>\n\t\t\t\t\t\t\t<span class=\"elementor-grid-item\" role=\"listitem\">\n\t\t\t\t\t<a class=\"elementor-icon elementor-social-icon elementor-social-icon-threads elementor-repeater-item-e237948\" href=\"https:\/\/www.threads.com\/@verbumdei.portugal.norte\" target=\"_blank\">\n\t\t\t\t\t\t<span class=\"elementor-screen-only\">Threads<\/span>\n\t\t\t\t\t\t<svg aria-hidden=\"true\" class=\"e-font-icon-svg e-fab-threads\" viewBox=\"0 0 448 512\" xmlns=\"http:\/\/www.w3.org\/2000\/svg\"><path d=\"M331.5 235.7c2.2 .9 4.2 1.9 6.3 2.8c29.2 14.1 50.6 35.2 61.8 61.4c15.7 36.5 17.2 95.8-30.3 143.2c-36.2 36.2-80.3 52.5-142.6 53h-.3c-70.2-.5-124.1-24.1-160.4-70.2c-32.3-41-48.9-98.1-49.5-169.6V256v-.2C17 184.3 33.6 127.2 65.9 86.2C102.2 40.1 156.2 16.5 226.4 16h.3c70.3 .5 124.9 24 162.3 69.9c18.4 22.7 32 50 40.6 81.7l-40.4 10.8c-7.1-25.8-17.8-47.8-32.2-65.4c-29.2-35.8-73-54.2-130.5-54.6c-57 .5-100.1 18.8-128.2 54.4C72.1 146.1 58.5 194.3 58 256c.5 61.7 14.1 109.9 40.3 143.3c28 35.6 71.2 53.9 128.2 54.4c51.4-.4 85.4-12.6 113.7-40.9c32.3-32.2 31.7-71.8 21.4-95.9c-6.1-14.2-17.1-26-31.9-34.9c-3.7 26.9-11.8 48.3-24.7 64.8c-17.1 21.8-41.4 33.6-72.7 35.3c-23.6 1.3-46.3-4.4-63.9-16c-20.8-13.8-33-34.8-34.3-59.3c-2.5-48.3 35.7-83 95.2-86.4c21.1-1.2 40.9-.3 59.2 2.8c-2.4-14.8-7.3-26.6-14.6-35.2c-10-11.7-25.6-17.7-46.2-17.8H227c-16.6 0-39 4.6-53.3 26.3l-34.4-23.6c19.2-29.1 50.3-45.1 87.8-45.1h.8c62.6 .4 99.9 39.5 103.7 107.7l-.2 .2zm-156 68.8c1.3 25.1 28.4 36.8 54.6 35.3c25.6-1.4 54.6-11.4 59.5-73.2c-13.2-2.9-27.8-4.4-43.4-4.4c-4.8 0-9.6 .1-14.4 .4c-42.9 2.4-57.2 23.2-56.2 41.8l-.1 .1z\"><\/path><\/svg>\t\t\t\t\t<\/a>\n\t\t\t\t<\/span>\n\t\t\t\t\t<\/div>\n\t\t\t\t\t\t<\/div>\n\t\t\t\t<\/div>\n\t\t\t\t<\/footer>\n\t\t<div class=\"elementor-element elementor-element-undefined-3e5d462 e-con-full e-flex e-con e-parent\" data-id=\"undefined-3e5d462\" data-element_type=\"container\" data-e-type=\"container\" data-settings=\"{&quot;background_background&quot;:&quot;classic&quot;}\">\n\t\t<div class=\"elementor-element elementor-element-undefined-762af66 e-con-full e-flex e-con e-child\" data-id=\"undefined-762af66\" data-element_type=\"container\" data-e-type=\"container\">\n\t\t\t\t<div class=\"elementor-element elementor-element-undefined-b22121f elementor-widget elementor-widget-testimonial\" data-id=\"undefined-b22121f\" data-element_type=\"widget\" data-e-type=\"widget\" data-widget_type=\"testimonial.default\">\n\t\t\t\t\t\t\t<div class=\"elementor-testimonial-wrapper\">\n\t\t\t\t\t\t\t<div class=\"elementor-testimonial-content\">\"Propagar a f\u00e9 \u00e9 a minha miss\u00e3o. \nSer testemunha desta mesma f\u00e9 \u00e9 o meu melhor destino e ideal, at\u00e9 ser luz do mundo\"<\/div>\n\t\t\t\n\t\t\t\t\t\t<div class=\"elementor-testimonial-meta\">\n\t\t\t\t<div class=\"elementor-testimonial-meta-inner\">\n\t\t\t\t\t\n\t\t\t\t\t\t\t\t\t\t<div class=\"elementor-testimonial-details\">\n\t\t\t\t\t\t\t\t\t\t\t\t\t\t<a class=\"elementor-testimonial-name\" href=\"https:\/\/verbumdei.org\/porto\/quem-somos\/o-fundador\/\">Jaime Bonet<\/a>\n\t\t\t\t\t\t\t\t\t\t\t\t\t\t\t\t\t\t\t\t\t\t<a class=\"elementor-testimonial-job\" href=\"https:\/\/verbumdei.org\/porto\/quem-somos\/o-fundador\/\">Fundador da Verbum Dei<\/a>\n\t\t\t\t\t\t\t\t\t\t\t\t\t<\/div>\n\t\t\t\t\t\t\t\t\t<\/div>\n\t\t\t<\/div>\n\t\t\t\t\t<\/div>\n\t\t\t\t\t\t<\/div>\n\t\t\t\t<\/div>\n\t\t<div class=\"elementor-element elementor-element-undefined-d320142 e-con-full e-flex e-con e-child\" data-id=\"undefined-d320142\" data-element_type=\"container\" data-e-type=\"container\" data-settings=\"{&quot;background_background&quot;:&quot;classic&quot;}\">\n\t\t\t\t<div class=\"elementor-element elementor-element-a1996b2 elementor-widget elementor-widget-image\" data-id=\"a1996b2\" data-element_type=\"widget\" data-e-type=\"widget\" data-widget_type=\"image.default\">\n\t\t\t\t\t\t\t\t\t\t\t\t\t\t\t\t<a href=\"https:\/\/verbumdei.org\/porto\/quem-somos\/o-fundador\/\">\n\t\t\t\t\t\t\t<img loading=\"lazy\" decoding=\"async\" width=\"768\" height=\"1024\" src=\"https:\/\/verbumdei.org\/porto\/wp-content\/uploads\/2025\/11\/e072249d3d19998234e4797362a91808_XL-768x1024.webp\" class=\"attachment-large size-large wp-image-9977\" alt=\"\" srcset=\"https:\/\/verbumdei.org\/porto\/wp-content\/uploads\/2025\/11\/e072249d3d19998234e4797362a91808_XL-768x1024.webp 768w, https:\/\/verbumdei.org\/porto\/wp-content\/uploads\/2025\/11\/e072249d3d19998234e4797362a91808_XL-225x300.webp 225w, https:\/\/verbumdei.org\/porto\/wp-content\/uploads\/2025\/11\/e072249d3d19998234e4797362a91808_XL-600x800.webp 600w, https:\/\/verbumdei.org\/porto\/wp-content\/uploads\/2025\/11\/e072249d3d19998234e4797362a91808_XL.webp 900w\" sizes=\"(max-width: 768px) 100vw, 768px\" \/>\t\t\t\t\t\t\t\t<\/a>\n\t\t\t\t\t\t\t\t\t\t\t\t\t\t\t<\/div>\n\t\t\t\t<\/div>\n\t\t\t\t<\/div>\n\t\t\t\t<\/div>\n\t\t","protected":false},"excerpt":{"rendered":"<p>Tal como prometido aqui fica a informa\u00e7\u00e3o sobre o programa para celebrar o Tr\u00edduo Pascal, com profundidade e em Fam\u00edlia.&nbsp; \u00c0 semelhan\u00e7a do ano passado, podem participar em todas as<a href=\"https:\/\/verbumdei.org\/porto\/\" rel=\"bookmark\"><span class=\"screen-reader-text\">Home<\/span><\/a><\/p>\n","protected":false},"author":7,"featured_media":9708,"parent":0,"menu_order":0,"comment_status":"closed","ping_status":"closed","template":"page-templates\/template-pagebuilder-full-width.php","meta":{"rop_custom_images_group":[],"rop_custom_messages_group":[],"rop_publish_now":"initial","rop_publish_now_accounts":[],"rop_publish_now_history":[],"rop_publish_now_status":"pending","neve_meta_sidebar":"","neve_meta_container":"","neve_meta_enable_content_width":"","neve_meta_content_width":0,"neve_meta_title_alignment":"","neve_meta_author_avatar":"","neve_post_elements_order":"","neve_meta_disable_header":"","neve_meta_disable_footer":"","neve_meta_disable_title":"","_themeisle_gutenberg_block_has_review":false,"footnotes":""},"class_list":["post-14","page","type-page","status-publish","has-post-thumbnail","hentry"],"yoast_head":"<!-- This site is optimized with the Yoast SEO plugin v27.5 - https:\/\/yoast.com\/product\/yoast-seo-wordpress\/ -->\n<title>Home - Verbum Dei Norte<\/title>\n<meta name=\"robots\" content=\"index, follow, max-snippet:-1, max-image-preview:large, max-video-preview:-1\" \/>\n<link rel=\"canonical\" href=\"https:\/\/verbumdei.org\/porto\/\" \/>\n<meta property=\"og:locale\" content=\"pt_PT\" \/>\n<meta property=\"og:type\" content=\"article\" \/>\n<meta property=\"og:title\" content=\"Home - Verbum Dei Norte\" \/>\n<meta property=\"og:description\" content=\"Tal como prometido aqui fica a informa\u00e7\u00e3o sobre o programa para celebrar o Tr\u00edduo Pascal, com profundidade e em Fam\u00edlia.&nbsp; \u00c0 semelhan\u00e7a do ano passado, podem participar em todas asHome\" \/>\n<meta property=\"og:url\" content=\"https:\/\/verbumdei.org\/porto\/\" \/>\n<meta property=\"og:site_name\" content=\"Verbum Dei Norte\" \/>\n<meta property=\"article:publisher\" content=\"https:\/\/www.facebook.com\/vdportoaveiro\/\" \/>\n<meta property=\"article:modified_time\" content=\"2026-03-12T18:40:33+00:00\" \/>\n<meta name=\"twitter:card\" content=\"summary_large_image\" \/>\n<meta name=\"twitter:label1\" content=\"Tempo estimado de leitura\" \/>\n\t<meta name=\"twitter:data1\" content=\"6 minutos\" \/>\n<script type=\"application\/ld+json\" class=\"yoast-schema-graph\">{\"@context\":\"https:\\\/\\\/schema.org\",\"@graph\":[{\"@type\":\"WebPage\",\"@id\":\"https:\\\/\\\/verbumdei.org\\\/porto\\\/\",\"url\":\"https:\\\/\\\/verbumdei.org\\\/porto\\\/\",\"name\":\"Home - Verbum Dei Norte\",\"isPartOf\":{\"@id\":\"https:\\\/\\\/verbumdei.org\\\/porto\\\/#website\"},\"primaryImageOfPage\":{\"@id\":\"https:\\\/\\\/verbumdei.org\\\/porto\\\/#primaryimage\"},\"image\":{\"@id\":\"https:\\\/\\\/verbumdei.org\\\/porto\\\/#primaryimage\"},\"thumbnailUrl\":\"https:\\\/\\\/verbumdei.org\\\/porto\\\/wp-content\\\/uploads\\\/2025\\\/09\\\/BANNER-no-seu-amor-ser-um-c71df9.svg\",\"datePublished\":\"2016-11-25T13:18:00+00:00\",\"dateModified\":\"2026-03-12T18:40:33+00:00\",\"breadcrumb\":{\"@id\":\"https:\\\/\\\/verbumdei.org\\\/porto\\\/#breadcrumb\"},\"inLanguage\":\"pt-PT\",\"potentialAction\":[{\"@type\":\"ReadAction\",\"target\":[\"https:\\\/\\\/verbumdei.org\\\/porto\\\/\"]}]},{\"@type\":\"ImageObject\",\"inLanguage\":\"pt-PT\",\"@id\":\"https:\\\/\\\/verbumdei.org\\\/porto\\\/#primaryimage\",\"url\":\"https:\\\/\\\/verbumdei.org\\\/porto\\\/wp-content\\\/uploads\\\/2025\\\/09\\\/BANNER-no-seu-amor-ser-um-c71df9.svg\",\"contentUrl\":\"https:\\\/\\\/verbumdei.org\\\/porto\\\/wp-content\\\/uploads\\\/2025\\\/09\\\/BANNER-no-seu-amor-ser-um-c71df9.svg\",\"width\":1920,\"height\":578},{\"@type\":\"BreadcrumbList\",\"@id\":\"https:\\\/\\\/verbumdei.org\\\/porto\\\/#breadcrumb\",\"itemListElement\":[{\"@type\":\"ListItem\",\"position\":1,\"name\":\"In\u00edcio\",\"item\":\"https:\\\/\\\/verbumdei.org\\\/porto\\\/\"},{\"@type\":\"ListItem\",\"position\":2,\"name\":\"Home\"}]},{\"@type\":\"WebSite\",\"@id\":\"https:\\\/\\\/verbumdei.org\\\/porto\\\/#website\",\"url\":\"https:\\\/\\\/verbumdei.org\\\/porto\\\/\",\"name\":\"Verbum Dei Portugal Norte\",\"description\":\"Mission\u00e1rios Verbum Dei no Porto e Aveiro: ora\u00e7\u00e3o, retiro espiritual, forma\u00e7\u00e3o crist\u00e3 e evangeliza\u00e7\u00e3o\",\"publisher\":{\"@id\":\"https:\\\/\\\/verbumdei.org\\\/porto\\\/#organization\"},\"potentialAction\":[{\"@type\":\"SearchAction\",\"target\":{\"@type\":\"EntryPoint\",\"urlTemplate\":\"https:\\\/\\\/verbumdei.org\\\/porto\\\/?s={search_term_string}\"},\"query-input\":{\"@type\":\"PropertyValueSpecification\",\"valueRequired\":true,\"valueName\":\"search_term_string\"}}],\"inLanguage\":\"pt-PT\"},{\"@type\":\"Organization\",\"@id\":\"https:\\\/\\\/verbumdei.org\\\/porto\\\/#organization\",\"name\":\"Verbum Dei Portugal Norte\",\"url\":\"https:\\\/\\\/verbumdei.org\\\/porto\\\/\",\"logo\":{\"@type\":\"ImageObject\",\"inLanguage\":\"pt-PT\",\"@id\":\"https:\\\/\\\/verbumdei.org\\\/porto\\\/#\\\/schema\\\/logo\\\/image\\\/\",\"url\":\"https:\\\/\\\/verbumdei.org\\\/porto\\\/wp-content\\\/uploads\\\/2018\\\/07\\\/Logo2.jpg\",\"contentUrl\":\"https:\\\/\\\/verbumdei.org\\\/porto\\\/wp-content\\\/uploads\\\/2018\\\/07\\\/Logo2.jpg\",\"width\":123,\"height\":120,\"caption\":\"Verbum Dei Portugal Norte\"},\"image\":{\"@id\":\"https:\\\/\\\/verbumdei.org\\\/porto\\\/#\\\/schema\\\/logo\\\/image\\\/\"},\"sameAs\":[\"https:\\\/\\\/www.facebook.com\\\/vdportoaveiro\\\/\",\"https:\\\/\\\/instagram.com\\\/verbumdei.portugal.norte\\\/\"]}]}<\/script>\n<!-- \/ Yoast SEO plugin. -->","yoast_head_json":{"title":"Home - Verbum Dei Norte","robots":{"index":"index","follow":"follow","max-snippet":"max-snippet:-1","max-image-preview":"max-image-preview:large","max-video-preview":"max-video-preview:-1"},"canonical":"https:\/\/verbumdei.org\/porto\/","og_locale":"pt_PT","og_type":"article","og_title":"Home - Verbum Dei Norte","og_description":"Tal como prometido aqui fica a informa\u00e7\u00e3o sobre o programa para celebrar o Tr\u00edduo Pascal, com profundidade e em Fam\u00edlia.&nbsp; \u00c0 semelhan\u00e7a do ano passado, podem participar em todas asHome","og_url":"https:\/\/verbumdei.org\/porto\/","og_site_name":"Verbum Dei Norte","article_publisher":"https:\/\/www.facebook.com\/vdportoaveiro\/","article_modified_time":"2026-03-12T18:40:33+00:00","twitter_card":"summary_large_image","twitter_misc":{"Tempo estimado de leitura":"6 minutos"},"schema":{"@context":"https:\/\/schema.org","@graph":[{"@type":"WebPage","@id":"https:\/\/verbumdei.org\/porto\/","url":"https:\/\/verbumdei.org\/porto\/","name":"Home - Verbum Dei Norte","isPartOf":{"@id":"https:\/\/verbumdei.org\/porto\/#website"},"primaryImageOfPage":{"@id":"https:\/\/verbumdei.org\/porto\/#primaryimage"},"image":{"@id":"https:\/\/verbumdei.org\/porto\/#primaryimage"},"thumbnailUrl":"https:\/\/verbumdei.org\/porto\/wp-content\/uploads\/2025\/09\/BANNER-no-seu-amor-ser-um-c71df9.svg","datePublished":"2016-11-25T13:18:00+00:00","dateModified":"2026-03-12T18:40:33+00:00","breadcrumb":{"@id":"https:\/\/verbumdei.org\/porto\/#breadcrumb"},"inLanguage":"pt-PT","potentialAction":[{"@type":"ReadAction","target":["https:\/\/verbumdei.org\/porto\/"]}]},{"@type":"ImageObject","inLanguage":"pt-PT","@id":"https:\/\/verbumdei.org\/porto\/#primaryimage","url":"https:\/\/verbumdei.org\/porto\/wp-content\/uploads\/2025\/09\/BANNER-no-seu-amor-ser-um-c71df9.svg","contentUrl":"https:\/\/verbumdei.org\/porto\/wp-content\/uploads\/2025\/09\/BANNER-no-seu-amor-ser-um-c71df9.svg","width":1920,"height":578},{"@type":"BreadcrumbList","@id":"https:\/\/verbumdei.org\/porto\/#breadcrumb","itemListElement":[{"@type":"ListItem","position":1,"name":"In\u00edcio","item":"https:\/\/verbumdei.org\/porto\/"},{"@type":"ListItem","position":2,"name":"Home"}]},{"@type":"WebSite","@id":"https:\/\/verbumdei.org\/porto\/#website","url":"https:\/\/verbumdei.org\/porto\/","name":"Verbum Dei Portugal Norte","description":"Mission\u00e1rios Verbum Dei no Porto e Aveiro: ora\u00e7\u00e3o, retiro espiritual, forma\u00e7\u00e3o crist\u00e3 e evangeliza\u00e7\u00e3o","publisher":{"@id":"https:\/\/verbumdei.org\/porto\/#organization"},"potentialAction":[{"@type":"SearchAction","target":{"@type":"EntryPoint","urlTemplate":"https:\/\/verbumdei.org\/porto\/?s={search_term_string}"},"query-input":{"@type":"PropertyValueSpecification","valueRequired":true,"valueName":"search_term_string"}}],"inLanguage":"pt-PT"},{"@type":"Organization","@id":"https:\/\/verbumdei.org\/porto\/#organization","name":"Verbum Dei Portugal Norte","url":"https:\/\/verbumdei.org\/porto\/","logo":{"@type":"ImageObject","inLanguage":"pt-PT","@id":"https:\/\/verbumdei.org\/porto\/#\/schema\/logo\/image\/","url":"https:\/\/verbumdei.org\/porto\/wp-content\/uploads\/2018\/07\/Logo2.jpg","contentUrl":"https:\/\/verbumdei.org\/porto\/wp-content\/uploads\/2018\/07\/Logo2.jpg","width":123,"height":120,"caption":"Verbum Dei Portugal Norte"},"image":{"@id":"https:\/\/verbumdei.org\/porto\/#\/schema\/logo\/image\/"},"sameAs":["https:\/\/www.facebook.com\/vdportoaveiro\/","https:\/\/instagram.com\/verbumdei.portugal.norte\/"]}]}},"jetpack_sharing_enabled":true,"_links":{"self":[{"href":"https:\/\/verbumdei.org\/porto\/wp-json\/wp\/v2\/pages\/14","targetHints":{"allow":["GET"]}}],"collection":[{"href":"https:\/\/verbumdei.org\/porto\/wp-json\/wp\/v2\/pages"}],"about":[{"href":"https:\/\/verbumdei.org\/porto\/wp-json\/wp\/v2\/types\/page"}],"author":[{"embeddable":true,"href":"https:\/\/verbumdei.org\/porto\/wp-json\/wp\/v2\/users\/7"}],"replies":[{"embeddable":true,"href":"https:\/\/verbumdei.org\/porto\/wp-json\/wp\/v2\/comments?post=14"}],"version-history":[{"count":5,"href":"https:\/\/verbumdei.org\/porto\/wp-json\/wp\/v2\/pages\/14\/revisions"}],"predecessor-version":[{"id":10065,"href":"https:\/\/verbumdei.org\/porto\/wp-json\/wp\/v2\/pages\/14\/revisions\/10065"}],"wp:featuredmedia":[{"embeddable":true,"href":"https:\/\/verbumdei.org\/porto\/wp-json\/wp\/v2\/media\/9708"}],"wp:attachment":[{"href":"https:\/\/verbumdei.org\/porto\/wp-json\/wp\/v2\/media?parent=14"}],"curies":[{"name":"wp","href":"https:\/\/api.w.org\/{rel}","templated":true}]}}