{"id":3429,"date":"2023-09-01T12:08:58","date_gmt":"2023-09-01T10:08:58","guid":{"rendered":"https:\/\/verbumdei.org\/paula\/?page_id=3429"},"modified":"2023-09-01T14:19:53","modified_gmt":"2023-09-01T12:19:53","slug":"ecos-de-la-palabra","status":"publish","type":"page","link":"https:\/\/verbumdei.org\/paula\/ecos-de-la-palabra\/","title":{"rendered":"Ecos de la Palabra"},"content":{"rendered":"\t\t<div data-elementor-type=\"wp-page\" data-elementor-id=\"3429\" class=\"elementor elementor-3429\" data-elementor-post-type=\"page\">\n\t\t\t\t\t\t<section class=\"elementor-section elementor-top-section elementor-element elementor-element-35765f9 elementor-section-boxed elementor-section-height-default elementor-section-height-default\" data-id=\"35765f9\" data-element_type=\"section\" data-e-type=\"section\">\n\t\t\t\t\t\t<div class=\"elementor-container elementor-column-gap-default\">\n\t\t\t\t\t<div class=\"elementor-column elementor-col-100 elementor-top-column elementor-element elementor-element-48ca098\" data-id=\"48ca098\" data-element_type=\"column\" data-e-type=\"column\">\n\t\t\t<div class=\"elementor-widget-wrap elementor-element-populated\">\n\t\t\t\t\t\t<div class=\"elementor-element elementor-element-4222121 elementor-widget elementor-widget-image\" data-id=\"4222121\" data-element_type=\"widget\" data-e-type=\"widget\" data-widget_type=\"image.default\">\n\t\t\t\t<div class=\"elementor-widget-container\">\n\t\t\t\t\t\t\t\t\t\t\t\t\t\t\t<img fetchpriority=\"high\" decoding=\"async\" width=\"1709\" height=\"723\" src=\"https:\/\/verbumdei.org\/paula\/wp-content\/uploads\/2023\/09\/Table-bible-e1693570296126.png\" class=\"attachment-full size-full wp-image-3493\" alt=\"\" srcset=\"https:\/\/verbumdei.org\/paula\/wp-content\/uploads\/2023\/09\/Table-bible-e1693570296126.png 1709w, https:\/\/verbumdei.org\/paula\/wp-content\/uploads\/2023\/09\/Table-bible-e1693570296126-300x127.png 300w, https:\/\/verbumdei.org\/paula\/wp-content\/uploads\/2023\/09\/Table-bible-e1693570296126-1024x433.png 1024w, https:\/\/verbumdei.org\/paula\/wp-content\/uploads\/2023\/09\/Table-bible-e1693570296126-768x325.png 768w, https:\/\/verbumdei.org\/paula\/wp-content\/uploads\/2023\/09\/Table-bible-e1693570296126-1536x650.png 1536w\" sizes=\"(max-width: 1709px) 100vw, 1709px\" \/>\t\t\t\t\t\t\t\t\t\t\t\t\t\t\t<\/div>\n\t\t\t\t<\/div>\n\t\t\t\t<div class=\"elementor-element elementor-element-ec8bf1b elementor-widget elementor-widget-heading\" data-id=\"ec8bf1b\" data-element_type=\"widget\" data-e-type=\"widget\" data-widget_type=\"heading.default\">\n\t\t\t\t<div class=\"elementor-widget-container\">\n\t\t\t\t\t<h2 class=\"elementor-heading-title elementor-size-default\">Ecos para orar con la Palabra de Dios<\/h2>\t\t\t\t<\/div>\n\t\t\t\t<\/div>\n\t\t\t\t<div class=\"elementor-element elementor-element-b4a39ce elementor-widget elementor-widget-text-editor\" data-id=\"b4a39ce\" data-element_type=\"widget\" data-e-type=\"widget\" data-widget_type=\"text-editor.default\">\n\t\t\t\t<div class=\"elementor-widget-container\">\n\t\t\t\t\t\t\t\t\t<p>Aqu\u00ed encontrar\u00e1s los ecos que la Palabra de Dios ha dejado en m\u00ed para que puedas leerla y escuchar las resonancias que Dios deja en tu interior. Buena oraci\u00f3n.\u00a0<\/p>\t\t\t\t\t\t\t\t<\/div>\n\t\t\t\t<\/div>\n\t\t\t\t\t<\/div>\n\t\t<\/div>\n\t\t\t\t\t<\/div>\n\t\t<\/section>\n\t\t\t\t<section class=\"elementor-section elementor-top-section elementor-element elementor-element-c2f9fcf elementor-section-boxed elementor-section-height-default elementor-section-height-default\" data-id=\"c2f9fcf\" data-element_type=\"section\" data-e-type=\"section\">\n\t\t\t\t\t\t<div class=\"elementor-container elementor-column-gap-default\">\n\t\t\t\t\t<div class=\"elementor-column elementor-col-100 elementor-top-column elementor-element elementor-element-57b8c60\" data-id=\"57b8c60\" data-element_type=\"column\" data-e-type=\"column\">\n\t\t\t<div class=\"elementor-widget-wrap elementor-element-populated\">\n\t\t\t\t\t\t<div class=\"elementor-element elementor-element-68dd66f elementor-grid-1 elementor-posts--thumbnail-left elementor-grid-tablet-2 elementor-grid-mobile-1 elementor-widget elementor-widget-posts\" data-id=\"68dd66f\" data-element_type=\"widget\" data-e-type=\"widget\" data-settings=\"{&quot;classic_columns&quot;:&quot;1&quot;,&quot;classic_columns_tablet&quot;:&quot;2&quot;,&quot;classic_columns_mobile&quot;:&quot;1&quot;,&quot;classic_row_gap&quot;:{&quot;unit&quot;:&quot;px&quot;,&quot;size&quot;:35,&quot;sizes&quot;:[]},&quot;classic_row_gap_tablet&quot;:{&quot;unit&quot;:&quot;px&quot;,&quot;size&quot;:&quot;&quot;,&quot;sizes&quot;:[]},&quot;classic_row_gap_mobile&quot;:{&quot;unit&quot;:&quot;px&quot;,&quot;size&quot;:&quot;&quot;,&quot;sizes&quot;:[]}}\" data-widget_type=\"posts.classic\">\n\t\t\t\t<div class=\"elementor-widget-container\">\n\t\t\t\t\t\t\t<div class=\"elementor-posts-container elementor-posts elementor-posts--skin-classic elementor-grid\" role=\"list\">\n\t\t\t\t<article class=\"elementor-post elementor-grid-item post-3494 post type-post status-publish format-standard hentry category-sin-categoria\" role=\"listitem\">\n\t\t\t\t<div class=\"elementor-post__text\">\n\t\t\t\t<h3 class=\"elementor-post__title\">\n\t\t\t<a href=\"https:\/\/verbumdei.org\/paula\/prudencia-o-insensatez\/\" >\n\t\t\t\t\u00bfPrudencia o insensatez?\t\t\t<\/a>\n\t\t<\/h3>\n\t\t\t\t<div class=\"elementor-post__meta-data\">\n\t\t\t\t\t<span class=\"elementor-post-date\">\n\t\t\t1 de septiembre de 2023\t\t<\/span>\n\t\t\t\t<span class=\"elementor-post-avatar\">\n\t\t\tNo hay comentarios\t\t<\/span>\n\t\t\t\t<\/div>\n\t\t\t\t<div class=\"elementor-post__excerpt\">\n\t\t\t<p>\u00bfPrudencia o insensatez? Mt 25,1-13 El reino de los cielos es semejante a las diez v\u00edrgenes, prudentes y necias&#8230; es decir, en el reino hay de las dos cosas&#8230; Las prudentes y las imprudentes o necias, seg\u00fan el texto. \u00bfY c\u00f3mo se define la insensatez? Llevar una l\u00e1mpara con aceite, pero no llevar m\u00e1s aceite que el que lleva la l\u00e1mpara. Las prudentes se diferencian de las necias en que llevan almotolias con aceite adem\u00e1s del aceite de sus l\u00e1mparas. Parece que los tiempos de la vida no son los que esper\u00e1bamos. A menudo las cosas suceden demasiado deprisa o tardan demasiado, m\u00e1s de lo que est\u00e1bamos preparados o menos de lo que realmente esper\u00e1bamos. \u00bfY entonces? \u00bfNos dormimos, estamos preparados, nos desesperamos, perdemos nuestra oportunidad? Las v\u00edrgenes insensatas no previeron que el novio tardar\u00eda tanto y llegar\u00eda a altas horas de la noche. Se durmieron en lugar de abastecerse de aceite de oliva mientras a\u00fan hab\u00eda tiempo&#8230; pero despu\u00e9s ya fue demasiado tarde. Los acontecimientos se precipitaron antes de<\/p>\n\t\t<\/div>\n\t\t\n\t\t<a class=\"elementor-post__read-more\" href=\"https:\/\/verbumdei.org\/paula\/prudencia-o-insensatez\/\" aria-label=\"Read more about \u00bfPrudencia o insensatez?\" tabindex=\"-1\" >\n\t\t\tLeer m\u00e1s \u00bb\t\t<\/a>\n\n\t\t\t\t<\/div>\n\t\t\t\t<\/article>\n\t\t\t\t<\/div>\n\t\t\n\t\t\t\t\t\t<\/div>\n\t\t\t\t<\/div>\n\t\t\t\t\t<\/div>\n\t\t<\/div>\n\t\t\t\t\t<\/div>\n\t\t<\/section>\n\t\t\t\t<\/div>\n\t\t","protected":false},"excerpt":{"rendered":"<p>Ecos para orar con la Palabra de Dios Aqu\u00ed encontrar\u00e1s los ecos que la Palabra de Dios ha dejado en m\u00ed para que puedas leerla y escuchar las resonancias que Dios deja en tu interior. Buena oraci\u00f3n.\u00a0<\/p>\n","protected":false},"author":6,"featured_media":0,"parent":0,"menu_order":0,"comment_status":"closed","ping_status":"closed","template":"","meta":{"footnotes":""},"class_list":["post-3429","page","type-page","status-publish","hentry"],"yoast_head":"<!-- This site is optimized with the Yoast SEO Premium plugin v22.5 (Yoast SEO v27.5) - https:\/\/yoast.com\/product\/yoast-seo-premium-wordpress\/ -->\n<title>Ecos de la Palabra - Paula Jord\u00e3o<\/title>\n<meta name=\"robots\" content=\"index, follow, max-snippet:-1, max-image-preview:large, max-video-preview:-1\" \/>\n<link rel=\"canonical\" href=\"https:\/\/verbumdei.org\/paula\/ecos-de-la-palabra\/\" \/>\n<meta property=\"og:locale\" content=\"es_MX\" \/>\n<meta property=\"og:type\" content=\"article\" \/>\n<meta property=\"og:title\" content=\"Ecos de la Palabra\" \/>\n<meta property=\"og:description\" content=\"Ecos para orar con la Palabra de Dios Aqu\u00ed encontrar\u00e1s los ecos que la Palabra de Dios ha dejado en m\u00ed para que puedas leerla y escuchar las resonancias que Dios deja en tu interior. Buena oraci\u00f3n.\u00a0\" \/>\n<meta property=\"og:url\" content=\"https:\/\/verbumdei.org\/paula\/ecos-de-la-palabra\/\" \/>\n<meta property=\"og:site_name\" content=\"Paula Jord\u00e3o\" \/>\n<meta property=\"article:modified_time\" content=\"2023-09-01T12:19:53+00:00\" \/>\n<meta property=\"og:image\" content=\"https:\/\/verbumdei.org\/paula\/wp-content\/uploads\/2023\/09\/Table-bible-e1693570296126.png\" \/>\n<meta name=\"twitter:card\" content=\"summary_large_image\" \/>\n<meta name=\"twitter:label1\" content=\"Tiempo de lectura\" \/>\n\t<meta name=\"twitter:data1\" content=\"1 minuto\" \/>\n<script type=\"application\/ld+json\" class=\"yoast-schema-graph\">{\"@context\":\"https:\\\/\\\/schema.org\",\"@graph\":[{\"@type\":\"WebPage\",\"@id\":\"https:\\\/\\\/verbumdei.org\\\/paula\\\/ecos-de-la-palabra\\\/\",\"url\":\"https:\\\/\\\/verbumdei.org\\\/paula\\\/ecos-de-la-palabra\\\/\",\"name\":\"Ecos de la Palabra - Paula Jord\u00e3o\",\"isPartOf\":{\"@id\":\"https:\\\/\\\/verbumdei.org\\\/paula\\\/#website\"},\"primaryImageOfPage\":{\"@id\":\"https:\\\/\\\/verbumdei.org\\\/paula\\\/ecos-de-la-palabra\\\/#primaryimage\"},\"image\":{\"@id\":\"https:\\\/\\\/verbumdei.org\\\/paula\\\/ecos-de-la-palabra\\\/#primaryimage\"},\"thumbnailUrl\":\"https:\\\/\\\/verbumdei.org\\\/paula\\\/wp-content\\\/uploads\\\/2023\\\/09\\\/Table-bible-e1693570296126.png\",\"datePublished\":\"2023-09-01T10:08:58+00:00\",\"dateModified\":\"2023-09-01T12:19:53+00:00\",\"breadcrumb\":{\"@id\":\"https:\\\/\\\/verbumdei.org\\\/paula\\\/ecos-de-la-palabra\\\/#breadcrumb\"},\"inLanguage\":\"es\",\"potentialAction\":[{\"@type\":\"ReadAction\",\"target\":[\"https:\\\/\\\/verbumdei.org\\\/paula\\\/ecos-de-la-palabra\\\/\"]}]},{\"@type\":\"ImageObject\",\"inLanguage\":\"es\",\"@id\":\"https:\\\/\\\/verbumdei.org\\\/paula\\\/ecos-de-la-palabra\\\/#primaryimage\",\"url\":\"https:\\\/\\\/verbumdei.org\\\/paula\\\/wp-content\\\/uploads\\\/2023\\\/09\\\/Table-bible-e1693570296126.png\",\"contentUrl\":\"https:\\\/\\\/verbumdei.org\\\/paula\\\/wp-content\\\/uploads\\\/2023\\\/09\\\/Table-bible-e1693570296126.png\",\"width\":1709,\"height\":723},{\"@type\":\"BreadcrumbList\",\"@id\":\"https:\\\/\\\/verbumdei.org\\\/paula\\\/ecos-de-la-palabra\\\/#breadcrumb\",\"itemListElement\":[{\"@type\":\"ListItem\",\"position\":1,\"name\":\"Portada\",\"item\":\"https:\\\/\\\/verbumdei.org\\\/paula\\\/\"},{\"@type\":\"ListItem\",\"position\":2,\"name\":\"Ecos de la Palabra\"}]},{\"@type\":\"WebSite\",\"@id\":\"https:\\\/\\\/verbumdei.org\\\/paula\\\/#website\",\"url\":\"https:\\\/\\\/verbumdei.org\\\/paula\\\/\",\"name\":\"Paula Jord\u00e3o\",\"description\":\"Paula Noronha Jord\u00e3o\",\"publisher\":{\"@id\":\"https:\\\/\\\/verbumdei.org\\\/paula\\\/#organization\"},\"potentialAction\":[{\"@type\":\"SearchAction\",\"target\":{\"@type\":\"EntryPoint\",\"urlTemplate\":\"https:\\\/\\\/verbumdei.org\\\/paula\\\/?s={search_term_string}\"},\"query-input\":{\"@type\":\"PropertyValueSpecification\",\"valueRequired\":true,\"valueName\":\"search_term_string\"}}],\"inLanguage\":\"es\"},{\"@type\":\"Organization\",\"@id\":\"https:\\\/\\\/verbumdei.org\\\/paula\\\/#organization\",\"name\":\"Paula Jord\u00e3o\",\"url\":\"https:\\\/\\\/verbumdei.org\\\/paula\\\/\",\"logo\":{\"@type\":\"ImageObject\",\"inLanguage\":\"es\",\"@id\":\"https:\\\/\\\/verbumdei.org\\\/paula\\\/#\\\/schema\\\/logo\\\/image\\\/\",\"url\":\"https:\\\/\\\/verbumdei.org\\\/paula\\\/wp-content\\\/uploads\\\/2023\\\/06\\\/Presentation1-e1687525506149.jpg\",\"contentUrl\":\"https:\\\/\\\/verbumdei.org\\\/paula\\\/wp-content\\\/uploads\\\/2023\\\/06\\\/Presentation1-e1687525506149.jpg\",\"width\":534,\"height\":339,\"caption\":\"Paula Jord\u00e3o\"},\"image\":{\"@id\":\"https:\\\/\\\/verbumdei.org\\\/paula\\\/#\\\/schema\\\/logo\\\/image\\\/\"}}]}<\/script>\n<!-- \/ Yoast SEO Premium plugin. -->","yoast_head_json":{"title":"Ecos de la Palabra - Paula Jord\u00e3o","robots":{"index":"index","follow":"follow","max-snippet":"max-snippet:-1","max-image-preview":"max-image-preview:large","max-video-preview":"max-video-preview:-1"},"canonical":"https:\/\/verbumdei.org\/paula\/ecos-de-la-palabra\/","og_locale":"es_MX","og_type":"article","og_title":"Ecos de la Palabra","og_description":"Ecos para orar con la Palabra de Dios Aqu\u00ed encontrar\u00e1s los ecos que la Palabra de Dios ha dejado en m\u00ed para que puedas leerla y escuchar las resonancias que Dios deja en tu interior. Buena oraci\u00f3n.\u00a0","og_url":"https:\/\/verbumdei.org\/paula\/ecos-de-la-palabra\/","og_site_name":"Paula Jord\u00e3o","article_modified_time":"2023-09-01T12:19:53+00:00","og_image":[{"url":"https:\/\/verbumdei.org\/paula\/wp-content\/uploads\/2023\/09\/Table-bible-e1693570296126.png","type":"","width":"","height":""}],"twitter_card":"summary_large_image","twitter_misc":{"Tiempo de lectura":"1 minuto"},"schema":{"@context":"https:\/\/schema.org","@graph":[{"@type":"WebPage","@id":"https:\/\/verbumdei.org\/paula\/ecos-de-la-palabra\/","url":"https:\/\/verbumdei.org\/paula\/ecos-de-la-palabra\/","name":"Ecos de la Palabra - Paula Jord\u00e3o","isPartOf":{"@id":"https:\/\/verbumdei.org\/paula\/#website"},"primaryImageOfPage":{"@id":"https:\/\/verbumdei.org\/paula\/ecos-de-la-palabra\/#primaryimage"},"image":{"@id":"https:\/\/verbumdei.org\/paula\/ecos-de-la-palabra\/#primaryimage"},"thumbnailUrl":"https:\/\/verbumdei.org\/paula\/wp-content\/uploads\/2023\/09\/Table-bible-e1693570296126.png","datePublished":"2023-09-01T10:08:58+00:00","dateModified":"2023-09-01T12:19:53+00:00","breadcrumb":{"@id":"https:\/\/verbumdei.org\/paula\/ecos-de-la-palabra\/#breadcrumb"},"inLanguage":"es","potentialAction":[{"@type":"ReadAction","target":["https:\/\/verbumdei.org\/paula\/ecos-de-la-palabra\/"]}]},{"@type":"ImageObject","inLanguage":"es","@id":"https:\/\/verbumdei.org\/paula\/ecos-de-la-palabra\/#primaryimage","url":"https:\/\/verbumdei.org\/paula\/wp-content\/uploads\/2023\/09\/Table-bible-e1693570296126.png","contentUrl":"https:\/\/verbumdei.org\/paula\/wp-content\/uploads\/2023\/09\/Table-bible-e1693570296126.png","width":1709,"height":723},{"@type":"BreadcrumbList","@id":"https:\/\/verbumdei.org\/paula\/ecos-de-la-palabra\/#breadcrumb","itemListElement":[{"@type":"ListItem","position":1,"name":"Portada","item":"https:\/\/verbumdei.org\/paula\/"},{"@type":"ListItem","position":2,"name":"Ecos de la Palabra"}]},{"@type":"WebSite","@id":"https:\/\/verbumdei.org\/paula\/#website","url":"https:\/\/verbumdei.org\/paula\/","name":"Paula Jord\u00e3o","description":"Paula Noronha Jord\u00e3o","publisher":{"@id":"https:\/\/verbumdei.org\/paula\/#organization"},"potentialAction":[{"@type":"SearchAction","target":{"@type":"EntryPoint","urlTemplate":"https:\/\/verbumdei.org\/paula\/?s={search_term_string}"},"query-input":{"@type":"PropertyValueSpecification","valueRequired":true,"valueName":"search_term_string"}}],"inLanguage":"es"},{"@type":"Organization","@id":"https:\/\/verbumdei.org\/paula\/#organization","name":"Paula Jord\u00e3o","url":"https:\/\/verbumdei.org\/paula\/","logo":{"@type":"ImageObject","inLanguage":"es","@id":"https:\/\/verbumdei.org\/paula\/#\/schema\/logo\/image\/","url":"https:\/\/verbumdei.org\/paula\/wp-content\/uploads\/2023\/06\/Presentation1-e1687525506149.jpg","contentUrl":"https:\/\/verbumdei.org\/paula\/wp-content\/uploads\/2023\/06\/Presentation1-e1687525506149.jpg","width":534,"height":339,"caption":"Paula Jord\u00e3o"},"image":{"@id":"https:\/\/verbumdei.org\/paula\/#\/schema\/logo\/image\/"}}]}},"_links":{"self":[{"href":"https:\/\/verbumdei.org\/paula\/wp-json\/wp\/v2\/pages\/3429","targetHints":{"allow":["GET"]}}],"collection":[{"href":"https:\/\/verbumdei.org\/paula\/wp-json\/wp\/v2\/pages"}],"about":[{"href":"https:\/\/verbumdei.org\/paula\/wp-json\/wp\/v2\/types\/page"}],"author":[{"embeddable":true,"href":"https:\/\/verbumdei.org\/paula\/wp-json\/wp\/v2\/users\/6"}],"replies":[{"embeddable":true,"href":"https:\/\/verbumdei.org\/paula\/wp-json\/wp\/v2\/comments?post=3429"}],"version-history":[{"count":71,"href":"https:\/\/verbumdei.org\/paula\/wp-json\/wp\/v2\/pages\/3429\/revisions"}],"predecessor-version":[{"id":3529,"href":"https:\/\/verbumdei.org\/paula\/wp-json\/wp\/v2\/pages\/3429\/revisions\/3529"}],"wp:attachment":[{"href":"https:\/\/verbumdei.org\/paula\/wp-json\/wp\/v2\/media?parent=3429"}],"curies":[{"name":"wp","href":"https:\/\/api.w.org\/{rel}","templated":true}]}}