{"id":100,"date":"2022-09-05T20:30:52","date_gmt":"2022-09-05T20:30:52","guid":{"rendered":"https:\/\/verbumdei.org\/paula\/2022\/?page_id=100"},"modified":"2023-07-06T09:21:55","modified_gmt":"2023-07-06T07:21:55","slug":"inicio","status":"publish","type":"page","link":"https:\/\/verbumdei.org\/paula\/","title":{"rendered":"Inicio"},"content":{"rendered":"\t\t<div data-elementor-type=\"wp-page\" data-elementor-id=\"100\" class=\"elementor elementor-100\" data-elementor-post-type=\"page\">\n\t\t\t\t\t\t<section class=\"elementor-section elementor-top-section elementor-element elementor-element-f7e960f elementor-section-boxed elementor-section-height-default elementor-section-height-default\" data-id=\"f7e960f\" data-element_type=\"section\" data-e-type=\"section\">\n\t\t\t\t\t\t<div class=\"elementor-container elementor-column-gap-default\">\n\t\t\t\t\t<div class=\"elementor-column elementor-col-100 elementor-top-column elementor-element elementor-element-7f6f486\" data-id=\"7f6f486\" data-element_type=\"column\" data-e-type=\"column\">\n\t\t\t<div class=\"elementor-widget-wrap elementor-element-populated\">\n\t\t\t\t\t\t<div class=\"elementor-element elementor-element-6c7cf02 elementor-widget elementor-widget-image\" data-id=\"6c7cf02\" data-element_type=\"widget\" data-e-type=\"widget\" data-widget_type=\"image.default\">\n\t\t\t\t<div class=\"elementor-widget-container\">\n\t\t\t\t\t\t\t\t\t\t\t\t\t\t\t<img fetchpriority=\"high\" decoding=\"async\" width=\"1266\" height=\"407\" src=\"https:\/\/verbumdei.org\/paula\/wp-content\/uploads\/2023\/06\/Dandelion.png\" class=\"attachment-full size-full wp-image-3273\" alt=\"\" srcset=\"https:\/\/verbumdei.org\/paula\/wp-content\/uploads\/2023\/06\/Dandelion.png 1266w, https:\/\/verbumdei.org\/paula\/wp-content\/uploads\/2023\/06\/Dandelion-300x96.png 300w, https:\/\/verbumdei.org\/paula\/wp-content\/uploads\/2023\/06\/Dandelion-1024x329.png 1024w, https:\/\/verbumdei.org\/paula\/wp-content\/uploads\/2023\/06\/Dandelion-768x247.png 768w, https:\/\/verbumdei.org\/paula\/wp-content\/uploads\/2023\/06\/Dandelion-600x193.png 600w\" sizes=\"(max-width: 1266px) 100vw, 1266px\" \/>\t\t\t\t\t\t\t\t\t\t\t\t\t\t\t<\/div>\n\t\t\t\t<\/div>\n\t\t\t\t\t<\/div>\n\t\t<\/div>\n\t\t\t\t\t<\/div>\n\t\t<\/section>\n\t\t\t\t<section class=\"elementor-section elementor-top-section elementor-element elementor-element-924aa25 elementor-section-boxed elementor-section-height-default elementor-section-height-default\" data-id=\"924aa25\" data-element_type=\"section\" data-e-type=\"section\">\n\t\t\t\t\t\t<div class=\"elementor-container elementor-column-gap-wide\">\n\t\t\t\t\t<div class=\"elementor-column elementor-col-33 elementor-top-column elementor-element elementor-element-5fb789d\" data-id=\"5fb789d\" data-element_type=\"column\" data-e-type=\"column\">\n\t\t\t<div class=\"elementor-widget-wrap\">\n\t\t\t\t\t\t\t<\/div>\n\t\t<\/div>\n\t\t\t\t<div class=\"elementor-column elementor-col-33 elementor-top-column elementor-element elementor-element-86b1072\" data-id=\"86b1072\" data-element_type=\"column\" data-e-type=\"column\">\n\t\t\t<div class=\"elementor-widget-wrap\">\n\t\t\t\t\t\t\t<\/div>\n\t\t<\/div>\n\t\t\t\t<div class=\"elementor-column elementor-col-33 elementor-top-column elementor-element elementor-element-2a30b41\" data-id=\"2a30b41\" data-element_type=\"column\" data-e-type=\"column\">\n\t\t\t<div class=\"elementor-widget-wrap\">\n\t\t\t\t\t\t\t<\/div>\n\t\t<\/div>\n\t\t\t\t\t<\/div>\n\t\t<\/section>\n\t\t\t\t<section class=\"elementor-section elementor-top-section elementor-element elementor-element-98e6c8f elementor-section-boxed elementor-section-height-default elementor-section-height-default\" data-id=\"98e6c8f\" data-element_type=\"section\" data-e-type=\"section\">\n\t\t\t\t\t\t<div class=\"elementor-container elementor-column-gap-default\">\n\t\t\t\t\t<div class=\"elementor-column elementor-col-33 elementor-top-column elementor-element elementor-element-15dc613\" data-id=\"15dc613\" data-element_type=\"column\" data-e-type=\"column\">\n\t\t\t<div class=\"elementor-widget-wrap elementor-element-populated\">\n\t\t\t\t\t\t<div class=\"elementor-element elementor-element-965e35c elementor-widget elementor-widget-heading\" data-id=\"965e35c\" data-element_type=\"widget\" data-e-type=\"widget\" data-widget_type=\"heading.default\">\n\t\t\t\t<div class=\"elementor-widget-container\">\n\t\t\t\t\t<h2 class=\"elementor-heading-title elementor-size-default\">Quien soy<\/h2>\t\t\t\t<\/div>\n\t\t\t\t<\/div>\n\t\t\t\t<div class=\"elementor-element elementor-element-ef23ff6 elementor-widget elementor-widget-text-editor\" data-id=\"ef23ff6\" data-element_type=\"widget\" data-e-type=\"widget\" data-widget_type=\"text-editor.default\">\n\t\t\t\t<div class=\"elementor-widget-container\">\n\t\t\t\t\t\t\t\t\t<p><span lang=\"ES\">Hola, soy Paula y mi mayor deseo es ayudar a que las personas se conozcan a s\u00ed mismas bajo la mirada amorosa de Dios. Creo que la felicidad se teje con los hilos de la amistad y de la trascendencia. Me dedico, por ello, a conocer a Dios, a trav\u00e9s de su Palabra, a vivirla con aquellos que me rodean y a anunciarla con palabras y gestos.<\/span><\/p><p><span lang=\"ES\">\u00a0<\/span>A menudo la m\u00fasica me ayuda a expresar el paso de Dios y del mundo por mi vida y a comunicar lo que muchas veces no es f\u00e1cil decir.<\/p>\t\t\t\t\t\t\t\t<\/div>\n\t\t\t\t<\/div>\n\t\t\t\t<div class=\"elementor-element elementor-element-d7599d4 elementor-widget__width-initial elementor-widget elementor-widget-image\" data-id=\"d7599d4\" data-element_type=\"widget\" data-e-type=\"widget\" data-widget_type=\"image.default\">\n\t\t\t\t<div class=\"elementor-widget-container\">\n\t\t\t\t\t\t\t\t\t\t\t\t\t\t\t<img decoding=\"async\" width=\"715\" height=\"642\" src=\"https:\/\/verbumdei.org\/paula\/wp-content\/uploads\/2023\/06\/Paula-2-e1687258721216.png\" class=\"attachment-medium_large size-medium_large wp-image-2716\" alt=\"\" srcset=\"https:\/\/verbumdei.org\/paula\/wp-content\/uploads\/2023\/06\/Paula-2-e1687258721216.png 715w, https:\/\/verbumdei.org\/paula\/wp-content\/uploads\/2023\/06\/Paula-2-e1687258721216-300x269.png 300w\" sizes=\"(max-width: 715px) 100vw, 715px\" \/>\t\t\t\t\t\t\t\t\t\t\t\t\t\t\t<\/div>\n\t\t\t\t<\/div>\n\t\t\t\t<div class=\"elementor-element elementor-element-ae46718 elementor-widget elementor-widget-spacer\" data-id=\"ae46718\" data-element_type=\"widget\" data-e-type=\"widget\" data-widget_type=\"spacer.default\">\n\t\t\t\t<div class=\"elementor-widget-container\">\n\t\t\t\t\t\t\t<div class=\"elementor-spacer\">\n\t\t\t<div class=\"elementor-spacer-inner\"><\/div>\n\t\t<\/div>\n\t\t\t\t\t\t<\/div>\n\t\t\t\t<\/div>\n\t\t\t\t<div class=\"elementor-element elementor-element-b792845 elementor-widget elementor-widget-heading\" data-id=\"b792845\" data-element_type=\"widget\" data-e-type=\"widget\" data-widget_type=\"heading.default\">\n\t\t\t\t<div class=\"elementor-widget-container\">\n\t\t\t\t\t<h2 class=\"elementor-heading-title elementor-size-default\">Acompa\u00f1ante Espiritual<\/h2>\t\t\t\t<\/div>\n\t\t\t\t<\/div>\n\t\t\t\t<div class=\"elementor-element elementor-element-dacbced elementor-widget elementor-widget-text-editor\" data-id=\"dacbced\" data-element_type=\"widget\" data-e-type=\"widget\" data-widget_type=\"text-editor.default\">\n\t\t\t\t<div class=\"elementor-widget-container\">\n\t\t\t\t\t\t\t\t\t<p>Aprender a vivir cada d\u00eda al ritmo de Dios es una tarea delicada y un arte que hay que aprender.<\/p>\n<p><span style=\"font-size: 1rem;\">El acompa\u00f1amiento espiritual, hecho de reverencia y perspicacia, verdad y Evangelio, es esencial para enraizarnos en la tierra del cari\u00f1o de Dios que nos revela quienes somos: hijas e hijas amadas como Jes\u00fas.&nbsp;<\/span><span style=\"font-size: 1rem;\">El camino del acompa\u00f1amiento nos permite aprender a dejarse amar mucho para `poder amar mucho con libertad.&nbsp;<\/span><\/p>\n<p><span style=\"font-size: 1rem;\">En seguimiento de Jes\u00fas, me siento llamada a acompa\u00f1ar las personas que as\u00ed lo deseen para que escuchen la voz de Dios en su interior con mayor claridad y puedan seguir las huellas de Jesus en su vida, con la gracia del Esp\u00edritu, tanto en el d\u00eda a d\u00eda como en ambiente de Ejercicios Espirituales personalizados o en grupo.&nbsp;<\/span><\/p>\t\t\t\t\t\t\t\t<\/div>\n\t\t\t\t<\/div>\n\t\t\t\t\t<\/div>\n\t\t<\/div>\n\t\t\t\t<div class=\"elementor-column elementor-col-33 elementor-top-column elementor-element elementor-element-5b4c48b\" data-id=\"5b4c48b\" data-element_type=\"column\" data-e-type=\"column\">\n\t\t\t<div class=\"elementor-widget-wrap elementor-element-populated\">\n\t\t\t\t\t\t<div class=\"elementor-element elementor-element-30a6547 elementor-widget elementor-widget-heading\" data-id=\"30a6547\" data-element_type=\"widget\" data-e-type=\"widget\" data-widget_type=\"heading.default\">\n\t\t\t\t<div class=\"elementor-widget-container\">\n\t\t\t\t\t<h2 class=\"elementor-heading-title elementor-size-default\">Misionera<\/h2>\t\t\t\t<\/div>\n\t\t\t\t<\/div>\n\t\t\t\t<div class=\"elementor-element elementor-element-5a022d8 elementor-widget elementor-widget-text-editor\" data-id=\"5a022d8\" data-element_type=\"widget\" data-e-type=\"widget\" data-widget_type=\"text-editor.default\">\n\t\t\t\t<div class=\"elementor-widget-container\">\n\t\t\t\t\t\t\t\t\t<p class=\"MsoNormal\"><span lang=\"ES\">Mi vocaci\u00f3n misionera me ha permitido conocer\u00a0diferentes lugares, culturas e idiomas. He tenido el privilegio de haber estado<br \/>ya en los cinco continentes compartiendo la vida, los desafios de cada dia y la\u00a0fe con personas de innumerables latitudes.\u00a0<\/span><\/p><p class=\"MsoNormal\"><span lang=\"ES\">Esta experiencia ha modelado mi\u00a0personalidad y me ha hecho ciudadana del mundo. M\u00e1s all\u00e1, me ha hecho reconocer\u00a0que a\u00fan diversos somos todos hechos a la medida de Dios que am\u00e1ndonos nos ha\u00a0creado \u00fanicos e irrepetibles. Deseo que cada persona descubra el amor que<br \/>sostiene su vida.<\/span><\/p>\t\t\t\t\t\t\t\t<\/div>\n\t\t\t\t<\/div>\n\t\t\t\t<div class=\"elementor-element elementor-element-903dba2 elementor-widget elementor-widget-image\" data-id=\"903dba2\" data-element_type=\"widget\" data-e-type=\"widget\" data-widget_type=\"image.default\">\n\t\t\t\t<div class=\"elementor-widget-container\">\n\t\t\t\t\t\t\t\t\t\t\t\t\t\t\t<img decoding=\"async\" width=\"800\" height=\"534\" src=\"https:\/\/verbumdei.org\/paula\/wp-content\/uploads\/2023\/06\/pexels-aksonsat-uanthoeng-1078850-1024x683.jpg\" class=\"attachment-large size-large wp-image-3125\" alt=\"\" srcset=\"https:\/\/verbumdei.org\/paula\/wp-content\/uploads\/2023\/06\/pexels-aksonsat-uanthoeng-1078850-1024x683.jpg 1024w, https:\/\/verbumdei.org\/paula\/wp-content\/uploads\/2023\/06\/pexels-aksonsat-uanthoeng-1078850-300x200.jpg 300w, https:\/\/verbumdei.org\/paula\/wp-content\/uploads\/2023\/06\/pexels-aksonsat-uanthoeng-1078850-768x512.jpg 768w, https:\/\/verbumdei.org\/paula\/wp-content\/uploads\/2023\/06\/pexels-aksonsat-uanthoeng-1078850-1536x1024.jpg 1536w, https:\/\/verbumdei.org\/paula\/wp-content\/uploads\/2023\/06\/pexels-aksonsat-uanthoeng-1078850-2048x1365.jpg 2048w\" sizes=\"(max-width: 800px) 100vw, 800px\" \/>\t\t\t\t\t\t\t\t\t\t\t\t\t\t\t<\/div>\n\t\t\t\t<\/div>\n\t\t\t\t<div class=\"elementor-element elementor-element-2d973d7 elementor-widget elementor-widget-spacer\" data-id=\"2d973d7\" data-element_type=\"widget\" data-e-type=\"widget\" data-widget_type=\"spacer.default\">\n\t\t\t\t<div class=\"elementor-widget-container\">\n\t\t\t\t\t\t\t<div class=\"elementor-spacer\">\n\t\t\t<div class=\"elementor-spacer-inner\"><\/div>\n\t\t<\/div>\n\t\t\t\t\t\t<\/div>\n\t\t\t\t<\/div>\n\t\t\t\t<div class=\"elementor-element elementor-element-0036504 elementor-widget elementor-widget-heading\" data-id=\"0036504\" data-element_type=\"widget\" data-e-type=\"widget\" data-widget_type=\"heading.default\">\n\t\t\t\t<div class=\"elementor-widget-container\">\n\t\t\t\t\t<h2 class=\"elementor-heading-title elementor-size-default\">Formadora de Formadores<\/h2>\t\t\t\t<\/div>\n\t\t\t\t<\/div>\n\t\t\t\t<div class=\"elementor-element elementor-element-49fb29d elementor-widget elementor-widget-text-editor\" data-id=\"49fb29d\" data-element_type=\"widget\" data-e-type=\"widget\" data-widget_type=\"text-editor.default\">\n\t\t\t\t<div class=\"elementor-widget-container\">\n\t\t\t\t\t\t\t\t\t<p>La formacion para la Vida Consagrada es algo que me atrae en mi vida misionera, porque creo que las personas que se sienten llamadas a seguir a Jesus de estemodo necesitan recibir los mejores medios para crecer.\u00a0<\/p><p>Vivimos tiempos que colocan muchos desafios a la Iglesia y de una forma especial a la Vida Consagrada. Es urgente buscar caminos formativos adecuados a las exigencias actuales.<\/p><p>Mi labor formativa abarca tambien consultor\u00eda\u00a0en Formaci\u00f3n inicial y permanente, ofreciendo espacios de reflexi\u00f3n sobre la formaci\u00f3n de las congregaciones y apoyo aquellas personas que ejercen la labor formativa. Busco ofrecer una espiritualidad arraigada en el Evangelio y en la sabiduria eclesial, entrelazada con propuestas que integran el aporte de las ciencias humanas.\u00a0<\/p>\t\t\t\t\t\t\t\t<\/div>\n\t\t\t\t<\/div>\n\t\t\t\t\t<\/div>\n\t\t<\/div>\n\t\t\t\t<div class=\"elementor-column elementor-col-33 elementor-top-column elementor-element elementor-element-8122f41\" data-id=\"8122f41\" data-element_type=\"column\" data-e-type=\"column\">\n\t\t\t<div class=\"elementor-widget-wrap elementor-element-populated\">\n\t\t\t\t\t\t<div class=\"elementor-element elementor-element-e6d6efe elementor-widget elementor-widget-heading\" data-id=\"e6d6efe\" data-element_type=\"widget\" data-e-type=\"widget\" data-widget_type=\"heading.default\">\n\t\t\t\t<div class=\"elementor-widget-container\">\n\t\t\t\t\t<h2 class=\"elementor-heading-title elementor-size-default\">Predicadora<\/h2>\t\t\t\t<\/div>\n\t\t\t\t<\/div>\n\t\t\t\t<div class=\"elementor-element elementor-element-7904199 elementor-widget elementor-widget-text-editor\" data-id=\"7904199\" data-element_type=\"widget\" data-e-type=\"widget\" data-widget_type=\"text-editor.default\">\n\t\t\t\t<div class=\"elementor-widget-container\">\n\t\t\t\t\t\t\t\t\t<p><span lang=\"ES\">La predicaci\u00f3n de la Palabra de Dios es central en la vivencia del carisma Verbum Dei porque de una forma especial pone a las personas en contacto con Cristo. <\/span><\/p><p>En comunidad, nos dedicamos a orar la Palabra, asimil\u00e1ndola hasta hacerla vida propia, dej\u00e1ndonos transformar por ella para ense\u00f1arla as\u00ed a los dem\u00e1s. Predicamos para que otros puedan orar la Palabra, vivrila y ense\u00f1arla vivencialmente a otros.<\/p><p>La predicaci\u00f3n engloba Escuelas de oraci\u00f3n, Formaci\u00f3n pedag\u00f3gica para la integraci\u00f3n humana y espiritual, Acompa\u00f1amiento Espiritual, Talleres, Encuentros de J\u00f3venes y Adultos, Charlas en presencia y online, Formaci\u00f3n de Ap\u00f3stoles, Ejercicios espirituales, etc.\u00a0<\/p>\t\t\t\t\t\t\t\t<\/div>\n\t\t\t\t<\/div>\n\t\t\t\t<div class=\"elementor-element elementor-element-3cdb122 elementor-widget elementor-widget-image\" data-id=\"3cdb122\" data-element_type=\"widget\" data-e-type=\"widget\" data-widget_type=\"image.default\">\n\t\t\t\t<div class=\"elementor-widget-container\">\n\t\t\t\t\t\t\t\t\t\t\t\t\t\t\t<img loading=\"lazy\" decoding=\"async\" width=\"768\" height=\"712\" src=\"https:\/\/verbumdei.org\/paula\/wp-content\/uploads\/2023\/06\/January-vatican-e1687636365969-768x712.jpg\" class=\"attachment-medium_large size-medium_large wp-image-3154\" alt=\"\" srcset=\"https:\/\/verbumdei.org\/paula\/wp-content\/uploads\/2023\/06\/January-vatican-e1687636365969-768x712.jpg 768w, https:\/\/verbumdei.org\/paula\/wp-content\/uploads\/2023\/06\/January-vatican-e1687636365969-300x278.jpg 300w, https:\/\/verbumdei.org\/paula\/wp-content\/uploads\/2023\/06\/January-vatican-e1687636365969.jpg 920w\" sizes=\"(max-width: 768px) 100vw, 768px\" \/>\t\t\t\t\t\t\t\t\t\t\t\t\t\t\t<\/div>\n\t\t\t\t<\/div>\n\t\t\t\t<div class=\"elementor-element elementor-element-c7704da elementor-widget elementor-widget-spacer\" data-id=\"c7704da\" data-element_type=\"widget\" data-e-type=\"widget\" data-widget_type=\"spacer.default\">\n\t\t\t\t<div class=\"elementor-widget-container\">\n\t\t\t\t\t\t\t<div class=\"elementor-spacer\">\n\t\t\t<div class=\"elementor-spacer-inner\"><\/div>\n\t\t<\/div>\n\t\t\t\t\t\t<\/div>\n\t\t\t\t<\/div>\n\t\t\t\t<div class=\"elementor-element elementor-element-dfd00c7 elementor-widget elementor-widget-heading\" data-id=\"dfd00c7\" data-element_type=\"widget\" data-e-type=\"widget\" data-widget_type=\"heading.default\">\n\t\t\t\t<div class=\"elementor-widget-container\">\n\t\t\t\t\t<h2 class=\"elementor-heading-title elementor-size-default\">Gu\u00eda de Ejercicios Espirituales<\/h2>\t\t\t\t<\/div>\n\t\t\t\t<\/div>\n\t\t\t\t<div class=\"elementor-element elementor-element-545c25d elementor-widget elementor-widget-text-editor\" data-id=\"545c25d\" data-element_type=\"widget\" data-e-type=\"widget\" data-widget_type=\"text-editor.default\">\n\t\t\t\t<div class=\"elementor-widget-container\">\n\t\t\t\t\t\t\t\t\t<p class=\"MsoNormal\"><span lang=\"ES\">El carisma Verbum Dei busca ayudar a las personas a encontrarse con Dios, dejando que les hable al coraz\u00f3n para entablar una relaci\u00f3n de amistad, seguimiento y compromiso.\u00a0<\/span><\/p><p class=\"MsoNormal\"><span lang=\"ES\">Los Ejercicios espirituales son uno de los medios m\u00e1s eficaces y profundos para conocerse, conocer el amor de Dios que nos sostiene y vivir lo que nos propone Jes\u00fas en el Evangelio.\u00a0<\/span><\/p><p class=\"MsoNormal\">Guiar y acompa\u00f1ar Ejercicios Espirituales personalizados o en grupo consiste una de mis grandes pasiones.<\/p>\t\t\t\t\t\t\t\t<\/div>\n\t\t\t\t<\/div>\n\t\t\t\t\t<\/div>\n\t\t<\/div>\n\t\t\t\t\t<\/div>\n\t\t<\/section>\n\t\t\t\t<section class=\"elementor-section elementor-top-section elementor-element elementor-element-6705d6f elementor-section-boxed elementor-section-height-default elementor-section-height-default\" data-id=\"6705d6f\" data-element_type=\"section\" data-e-type=\"section\">\n\t\t\t\t\t\t<div class=\"elementor-container elementor-column-gap-default\">\n\t\t\t\t\t<div class=\"elementor-column elementor-col-33 elementor-top-column elementor-element elementor-element-ba891ce\" data-id=\"ba891ce\" data-element_type=\"column\" data-e-type=\"column\">\n\t\t\t<div class=\"elementor-widget-wrap elementor-element-populated\">\n\t\t\t\t\t\t<div class=\"elementor-element elementor-element-613105a elementor-widget elementor-widget-image\" data-id=\"613105a\" data-element_type=\"widget\" data-e-type=\"widget\" data-widget_type=\"image.default\">\n\t\t\t\t<div class=\"elementor-widget-container\">\n\t\t\t\t\t\t\t\t\t\t\t\t\t\t\t<img decoding=\"async\" src=\"https:\/\/verbumdei.org\/paula\/wp-content\/uploads\/elementor\/thumbs\/pexels-valeria-ushakova-3094208-scaled-e1687625056539-q8fyn2f5qmallue7o1dar7giulpcc4izibtxdlowwk.jpg\" title=\"pexels-valeria-ushakova-3094208\" alt=\"la planta en la maceta\" loading=\"lazy\" \/>\t\t\t\t\t\t\t\t\t\t\t\t\t\t\t<\/div>\n\t\t\t\t<\/div>\n\t\t\t\t\t<\/div>\n\t\t<\/div>\n\t\t\t\t<div class=\"elementor-column elementor-col-33 elementor-top-column elementor-element elementor-element-6d51614\" data-id=\"6d51614\" data-element_type=\"column\" data-e-type=\"column\">\n\t\t\t<div class=\"elementor-widget-wrap elementor-element-populated\">\n\t\t\t\t\t\t<div class=\"elementor-element elementor-element-15c6788 elementor-widget elementor-widget-image\" data-id=\"15c6788\" data-element_type=\"widget\" data-e-type=\"widget\" data-widget_type=\"image.default\">\n\t\t\t\t<div class=\"elementor-widget-container\">\n\t\t\t\t\t\t\t\t\t\t\t\t\t\t\t<img decoding=\"async\" src=\"https:\/\/verbumdei.org\/paula\/wp-content\/uploads\/elementor\/thumbs\/porcelain-gbff8140c3_640-e1687760373190-q8ios75wn4vns3qfeufmntzvjhjazugpjs64km79y0.jpg\" title=\"porcelain-gbff8140c3_640\" alt=\"porcelain-gbff8140c3_640\" loading=\"lazy\" \/>\t\t\t\t\t\t\t\t\t\t\t\t\t\t\t<\/div>\n\t\t\t\t<\/div>\n\t\t\t\t\t<\/div>\n\t\t<\/div>\n\t\t\t\t<div class=\"elementor-column elementor-col-33 elementor-top-column elementor-element elementor-element-4088aa3\" data-id=\"4088aa3\" data-element_type=\"column\" data-e-type=\"column\">\n\t\t\t<div class=\"elementor-widget-wrap elementor-element-populated\">\n\t\t\t\t\t\t<div class=\"elementor-element elementor-element-48913b3 elementor-widget__width-initial elementor-widget elementor-widget-image\" data-id=\"48913b3\" data-element_type=\"widget\" data-e-type=\"widget\" data-widget_type=\"image.default\">\n\t\t\t\t<div class=\"elementor-widget-container\">\n\t\t\t\t\t\t\t\t\t\t\t\t\t\t\t<img decoding=\"async\" src=\"https:\/\/verbumdei.org\/paula\/wp-content\/uploads\/elementor\/thumbs\/pexels-cosmin-paduraru-340981-scaled-e1688131377691-q8q5v4kgl1y22pwf2n3c7gcoqiuxsvcgg13d4yxea6.jpg\" title=\"pexels-cosmin-paduraru-340981\" alt=\"pexels-cosmin-paduraru-340981\" loading=\"lazy\" \/>\t\t\t\t\t\t\t\t\t\t\t\t\t\t\t<\/div>\n\t\t\t\t<\/div>\n\t\t\t\t\t<\/div>\n\t\t<\/div>\n\t\t\t\t\t<\/div>\n\t\t<\/section>\n\t\t\t\t<\/div>\n\t\t","protected":false},"excerpt":{"rendered":"<p>Quien soy Hola, soy Paula y mi mayor deseo es ayudar a que las personas se conozcan a s\u00ed mismas bajo la mirada amorosa de Dios. Creo que la felicidad se teje con los hilos de la amistad y de la trascendencia. Me dedico, por ello, a conocer a Dios, a trav\u00e9s de su Palabra, [&hellip;]<\/p>\n","protected":false},"author":6,"featured_media":0,"parent":0,"menu_order":0,"comment_status":"closed","ping_status":"closed","template":"","meta":{"footnotes":""},"class_list":["post-100","page","type-page","status-publish","hentry"],"yoast_head":"<!-- This site is optimized with the Yoast SEO Premium plugin v22.5 (Yoast SEO v27.5) - https:\/\/yoast.com\/product\/yoast-seo-premium-wordpress\/ -->\n<title>Paula Jord\u00e3o - Inicio %<\/title>\n<meta name=\"description\" content=\"Soy Paula y mi mayor deseo es ayudar a que las personas se conozcan a s\u00ed mismas bajo la mirada amorosa de Dios. Creo que la felicidad se teje con los hilos de la amistad y de la trascendencia. Me dedico, por ello, a conocer a Dios, a trav\u00e9s de su Palabra, a vivirla con aquellos que me rodean y a anunciarla con mis palabras, gestos y tambien con la m\u00fasica.\" \/>\n<meta name=\"robots\" content=\"index, follow, max-snippet:-1, max-image-preview:large, max-video-preview:-1\" \/>\n<link rel=\"canonical\" href=\"https:\/\/verbumdei.org\/paula\/\" \/>\n<meta property=\"og:locale\" content=\"es_MX\" \/>\n<meta property=\"og:type\" content=\"article\" \/>\n<meta property=\"og:title\" content=\"Inicio\" \/>\n<meta property=\"og:description\" content=\"Soy Paula y mi mayor deseo es ayudar a que las personas se conozcan a s\u00ed mismas bajo la mirada amorosa de Dios. Creo que la felicidad se teje con los hilos de la amistad y de la trascendencia. Me dedico, por ello, a conocer a Dios, a trav\u00e9s de su Palabra, a vivirla con aquellos que me rodean y a anunciarla con mis palabras, gestos y tambien con la m\u00fasica.\" \/>\n<meta property=\"og:url\" content=\"https:\/\/verbumdei.org\/paula\/\" \/>\n<meta property=\"og:site_name\" content=\"Paula Jord\u00e3o\" \/>\n<meta property=\"article:modified_time\" content=\"2023-07-06T07:21:55+00:00\" \/>\n<meta property=\"og:image\" content=\"https:\/\/verbumdei.org\/paula\/wp-content\/uploads\/2023\/06\/Dandelion.png\" \/>\n<meta name=\"twitter:card\" content=\"summary_large_image\" \/>\n<meta name=\"twitter:label1\" content=\"Tiempo de lectura\" \/>\n\t<meta name=\"twitter:data1\" content=\"5 minutos\" \/>\n<script type=\"application\/ld+json\" class=\"yoast-schema-graph\">{\"@context\":\"https:\\\/\\\/schema.org\",\"@graph\":[{\"@type\":\"WebPage\",\"@id\":\"https:\\\/\\\/verbumdei.org\\\/paula\\\/\",\"url\":\"https:\\\/\\\/verbumdei.org\\\/paula\\\/\",\"name\":\"Paula Jord\u00e3o - Inicio %\",\"isPartOf\":{\"@id\":\"https:\\\/\\\/verbumdei.org\\\/paula\\\/#website\"},\"primaryImageOfPage\":{\"@id\":\"https:\\\/\\\/verbumdei.org\\\/paula\\\/#primaryimage\"},\"image\":{\"@id\":\"https:\\\/\\\/verbumdei.org\\\/paula\\\/#primaryimage\"},\"thumbnailUrl\":\"https:\\\/\\\/verbumdei.org\\\/paula\\\/wp-content\\\/uploads\\\/2023\\\/06\\\/Dandelion.png\",\"datePublished\":\"2022-09-05T20:30:52+00:00\",\"dateModified\":\"2023-07-06T07:21:55+00:00\",\"description\":\"Soy Paula y mi mayor deseo es ayudar a que las personas se conozcan a s\u00ed mismas bajo la mirada amorosa de Dios. Creo que la felicidad se teje con los hilos de la amistad y de la trascendencia. Me dedico, por ello, a conocer a Dios, a trav\u00e9s de su Palabra, a vivirla con aquellos que me rodean y a anunciarla con mis palabras, gestos y tambien con la m\u00fasica.\",\"breadcrumb\":{\"@id\":\"https:\\\/\\\/verbumdei.org\\\/paula\\\/#breadcrumb\"},\"inLanguage\":\"es\",\"potentialAction\":[{\"@type\":\"ReadAction\",\"target\":[\"https:\\\/\\\/verbumdei.org\\\/paula\\\/\"]}]},{\"@type\":\"ImageObject\",\"inLanguage\":\"es\",\"@id\":\"https:\\\/\\\/verbumdei.org\\\/paula\\\/#primaryimage\",\"url\":\"https:\\\/\\\/verbumdei.org\\\/paula\\\/wp-content\\\/uploads\\\/2023\\\/06\\\/Dandelion.png\",\"contentUrl\":\"https:\\\/\\\/verbumdei.org\\\/paula\\\/wp-content\\\/uploads\\\/2023\\\/06\\\/Dandelion.png\",\"width\":1266,\"height\":407},{\"@type\":\"BreadcrumbList\",\"@id\":\"https:\\\/\\\/verbumdei.org\\\/paula\\\/#breadcrumb\",\"itemListElement\":[{\"@type\":\"ListItem\",\"position\":1,\"name\":\"Portada\",\"item\":\"https:\\\/\\\/verbumdei.org\\\/paula\\\/\"},{\"@type\":\"ListItem\",\"position\":2,\"name\":\"Inicio\"}]},{\"@type\":\"WebSite\",\"@id\":\"https:\\\/\\\/verbumdei.org\\\/paula\\\/#website\",\"url\":\"https:\\\/\\\/verbumdei.org\\\/paula\\\/\",\"name\":\"Paula Jord\u00e3o\",\"description\":\"Paula Noronha Jord\u00e3o\",\"publisher\":{\"@id\":\"https:\\\/\\\/verbumdei.org\\\/paula\\\/#organization\"},\"potentialAction\":[{\"@type\":\"SearchAction\",\"target\":{\"@type\":\"EntryPoint\",\"urlTemplate\":\"https:\\\/\\\/verbumdei.org\\\/paula\\\/?s={search_term_string}\"},\"query-input\":{\"@type\":\"PropertyValueSpecification\",\"valueRequired\":true,\"valueName\":\"search_term_string\"}}],\"inLanguage\":\"es\"},{\"@type\":\"Organization\",\"@id\":\"https:\\\/\\\/verbumdei.org\\\/paula\\\/#organization\",\"name\":\"Paula Jord\u00e3o\",\"url\":\"https:\\\/\\\/verbumdei.org\\\/paula\\\/\",\"logo\":{\"@type\":\"ImageObject\",\"inLanguage\":\"es\",\"@id\":\"https:\\\/\\\/verbumdei.org\\\/paula\\\/#\\\/schema\\\/logo\\\/image\\\/\",\"url\":\"https:\\\/\\\/verbumdei.org\\\/paula\\\/wp-content\\\/uploads\\\/2023\\\/06\\\/Presentation1-e1687525506149.jpg\",\"contentUrl\":\"https:\\\/\\\/verbumdei.org\\\/paula\\\/wp-content\\\/uploads\\\/2023\\\/06\\\/Presentation1-e1687525506149.jpg\",\"width\":534,\"height\":339,\"caption\":\"Paula Jord\u00e3o\"},\"image\":{\"@id\":\"https:\\\/\\\/verbumdei.org\\\/paula\\\/#\\\/schema\\\/logo\\\/image\\\/\"}}]}<\/script>\n<!-- \/ Yoast SEO Premium plugin. -->","yoast_head_json":{"title":"Paula Jord\u00e3o - Inicio %","description":"Soy Paula y mi mayor deseo es ayudar a que las personas se conozcan a s\u00ed mismas bajo la mirada amorosa de Dios. Creo que la felicidad se teje con los hilos de la amistad y de la trascendencia. Me dedico, por ello, a conocer a Dios, a trav\u00e9s de su Palabra, a vivirla con aquellos que me rodean y a anunciarla con mis palabras, gestos y tambien con la m\u00fasica.","robots":{"index":"index","follow":"follow","max-snippet":"max-snippet:-1","max-image-preview":"max-image-preview:large","max-video-preview":"max-video-preview:-1"},"canonical":"https:\/\/verbumdei.org\/paula\/","og_locale":"es_MX","og_type":"article","og_title":"Inicio","og_description":"Soy Paula y mi mayor deseo es ayudar a que las personas se conozcan a s\u00ed mismas bajo la mirada amorosa de Dios. Creo que la felicidad se teje con los hilos de la amistad y de la trascendencia. Me dedico, por ello, a conocer a Dios, a trav\u00e9s de su Palabra, a vivirla con aquellos que me rodean y a anunciarla con mis palabras, gestos y tambien con la m\u00fasica.","og_url":"https:\/\/verbumdei.org\/paula\/","og_site_name":"Paula Jord\u00e3o","article_modified_time":"2023-07-06T07:21:55+00:00","og_image":[{"url":"https:\/\/verbumdei.org\/paula\/wp-content\/uploads\/2023\/06\/Dandelion.png","type":"","width":"","height":""}],"twitter_card":"summary_large_image","twitter_misc":{"Tiempo de lectura":"5 minutos"},"schema":{"@context":"https:\/\/schema.org","@graph":[{"@type":"WebPage","@id":"https:\/\/verbumdei.org\/paula\/","url":"https:\/\/verbumdei.org\/paula\/","name":"Paula Jord\u00e3o - Inicio %","isPartOf":{"@id":"https:\/\/verbumdei.org\/paula\/#website"},"primaryImageOfPage":{"@id":"https:\/\/verbumdei.org\/paula\/#primaryimage"},"image":{"@id":"https:\/\/verbumdei.org\/paula\/#primaryimage"},"thumbnailUrl":"https:\/\/verbumdei.org\/paula\/wp-content\/uploads\/2023\/06\/Dandelion.png","datePublished":"2022-09-05T20:30:52+00:00","dateModified":"2023-07-06T07:21:55+00:00","description":"Soy Paula y mi mayor deseo es ayudar a que las personas se conozcan a s\u00ed mismas bajo la mirada amorosa de Dios. Creo que la felicidad se teje con los hilos de la amistad y de la trascendencia. Me dedico, por ello, a conocer a Dios, a trav\u00e9s de su Palabra, a vivirla con aquellos que me rodean y a anunciarla con mis palabras, gestos y tambien con la m\u00fasica.","breadcrumb":{"@id":"https:\/\/verbumdei.org\/paula\/#breadcrumb"},"inLanguage":"es","potentialAction":[{"@type":"ReadAction","target":["https:\/\/verbumdei.org\/paula\/"]}]},{"@type":"ImageObject","inLanguage":"es","@id":"https:\/\/verbumdei.org\/paula\/#primaryimage","url":"https:\/\/verbumdei.org\/paula\/wp-content\/uploads\/2023\/06\/Dandelion.png","contentUrl":"https:\/\/verbumdei.org\/paula\/wp-content\/uploads\/2023\/06\/Dandelion.png","width":1266,"height":407},{"@type":"BreadcrumbList","@id":"https:\/\/verbumdei.org\/paula\/#breadcrumb","itemListElement":[{"@type":"ListItem","position":1,"name":"Portada","item":"https:\/\/verbumdei.org\/paula\/"},{"@type":"ListItem","position":2,"name":"Inicio"}]},{"@type":"WebSite","@id":"https:\/\/verbumdei.org\/paula\/#website","url":"https:\/\/verbumdei.org\/paula\/","name":"Paula Jord\u00e3o","description":"Paula Noronha Jord\u00e3o","publisher":{"@id":"https:\/\/verbumdei.org\/paula\/#organization"},"potentialAction":[{"@type":"SearchAction","target":{"@type":"EntryPoint","urlTemplate":"https:\/\/verbumdei.org\/paula\/?s={search_term_string}"},"query-input":{"@type":"PropertyValueSpecification","valueRequired":true,"valueName":"search_term_string"}}],"inLanguage":"es"},{"@type":"Organization","@id":"https:\/\/verbumdei.org\/paula\/#organization","name":"Paula Jord\u00e3o","url":"https:\/\/verbumdei.org\/paula\/","logo":{"@type":"ImageObject","inLanguage":"es","@id":"https:\/\/verbumdei.org\/paula\/#\/schema\/logo\/image\/","url":"https:\/\/verbumdei.org\/paula\/wp-content\/uploads\/2023\/06\/Presentation1-e1687525506149.jpg","contentUrl":"https:\/\/verbumdei.org\/paula\/wp-content\/uploads\/2023\/06\/Presentation1-e1687525506149.jpg","width":534,"height":339,"caption":"Paula Jord\u00e3o"},"image":{"@id":"https:\/\/verbumdei.org\/paula\/#\/schema\/logo\/image\/"}}]}},"_links":{"self":[{"href":"https:\/\/verbumdei.org\/paula\/wp-json\/wp\/v2\/pages\/100","targetHints":{"allow":["GET"]}}],"collection":[{"href":"https:\/\/verbumdei.org\/paula\/wp-json\/wp\/v2\/pages"}],"about":[{"href":"https:\/\/verbumdei.org\/paula\/wp-json\/wp\/v2\/types\/page"}],"author":[{"embeddable":true,"href":"https:\/\/verbumdei.org\/paula\/wp-json\/wp\/v2\/users\/6"}],"replies":[{"embeddable":true,"href":"https:\/\/verbumdei.org\/paula\/wp-json\/wp\/v2\/comments?post=100"}],"version-history":[{"count":315,"href":"https:\/\/verbumdei.org\/paula\/wp-json\/wp\/v2\/pages\/100\/revisions"}],"predecessor-version":[{"id":3366,"href":"https:\/\/verbumdei.org\/paula\/wp-json\/wp\/v2\/pages\/100\/revisions\/3366"}],"wp:attachment":[{"href":"https:\/\/verbumdei.org\/paula\/wp-json\/wp\/v2\/media?parent=100"}],"curies":[{"name":"wp","href":"https:\/\/api.w.org\/{rel}","templated":true}]}}